{"id":10160,"date":"2022-03-03T13:07:32","date_gmt":"2022-03-03T13:07:32","guid":{"rendered":"https:\/\/www.vision-clinic.es\/cirurgia-refractiva-amb-lent-intraocular\/"},"modified":"2026-03-16T13:34:36","modified_gmt":"2026-03-16T13:34:36","slug":"cirurgia-refractiva-amb-lent-intraocular","status":"publish","type":"page","link":"https:\/\/www.vision-clinic.es\/ca\/cirurgia-refractiva-amb-lent-intraocular\/","title":{"rendered":"Cirurgia refractiva amb lent intraocular"},"content":{"rendered":"\t\t<div data-elementor-type=\"wp-page\" data-elementor-id=\"10160\" class=\"elementor elementor-10160 elementor-840\" data-elementor-post-type=\"page\">\n\t\t\t\t\t\t<section class=\"elementor-section elementor-top-section elementor-element elementor-element-ba43563 elementor-section-height-min-height elementor-section-stretched slider-principal animated-fast elementor-section-boxed elementor-section-height-default elementor-section-items-middle elementor-invisible\" data-id=\"ba43563\" data-element_type=\"section\" data-e-type=\"section\" data-settings=\"{&quot;stretch_section&quot;:&quot;section-stretched&quot;,&quot;background_background&quot;:&quot;classic&quot;,&quot;animation&quot;:&quot;fadeIn&quot;}\">\n\t\t\t\t\t\t\t<div class=\"elementor-background-overlay\"><\/div>\n\t\t\t\t\t\t\t<div class=\"elementor-container elementor-column-gap-default\">\n\t\t\t\t\t<div class=\"elementor-column elementor-col-100 elementor-top-column elementor-element elementor-element-22442fc\" data-id=\"22442fc\" data-element_type=\"column\" data-e-type=\"column\">\n\t\t\t<div class=\"elementor-widget-wrap elementor-element-populated\">\n\t\t\t\t\t\t<div class=\"elementor-element elementor-element-69eb0de title-blanco elementor-widget elementor-widget-text-editor\" data-id=\"69eb0de\" data-element_type=\"widget\" data-e-type=\"widget\" data-widget_type=\"text-editor.default\">\n\t\t\t\t<div class=\"elementor-widget-container\">\n\t\t\t\t\t\t\t\t\t<p>EL VAL\u00d5R DE <strong>VEURE-HI B\u00c9<\/strong><\/p>\t\t\t\t\t\t\t\t<\/div>\n\t\t\t\t<\/div>\n\t\t\t\t<div class=\"elementor-element elementor-element-8c7c4b8 elementor-widget elementor-widget-heading\" data-id=\"8c7c4b8\" data-element_type=\"widget\" data-e-type=\"widget\" data-widget_type=\"heading.default\">\n\t\t\t\t<div class=\"elementor-widget-container\">\n\t\t\t\t\t<h1 class=\"elementor-heading-title elementor-size-default\">CIRURGIA REFRACTIVA AMB LENTS INTRAOCULARS<\/h1>\t\t\t\t<\/div>\n\t\t\t\t<\/div>\n\t\t\t\t<div class=\"elementor-element elementor-element-bfd9a8b elementor-widget__width-initial elementor-widget-tablet__width-initial elementor-widget-mobile__width-initial elementor-widget elementor-widget-text-editor\" data-id=\"bfd9a8b\" data-element_type=\"widget\" data-e-type=\"widget\" data-widget_type=\"text-editor.default\">\n\t\t\t\t<div class=\"elementor-widget-container\">\n\t\t\t\t\t\t\t\t\t<p>En alguns pacients el risc\/benefici de corregir un defecte refractiu amb <a href=\"https:\/\/www.vision-clinic.es\/ca\/cirurgia-refractiva-amb-laser\/\"><span style=\"color: #e04403;\"><u>cirurgia refractiva amb l\u00e0ser<\/u><\/span><\/a> \u00e9s massa alt, b\u00e9 per la magnitud del defecte (nombre de di\u00f2ptries), b\u00e9 per la pres\u00e8ncia d&#8217;una irregularitat o gruix fi de la c\u00f2rnia. En aquests casos, cal corregir el defecte refractiu (<b>miopia<\/b>, <b>astigmatisme<\/b>,<b> hipermetropia<\/b>) mitjan\u00e7ant l&#8217;implant d&#8217;una lent intraocular.<\/p>\t\t\t\t\t\t\t\t<\/div>\n\t\t\t\t<\/div>\n\t\t\t\t<div class=\"elementor-element elementor-element-316e6e0 elementor-hidden-desktop elementor-widget elementor-widget-image\" data-id=\"316e6e0\" data-element_type=\"widget\" data-e-type=\"widget\" data-widget_type=\"image.default\">\n\t\t\t\t<div class=\"elementor-widget-container\">\n\t\t\t\t\t\t\t\t\t\t\t\t\t\t\t<img fetchpriority=\"high\" decoding=\"async\" width=\"936\" height=\"1032\" src=\"https:\/\/www.vision-clinic.es\/wp-content\/uploads\/2021\/10\/6.png\" class=\"attachment-full size-full wp-image-9700\" alt=\"\" srcset=\"https:\/\/www.vision-clinic.es\/wp-content\/uploads\/2021\/10\/6.png 936w, https:\/\/www.vision-clinic.es\/wp-content\/uploads\/2021\/10\/6-272x300.png 272w, https:\/\/www.vision-clinic.es\/wp-content\/uploads\/2021\/10\/6-929x1024.png 929w, https:\/\/www.vision-clinic.es\/wp-content\/uploads\/2021\/10\/6-768x847.png 768w\" sizes=\"(max-width: 936px) 100vw, 936px\" style=\"width:100%;height:110.26%;max-width:936px\" \/>\t\t\t\t\t\t\t\t\t\t\t\t\t\t\t<\/div>\n\t\t\t\t<\/div>\n\t\t\t\t<section class=\"elementor-section elementor-inner-section elementor-element elementor-element-3669fd7 elementor-section-content-bottom elementor-section-boxed elementor-section-height-default elementor-section-height-default\" data-id=\"3669fd7\" data-element_type=\"section\" data-e-type=\"section\" data-settings=\"{&quot;background_background&quot;:&quot;classic&quot;}\">\n\t\t\t\t\t\t<div class=\"elementor-container elementor-column-gap-default\">\n\t\t\t\t\t<div class=\"elementor-column elementor-col-33 elementor-inner-column elementor-element elementor-element-c85ff99\" data-id=\"c85ff99\" data-element_type=\"column\" data-e-type=\"column\" data-settings=\"{&quot;background_background&quot;:&quot;classic&quot;}\">\n\t\t\t<div class=\"elementor-widget-wrap elementor-element-populated\">\n\t\t\t\t\t\t<div class=\"elementor-element elementor-element-b9fae08 elementor-widget-tablet__width-initial elementor-widget elementor-widget-text-editor\" data-id=\"b9fae08\" data-element_type=\"widget\" data-e-type=\"widget\" data-widget_type=\"text-editor.default\">\n\t\t\t\t<div class=\"elementor-widget-container\">\n\t\t\t\t\t\t\t\t\t<p>Truca&#8217;ns o, si ho prefereixes, et truquem<\/p><h4><a href=\"tel:+34%20646490981\"><u>+34 646 490 981<\/u><\/a><\/h4>\t\t\t\t\t\t\t\t<\/div>\n\t\t\t\t<\/div>\n\t\t\t\t<div class=\"elementor-element elementor-element-5bff5c2 elementor-button-align-start elementor-widget elementor-widget-global elementor-global-1962 elementor-widget-form\" data-id=\"5bff5c2\" data-element_type=\"widget\" data-e-type=\"widget\" data-settings=\"{&quot;step_next_label&quot;:&quot;Next&quot;,&quot;step_previous_label&quot;:&quot;Previous&quot;,&quot;button_width&quot;:&quot;100&quot;,&quot;step_type&quot;:&quot;number_text&quot;,&quot;step_icon_shape&quot;:&quot;circle&quot;}\" data-widget_type=\"form.default\">\n\t\t\t\t<div class=\"elementor-widget-container\">\n\t\t\t\t\t\t\t<form class=\"elementor-form\" method=\"post\" name=\"Contacto slider\" aria-label=\"Contacto slider\">\n\t\t\t<input type=\"hidden\" name=\"post_id\" value=\"10160\"\/>\n\t\t\t<input type=\"hidden\" name=\"form_id\" value=\"5bff5c2\"\/>\n\t\t\t<input type=\"hidden\" name=\"referer_title\" value=\"visi\u00f5ncl\u00ednic\" \/>\n\n\t\t\t\n\t\t\t<div class=\"elementor-form-fields-wrapper elementor-labels-\">\n\t\t\t\t\t\t\t\t<div class=\"elementor-field-type-text elementor-field-group elementor-column elementor-field-group-name elementor-col-100\">\n\t\t\t\t\t\t\t\t\t\t\t\t<label for=\"form-field-name\" class=\"elementor-field-label elementor-screen-only\">\n\t\t\t\t\t\t\t\tNombre\t\t\t\t\t\t\t<\/label>\n\t\t\t\t\t\t\t\t\t\t\t\t\t\t<input size=\"1\" type=\"text\" name=\"form_fields[name]\" id=\"form-field-name\" class=\"elementor-field elementor-size-sm  elementor-field-textual\" placeholder=\"Nombre y apellidos\">\n\t\t\t\t\t\t\t\t\t\t\t<\/div>\n\t\t\t\t\t\t\t\t<div class=\"elementor-field-type-email elementor-field-group elementor-column elementor-field-group-email elementor-col-100 elementor-field-required\">\n\t\t\t\t\t\t\t\t\t\t\t\t<label for=\"form-field-email\" class=\"elementor-field-label elementor-screen-only\">\n\t\t\t\t\t\t\t\tEmail\t\t\t\t\t\t\t<\/label>\n\t\t\t\t\t\t\t\t\t\t\t\t\t\t<input size=\"1\" type=\"email\" name=\"form_fields[email]\" id=\"form-field-email\" class=\"elementor-field elementor-size-sm  elementor-field-textual\" placeholder=\"Email\" required=\"required\">\n\t\t\t\t\t\t\t\t\t\t\t<\/div>\n\t\t\t\t\t\t\t\t<div class=\"elementor-field-type-number elementor-field-group elementor-column elementor-field-group-message elementor-col-100 elementor-field-required\">\n\t\t\t\t\t\t\t\t\t\t\t\t<label for=\"form-field-message\" class=\"elementor-field-label elementor-screen-only\">\n\t\t\t\t\t\t\t\tTelefono\t\t\t\t\t\t\t<\/label>\n\t\t\t\t\t\t\t\t\t<input type=\"number\" name=\"form_fields[message]\" id=\"form-field-message\" class=\"elementor-field elementor-size-sm  elementor-field-textual\" placeholder=\"Telefono\" required=\"required\" min=\"\" max=\"\" >\n\t\t\t\t\t\t<\/div>\n\t\t\t\t\t\t\t\t<div class=\"elementor-field-type-acceptance elementor-field-group elementor-column elementor-field-group-field_e6c25fe elementor-col-100 elementor-field-required\">\n\t\t\t\t\t\t\t\t\t\t\t\t<label for=\"form-field-field_e6c25fe\" class=\"elementor-field-label elementor-screen-only\">\n\t\t\t\t\t\t\t\tprivacidad\t\t\t\t\t\t\t<\/label>\n\t\t\t\t\t\t\t\t<div class=\"elementor-field-subgroup\">\n\t\t\t<span class=\"elementor-field-option\">\n\t\t\t\t<input type=\"checkbox\" name=\"form_fields[field_e6c25fe]\" id=\"form-field-field_e6c25fe\" class=\"elementor-field elementor-size-sm  elementor-acceptance-field\" required=\"required\">\n\t\t\t\t<label for=\"form-field-field_e6c25fe\">He le\u00eddo y acepto la <a>pol\u00edtica de privacidad<\/a><\/label>\t\t\t<\/span>\n\t\t<\/div>\n\t\t\t\t\t\t<\/div>\n\t\t\t\t\t\t\t\t<div class=\"elementor-field-type-acceptance elementor-field-group elementor-column elementor-field-group-field_922368d elementor-col-100\">\n\t\t\t\t\t\t\t\t\t\t\t\t<label for=\"form-field-field_922368d\" class=\"elementor-field-label elementor-screen-only\">\n\t\t\t\t\t\t\t\tinformacion\t\t\t\t\t\t\t<\/label>\n\t\t\t\t\t\t\t\t<div class=\"elementor-field-subgroup\">\n\t\t\t<span class=\"elementor-field-option\">\n\t\t\t\t<input type=\"checkbox\" name=\"form_fields[field_922368d]\" id=\"form-field-field_922368d\" class=\"elementor-field elementor-size-sm  elementor-acceptance-field\">\n\t\t\t\t<label for=\"form-field-field_922368d\">Acepto recibir informaci\u00f3n comercial<\/label>\t\t\t<\/span>\n\t\t<\/div>\n\t\t\t\t\t\t<\/div>\n\t\t\t\t\t\t\t\t<div class=\"elementor-field-type-recaptcha_v3 elementor-field-group elementor-column elementor-field-group-field_28f191e elementor-col-100 recaptcha_v3-bottomright\">\n\t\t\t\t\t<div class=\"elementor-field\" id=\"form-field-field_28f191e\"><div class=\"elementor-g-recaptcha\" data-sitekey=\"6LdzIsseAAAAAKaU8MLCXXlMKvK7Z4QWFz9Pjfja\" data-type=\"v3\" data-action=\"Form\" data-badge=\"bottomright\" data-size=\"invisible\"><\/div><\/div>\t\t\t\t<\/div>\n\t\t\t\t\t\t\t\t<div class=\"elementor-field-group elementor-column elementor-field-type-submit elementor-col-100 e-form__buttons\">\n\t\t\t\t\t<button class=\"elementor-button elementor-size-sm\" type=\"submit\">\n\t\t\t\t\t\t<span class=\"elementor-button-content-wrapper\">\n\t\t\t\t\t\t\t\t\t\t\t\t\t\t\t\t\t\t\t\t\t\t<span class=\"elementor-button-text\">PEDIR CITA<\/span>\n\t\t\t\t\t\t\t\t\t\t\t\t\t<\/span>\n\t\t\t\t\t<\/button>\n\t\t\t\t<\/div>\n\t\t\t<\/div>\n\t\t<\/form>\n\t\t\t\t\t\t<\/div>\n\t\t\t\t<\/div>\n\t\t\t\t\t<\/div>\n\t\t<\/div>\n\t\t\t\t<div class=\"elementor-column elementor-col-33 elementor-inner-column elementor-element elementor-element-50cb829\" data-id=\"50cb829\" data-element_type=\"column\" data-e-type=\"column\">\n\t\t\t<div class=\"elementor-widget-wrap elementor-element-populated\">\n\t\t\t\t\t\t<div class=\"elementor-element elementor-element-6e2e187 elementor-widget__width-initial elementor-widget elementor-widget-image\" data-id=\"6e2e187\" data-element_type=\"widget\" data-e-type=\"widget\" data-widget_type=\"image.default\">\n\t\t\t\t<div class=\"elementor-widget-container\">\n\t\t\t\t\t\t\t\t\t\t\t\t\t\t\t\t<a href=\"#01\">\n\t\t\t\t\t\t\t<img decoding=\"async\" width=\"42\" height=\"42\" src=\"https:\/\/www.vision-clinic.es\/wp-content\/uploads\/2021\/12\/Group-77-1.svg\" class=\"attachment-full size-full wp-image-9815\" alt=\"\" style=\"width:100%;height:100%;max-width:42px\" \/>\t\t\t\t\t\t\t\t<\/a>\n\t\t\t\t\t\t\t\t\t\t\t\t\t\t\t<\/div>\n\t\t\t\t<\/div>\n\t\t\t\t<div class=\"elementor-element elementor-element-525b12d elementor-widget__width-initial elementor-widget elementor-widget-image\" data-id=\"525b12d\" data-element_type=\"widget\" data-e-type=\"widget\" data-widget_type=\"image.default\">\n\t\t\t\t<div class=\"elementor-widget-container\">\n\t\t\t\t\t\t\t\t\t\t\t\t\t\t\t\t<a href=\"#02\">\n\t\t\t\t\t\t\t<img decoding=\"async\" width=\"42\" height=\"42\" src=\"https:\/\/www.vision-clinic.es\/wp-content\/uploads\/2021\/12\/Group-85-1.svg\" class=\"attachment-full size-full wp-image-9816\" alt=\"\" style=\"width:100%;height:100%;max-width:42px\" \/>\t\t\t\t\t\t\t\t<\/a>\n\t\t\t\t\t\t\t\t\t\t\t\t\t\t\t<\/div>\n\t\t\t\t<\/div>\n\t\t\t\t<div class=\"elementor-element elementor-element-41d080f elementor-widget__width-initial elementor-widget elementor-widget-image\" data-id=\"41d080f\" data-element_type=\"widget\" data-e-type=\"widget\" data-widget_type=\"image.default\">\n\t\t\t\t<div class=\"elementor-widget-container\">\n\t\t\t\t\t\t\t\t\t\t\t\t\t\t\t\t<a href=\"#03\">\n\t\t\t\t\t\t\t<img loading=\"lazy\" decoding=\"async\" width=\"42\" height=\"42\" src=\"https:\/\/www.vision-clinic.es\/wp-content\/uploads\/2021\/12\/Group-84.svg\" class=\"attachment-full size-full wp-image-9802\" alt=\"\" style=\"width:100%;height:100%;max-width:42px\" \/>\t\t\t\t\t\t\t\t<\/a>\n\t\t\t\t\t\t\t\t\t\t\t\t\t\t\t<\/div>\n\t\t\t\t<\/div>\n\t\t\t\t<div class=\"elementor-element elementor-element-39927ff elementor-widget__width-initial elementor-widget elementor-widget-image\" data-id=\"39927ff\" data-element_type=\"widget\" data-e-type=\"widget\" data-widget_type=\"image.default\">\n\t\t\t\t<div class=\"elementor-widget-container\">\n\t\t\t\t\t\t\t\t\t\t\t\t\t\t\t\t<a href=\"#05\">\n\t\t\t\t\t\t\t<img loading=\"lazy\" decoding=\"async\" width=\"42\" height=\"42\" src=\"https:\/\/www.vision-clinic.es\/wp-content\/uploads\/2021\/12\/Group-87.svg\" class=\"attachment-full size-full wp-image-9805\" alt=\"\" style=\"width:100%;height:100%;max-width:42px\" \/>\t\t\t\t\t\t\t\t<\/a>\n\t\t\t\t\t\t\t\t\t\t\t\t\t\t\t<\/div>\n\t\t\t\t<\/div>\n\t\t\t\t<div class=\"elementor-element elementor-element-ab564a2 elementor-widget__width-initial elementor-widget elementor-widget-image\" data-id=\"ab564a2\" data-element_type=\"widget\" data-e-type=\"widget\" data-widget_type=\"image.default\">\n\t\t\t\t<div class=\"elementor-widget-container\">\n\t\t\t\t\t\t\t\t\t\t\t\t\t\t\t\t<a href=\"#06\">\n\t\t\t\t\t\t\t<img loading=\"lazy\" decoding=\"async\" width=\"42\" height=\"42\" src=\"https:\/\/www.vision-clinic.es\/wp-content\/uploads\/2021\/12\/Group-88.svg\" class=\"attachment-full size-full wp-image-9806\" alt=\"\" style=\"width:100%;height:100%;max-width:42px\" \/>\t\t\t\t\t\t\t\t<\/a>\n\t\t\t\t\t\t\t\t\t\t\t\t\t\t\t<\/div>\n\t\t\t\t<\/div>\n\t\t\t\t\t<\/div>\n\t\t<\/div>\n\t\t\t\t<div class=\"elementor-column elementor-col-33 elementor-inner-column elementor-element elementor-element-600b53b\" data-id=\"600b53b\" data-element_type=\"column\" data-e-type=\"column\">\n\t\t\t<div class=\"elementor-widget-wrap\">\n\t\t\t\t\t\t\t<\/div>\n\t\t<\/div>\n\t\t\t\t\t<\/div>\n\t\t<\/section>\n\t\t\t\t\t<\/div>\n\t\t<\/div>\n\t\t\t\t\t<\/div>\n\t\t<\/section>\n\t\t\t\t<section class=\"elementor-section elementor-top-section elementor-element elementor-element-d4ee570 elementor-section-stretched elementor-section-boxed elementor-section-height-default elementor-section-height-default\" data-id=\"d4ee570\" data-element_type=\"section\" data-e-type=\"section\" data-settings=\"{&quot;stretch_section&quot;:&quot;section-stretched&quot;,&quot;background_background&quot;:&quot;classic&quot;}\">\n\t\t\t\t\t\t<div class=\"elementor-container elementor-column-gap-default\">\n\t\t\t\t\t<div class=\"elementor-column elementor-col-100 elementor-top-column elementor-element elementor-element-e983d77\" data-id=\"e983d77\" data-element_type=\"column\" data-e-type=\"column\">\n\t\t\t<div class=\"elementor-widget-wrap elementor-element-populated\">\n\t\t\t\t\t\t<section class=\"elementor-section elementor-inner-section elementor-element elementor-element-0d239c6 elementor-section-boxed elementor-section-height-default elementor-section-height-default\" data-id=\"0d239c6\" data-element_type=\"section\" data-e-type=\"section\">\n\t\t\t\t\t\t<div class=\"elementor-container elementor-column-gap-default\">\n\t\t\t\t\t<div class=\"elementor-column elementor-col-50 elementor-inner-column elementor-element elementor-element-af2d349\" data-id=\"af2d349\" data-element_type=\"column\" data-e-type=\"column\">\n\t\t\t<div class=\"elementor-widget-wrap elementor-element-populated\">\n\t\t\t\t\t\t<div class=\"elementor-element elementor-element-da7712d elementor-widget elementor-widget-image\" data-id=\"da7712d\" data-element_type=\"widget\" data-e-type=\"widget\" data-widget_type=\"image.default\">\n\t\t\t\t<div class=\"elementor-widget-container\">\n\t\t\t\t\t\t\t\t\t\t\t\t\t\t\t\t<a href=\"https:\/\/www.barnaclinic.com\/ca\/quadre-medic\/390\/xavier\">\n\t\t\t\t\t\t\t<img loading=\"lazy\" decoding=\"async\" width=\"76\" height=\"55\" src=\"https:\/\/www.vision-clinic.es\/wp-content\/uploads\/2021\/12\/unnamed-file.png\" class=\"attachment-full size-full wp-image-9890\" alt=\"\" style=\"width:100%;height:72.37%;max-width:76px\" \/>\t\t\t\t\t\t\t\t<\/a>\n\t\t\t\t\t\t\t\t\t\t\t\t\t\t\t<\/div>\n\t\t\t\t<\/div>\n\t\t\t\t\t<\/div>\n\t\t<\/div>\n\t\t\t\t<div class=\"elementor-column elementor-col-50 elementor-inner-column elementor-element elementor-element-cf5a894\" data-id=\"cf5a894\" data-element_type=\"column\" data-e-type=\"column\">\n\t\t\t<div class=\"elementor-widget-wrap elementor-element-populated\">\n\t\t\t\t\t\t<div class=\"elementor-element elementor-element-cd6f0b8 elementor-widget elementor-widget-text-editor\" data-id=\"cd6f0b8\" data-element_type=\"widget\" data-e-type=\"widget\" data-widget_type=\"text-editor.default\">\n\t\t\t\t<div class=\"elementor-widget-container\">\n\t\t\t\t\t\t\t\t\t<strong><big>&#8220;A visi\u00f5ncl\u00ednic disposem de les eines m\u00e9s avan\u00e7ades, com el microscopi ARTEVO 800 de ZEISS\u00ae o el l\u00e0ser de femtosegunt VICTUS\u2122 de Bausch &amp; Lomb\u00ae. Podem implantar tot tipus de lents intraoculars i treballem amb les marques comercials m\u00e9s reconegudes&#8221;<\/big><\/strong>\t\t\t\t\t\t\t\t<\/div>\n\t\t\t\t<\/div>\n\t\t\t\t\t<\/div>\n\t\t<\/div>\n\t\t\t\t\t<\/div>\n\t\t<\/section>\n\t\t\t\t\t<\/div>\n\t\t<\/div>\n\t\t\t\t\t<\/div>\n\t\t<\/section>\n\t\t\t\t<section class=\"elementor-section elementor-top-section elementor-element elementor-element-8a1590d elementor-section-stretched elementor-section-boxed elementor-section-height-default elementor-section-height-default\" data-id=\"8a1590d\" data-element_type=\"section\" data-e-type=\"section\" data-settings=\"{&quot;stretch_section&quot;:&quot;section-stretched&quot;,&quot;background_background&quot;:&quot;classic&quot;}\">\n\t\t\t\t\t\t<div class=\"elementor-container elementor-column-gap-default\">\n\t\t\t\t\t<div class=\"elementor-column elementor-col-100 elementor-top-column elementor-element elementor-element-25c5460\" data-id=\"25c5460\" data-element_type=\"column\" data-e-type=\"column\">\n\t\t\t<div class=\"elementor-widget-wrap elementor-element-populated\">\n\t\t\t\t\t\t<div class=\"elementor-element elementor-element-8b44f64 elementor-cta--skin-cover elementor-animated-content elementor-bg-transform elementor-bg-transform-zoom-in elementor-widget elementor-widget-call-to-action\" data-id=\"8b44f64\" data-element_type=\"widget\" data-e-type=\"widget\" data-widget_type=\"call-to-action.default\">\n\t\t\t\t<div class=\"elementor-widget-container\">\n\t\t\t\t\t\t\t<div class=\"elementor-cta\">\n\t\t\t\t\t<div class=\"elementor-cta__bg-wrapper\">\n\t\t\t\t<div class=\"elementor-cta__bg elementor-bg\" style=\"background-image: url();\" role=\"img\" aria-label=\"\"><\/div>\n\t\t\t\t<div class=\"elementor-cta__bg-overlay\"><\/div>\n\t\t\t<\/div>\n\t\t\t\t\t\t\t<div class=\"elementor-cta__content\">\n\t\t\t\t\n\t\t\t\t\t\t\t\t\t<h2 class=\"elementor-cta__title elementor-cta__content-item elementor-content-item elementor-animated-item--grow\">\n\t\t\t\t\t\tOBRE ELS ULLS, TREU-TE LES ULLERES!\t\t\t\t\t<\/h2>\n\t\t\t\t\n\t\t\t\t\t\t\t\t\t<div class=\"elementor-cta__description elementor-cta__content-item elementor-content-item elementor-animated-item--grow\">\n\t\t\t\t\t\t<b><a href=\"https:\/\/www.vision-clinic.es\/ca\/cirurgia-refractiva-amb-laser\/\" style=\"color:white\"><u>CIRURGIA REFRACTIVA AMB L\u00c0SER<\/u><\/a><\/b><br>PER A MIOPIA, HIPERMETROPIA I ASTIGMATISME<br><b><big>Oferta de primavera<br><del style=\"color:black\">1.200\u20ac<\/del> 1.000\u20ac&nbsp;per cada ull<\/big><\/b>\t\t\t\t\t<\/div>\n\t\t\t\t\n\t\t\t\t\t\t\t<\/div>\n\t\t\t\t\t\t<\/div>\n\t\t\t\t\t\t<\/div>\n\t\t\t\t<\/div>\n\t\t\t\t<div class=\"elementor-element elementor-element-de4f82e elementor-align-center elementor-widget elementor-widget-button\" data-id=\"de4f82e\" data-element_type=\"widget\" data-e-type=\"widget\" data-widget_type=\"button.default\">\n\t\t\t\t<div class=\"elementor-widget-container\">\n\t\t\t\t\t\t\t\t\t<div class=\"elementor-button-wrapper\">\n\t\t\t\t\t<a class=\"elementor-button elementor-button-link elementor-size-sm\" href=\"#elementor-action%3Aaction%3Dpopup%3Aopen%26settings%3DeyJpZCI6MTAwMjQsInRvZ2dsZSI6ZmFsc2V9\">\n\t\t\t\t\t\t<span class=\"elementor-button-content-wrapper\">\n\t\t\t\t\t\t\t\t\t<span class=\"elementor-button-text\">DEMANA CITA<\/span>\n\t\t\t\t\t<\/span>\n\t\t\t\t\t<\/a>\n\t\t\t\t<\/div>\n\t\t\t\t\t\t\t\t<\/div>\n\t\t\t\t<\/div>\n\t\t\t\t\t<\/div>\n\t\t<\/div>\n\t\t\t\t\t<\/div>\n\t\t<\/section>\n\t\t\t\t<section class=\"elementor-section elementor-top-section elementor-element elementor-element-3916c7a2 elementor-section-stretched elementor-section-boxed elementor-section-height-default elementor-section-height-default\" data-id=\"3916c7a2\" data-element_type=\"section\" data-e-type=\"section\" id=\"01\" data-settings=\"{&quot;stretch_section&quot;:&quot;section-stretched&quot;}\">\n\t\t\t\t\t\t<div class=\"elementor-container elementor-column-gap-default\">\n\t\t\t\t\t<div class=\"elementor-column elementor-col-100 elementor-top-column elementor-element elementor-element-1aeb6ed9\" data-id=\"1aeb6ed9\" data-element_type=\"column\" data-e-type=\"column\">\n\t\t\t<div class=\"elementor-widget-wrap elementor-element-populated\">\n\t\t\t\t\t\t<section class=\"elementor-section elementor-inner-section elementor-element elementor-element-5d2c263f elementor-section-boxed elementor-section-height-default elementor-section-height-default\" data-id=\"5d2c263f\" data-element_type=\"section\" data-e-type=\"section\">\n\t\t\t\t\t\t<div class=\"elementor-container elementor-column-gap-default\">\n\t\t\t\t\t<div class=\"elementor-column elementor-col-100 elementor-inner-column elementor-element elementor-element-447c1ef9\" data-id=\"447c1ef9\" data-element_type=\"column\" data-e-type=\"column\">\n\t\t\t<div class=\"elementor-widget-wrap elementor-element-populated\">\n\t\t\t\t\t\t<div class=\"elementor-element elementor-element-69d2c5e4 elementor-absolute img-punt elementor-widget__width-initial elementor-widget elementor-widget-image\" data-id=\"69d2c5e4\" data-element_type=\"widget\" data-e-type=\"widget\" data-settings=\"{&quot;_position&quot;:&quot;absolute&quot;}\" data-widget_type=\"image.default\">\n\t\t\t\t<div class=\"elementor-widget-container\">\n\t\t\t\t\t\t\t\t\t\t\t\t\t\t\t<img loading=\"lazy\" decoding=\"async\" width=\"57\" height=\"57\" src=\"https:\/\/www.vision-clinic.es\/wp-content\/uploads\/2021\/12\/Group-136.svg\" class=\"attachment-full size-full wp-image-9817\" alt=\"\" style=\"width:100%;height:100%;max-width:57px\" \/>\t\t\t\t\t\t\t\t\t\t\t\t\t\t\t<\/div>\n\t\t\t\t<\/div>\n\t\t\t\t<div class=\"elementor-element elementor-element-4f0755d7 center-align elementor-widget__width-initial elementor-widget-mobile__width-initial elementor-widget elementor-widget-heading\" data-id=\"4f0755d7\" data-element_type=\"widget\" data-e-type=\"widget\" data-widget_type=\"heading.default\">\n\t\t\t\t<div class=\"elementor-widget-container\">\n\t\t\t\t\t<h2 class=\"elementor-heading-title elementor-size-default\">TIPUS DE <b>LENTS INTRAOCULARS<\/b><\/h2>\t\t\t\t<\/div>\n\t\t\t\t<\/div>\n\t\t\t\t\t<\/div>\n\t\t<\/div>\n\t\t\t\t\t<\/div>\n\t\t<\/section>\n\t\t\t\t<section class=\"elementor-section elementor-inner-section elementor-element elementor-element-25c84bb9 elementor-section-boxed elementor-section-height-default elementor-section-height-default\" data-id=\"25c84bb9\" data-element_type=\"section\" data-e-type=\"section\">\n\t\t\t\t\t\t<div class=\"elementor-container elementor-column-gap-default\">\n\t\t\t\t\t<div class=\"elementor-column elementor-col-50 elementor-inner-column elementor-element elementor-element-7345ae33\" data-id=\"7345ae33\" data-element_type=\"column\" data-e-type=\"column\">\n\t\t\t<div class=\"elementor-widget-wrap elementor-element-populated\">\n\t\t\t\t\t\t<div class=\"elementor-element elementor-element-02daaa7 elementor-widget elementor-widget-image\" data-id=\"02daaa7\" data-element_type=\"widget\" data-e-type=\"widget\" data-widget_type=\"image.default\">\n\t\t\t\t<div class=\"elementor-widget-container\">\n\t\t\t\t\t\t\t\t\t\t\t\t\t\t\t<img loading=\"lazy\" decoding=\"async\" width=\"446\" height=\"278\" src=\"https:\/\/www.vision-clinic.es\/wp-content\/uploads\/2021\/10\/image-17-1-1.png\" class=\"attachment-full size-full wp-image-9574\" alt=\"\" srcset=\"https:\/\/www.vision-clinic.es\/wp-content\/uploads\/2021\/10\/image-17-1-1.png 446w, https:\/\/www.vision-clinic.es\/wp-content\/uploads\/2021\/10\/image-17-1-1-300x187.png 300w\" sizes=\"(max-width: 446px) 100vw, 446px\" style=\"width:100%;height:62.33%;max-width:446px\" \/>\t\t\t\t\t\t\t\t\t\t\t\t\t\t\t<\/div>\n\t\t\t\t<\/div>\n\t\t\t\t<div class=\"elementor-element elementor-element-950c552 elementor-align-center elementor-widget elementor-widget-button\" data-id=\"950c552\" data-element_type=\"widget\" data-e-type=\"widget\" data-widget_type=\"button.default\">\n\t\t\t\t<div class=\"elementor-widget-container\">\n\t\t\t\t\t\t\t\t\t<div class=\"elementor-button-wrapper\">\n\t\t\t\t\t<a class=\"elementor-button elementor-button-link elementor-size-sm\" href=\"#elementor-action%3Aaction%3Dpopup%3Aopen%26settings%3DeyJpZCI6MTAwMjQsInRvZ2dsZSI6ZmFsc2V9\">\n\t\t\t\t\t\t<span class=\"elementor-button-content-wrapper\">\n\t\t\t\t\t\t\t\t\t<span class=\"elementor-button-text\">M'INTERESSA<\/span>\n\t\t\t\t\t<\/span>\n\t\t\t\t\t<\/a>\n\t\t\t\t<\/div>\n\t\t\t\t\t\t\t\t<\/div>\n\t\t\t\t<\/div>\n\t\t\t\t\t<\/div>\n\t\t<\/div>\n\t\t\t\t<div class=\"elementor-column elementor-col-50 elementor-inner-column elementor-element elementor-element-393bed0c\" data-id=\"393bed0c\" data-element_type=\"column\" data-e-type=\"column\">\n\t\t\t<div class=\"elementor-widget-wrap elementor-element-populated\">\n\t\t\t\t\t\t<div class=\"elementor-element elementor-element-46587564 elementor-widget elementor-widget-heading\" data-id=\"46587564\" data-element_type=\"widget\" data-e-type=\"widget\" data-widget_type=\"heading.default\">\n\t\t\t\t<div class=\"elementor-widget-container\">\n\t\t\t\t\t<h3 class=\"elementor-heading-title elementor-size-default\">LENT INTRAOCULAR <b>PSEUDOF\u00c0QUICA<\/b><\/h3>\t\t\t\t<\/div>\n\t\t\t\t<\/div>\n\t\t\t\t<div class=\"elementor-element elementor-element-360bbb55 elementor-widget elementor-widget-text-editor\" data-id=\"360bbb55\" data-element_type=\"widget\" data-e-type=\"widget\" id=\"pseudofaquica\" data-widget_type=\"text-editor.default\">\n\t\t\t\t<div class=\"elementor-widget-container\">\n\t\t\t\t\t\t\t\t\t<p>La <span style=\"font-weight: bold;\">cirurgia refractiva amb lent intraocular pseudof\u00e0quica<\/span> consisteix en extreure el cristal\u00b7l\u00ed mitjan\u00e7ant l&#8217;emulsificaci\u00f3 ultras\u00f2nica del cristal\u00b7l\u00ed (Facoemulsificaci\u00f3), que pot ser assistida amb<span style=\"font-weight: bold;\"><span style=\"color: #e04403;\"> <\/span><\/span><a href=\"https:\/\/www.barnaclinic.com\/blog\/blog\/cirugia-refractiva-con-laser\/\" target=\"_blank\" rel=\"noopener\"><u><b>l\u00e0ser de femtosegon<\/b><\/u><\/a>. Es completa el procediment <span style=\"font-weight: bold;\">implantant una lent intraocular<\/span> que pot ser de diferents tipus:<\/p><ul><li><span style=\"font-weight: bold;\">Lent intraocular monofocal<\/span>: corregeix el defecte refractiu esf\u00e8ric de visi\u00f3 llunyana o <b>miopia<\/b>.<\/li><li><span style=\"font-weight: bold;\">Lent intraocular monofocal t\u00f2rica<\/span>: corregeix defecte de lluny, incloent-hi l&#8217; <b>astigmatisme<\/b>.<\/li><li><span style=\"font-weight: bold;\">Lent intraocular trifocal<\/span>: corregeix el defecte refractiu de lluny i de prop (<span style=\"font-weight: bold;\">miopia<\/span> i <span style=\"font-weight: bold;\">hipermetropia<\/span>).<\/li><li><span style=\"font-weight: bold;\">Lent intraocular trifocal t\u00f2rica<\/span>: corregeix defectes tant de lluny com de prop (<span style=\"font-weight: bold;\">miopia<\/span> i <span style=\"font-weight: bold;\">hipermetropia<\/span>), incl\u00f2s <span style=\"font-weight: bold;\">astigmatisme<\/span>.<\/li><li><b>Lents de focus est\u00e8s<\/b> <span style=\"background-color: rgba(192, 41, 41, 0);\">(EDoF Extended Depth of Focus): corregeixen defectes de lluny millorant la visi\u00f3 interm\u00e8dia. Poden ser t\u00f2riques, si voleu corregir l&#8217;astigmatisme.<\/span><\/li><\/ul>\t\t\t\t\t\t\t\t<\/div>\n\t\t\t\t<\/div>\n\t\t\t\t\t<\/div>\n\t\t<\/div>\n\t\t\t\t\t<\/div>\n\t\t<\/section>\n\t\t\t\t<section class=\"elementor-section elementor-inner-section elementor-element elementor-element-84952b7 elementor-section-boxed elementor-section-height-default elementor-section-height-default\" data-id=\"84952b7\" data-element_type=\"section\" data-e-type=\"section\">\n\t\t\t\t\t\t<div class=\"elementor-container elementor-column-gap-default\">\n\t\t\t\t\t<div class=\"elementor-column elementor-col-50 elementor-inner-column elementor-element elementor-element-668026\" data-id=\"668026\" data-element_type=\"column\" data-e-type=\"column\">\n\t\t\t<div class=\"elementor-widget-wrap elementor-element-populated\">\n\t\t\t\t\t\t<div class=\"elementor-element elementor-element-b7eb5b2 elementor-widget elementor-widget-image\" data-id=\"b7eb5b2\" data-element_type=\"widget\" data-e-type=\"widget\" data-widget_type=\"image.default\">\n\t\t\t\t<div class=\"elementor-widget-container\">\n\t\t\t\t\t\t\t\t\t\t\t\t\t\t\t<img loading=\"lazy\" decoding=\"async\" width=\"623\" height=\"354\" src=\"https:\/\/www.vision-clinic.es\/wp-content\/uploads\/2021\/10\/Rectangle-43-1.jpg\" class=\"attachment-large size-large wp-image-9677\" alt=\"\" srcset=\"https:\/\/www.vision-clinic.es\/wp-content\/uploads\/2021\/10\/Rectangle-43-1.jpg 623w, https:\/\/www.vision-clinic.es\/wp-content\/uploads\/2021\/10\/Rectangle-43-1-300x170.jpg 300w\" sizes=\"(max-width: 623px) 100vw, 623px\" style=\"width:100%;height:56.82%;max-width:623px\" \/>\t\t\t\t\t\t\t\t\t\t\t\t\t\t\t<\/div>\n\t\t\t\t<\/div>\n\t\t\t\t<div class=\"elementor-element elementor-element-a162284 elementor-align-center elementor-widget elementor-widget-button\" data-id=\"a162284\" data-element_type=\"widget\" data-e-type=\"widget\" data-widget_type=\"button.default\">\n\t\t\t\t<div class=\"elementor-widget-container\">\n\t\t\t\t\t\t\t\t\t<div class=\"elementor-button-wrapper\">\n\t\t\t\t\t<a class=\"elementor-button elementor-button-link elementor-size-sm\" href=\"#elementor-action%3Aaction%3Dpopup%3Aopen%26settings%3DeyJpZCI6MTAwMjQsInRvZ2dsZSI6ZmFsc2V9\">\n\t\t\t\t\t\t<span class=\"elementor-button-content-wrapper\">\n\t\t\t\t\t\t\t\t\t<span class=\"elementor-button-text\">M'INTERESSA<\/span>\n\t\t\t\t\t<\/span>\n\t\t\t\t\t<\/a>\n\t\t\t\t<\/div>\n\t\t\t\t\t\t\t\t<\/div>\n\t\t\t\t<\/div>\n\t\t\t\t\t<\/div>\n\t\t<\/div>\n\t\t\t\t<div class=\"elementor-column elementor-col-50 elementor-inner-column elementor-element elementor-element-6929acee\" data-id=\"6929acee\" data-element_type=\"column\" data-e-type=\"column\">\n\t\t\t<div class=\"elementor-widget-wrap elementor-element-populated\">\n\t\t\t\t\t\t<div class=\"elementor-element elementor-element-53b3b6c3 elementor-widget elementor-widget-heading\" data-id=\"53b3b6c3\" data-element_type=\"widget\" data-e-type=\"widget\" data-widget_type=\"heading.default\">\n\t\t\t\t<div class=\"elementor-widget-container\">\n\t\t\t\t\t<h3 class=\"elementor-heading-title elementor-size-default\">LENT INTRAOCULAR <b>F\u00c0QUICA<\/b><\/h3>\t\t\t\t<\/div>\n\t\t\t\t<\/div>\n\t\t\t\t<div class=\"elementor-element elementor-element-49b21ec9 elementor-widget elementor-widget-text-editor\" data-id=\"49b21ec9\" data-element_type=\"widget\" data-e-type=\"widget\" data-widget_type=\"text-editor.default\">\n\t\t\t\t<div class=\"elementor-widget-container\">\n\t\t\t\t\t\t\t\t\t<p>La <strong>cirurgia refractiva amb lent intraocular f\u00e0quica<\/strong> consisteix en implantar una lent molt fina, d&#8217;un material de col\u00e0mer, davant del cristal\u00b7l\u00ed i darrere de l&#8217;iris. Aquestes <strong>lents f\u00e0quiques<\/strong> s\u00f3n conegudes amb el nom <strong>ICL (Intraocular Contact Lens)<\/strong>. \u00c9s un procediment reversible (es pot explantar\/recanviar en cas de necessitat) i permet conservar l&#8217;acomodaci\u00f3 (capacitat del cristal\u00b7l\u00ed d&#8217;enfocar de prop) sempre que la <span style=\"font-family: 'Bryant pro'; font-weight: bold;\">presb\u00edcia<\/span> no s&#8217;hagi establert. Cal que la c\u00e0mera anterior no sigui gaire estreta (2,80 mm entre endoteli i cara anterior del cristal\u00b7l\u00ed).<\/p><p> <\/p><p>Amb les <strong>lents f\u00e0quiques<\/strong> es pot corregir una <span style=\"font-family: 'Bryant pro'; font-weight: bold;\">miopia<\/span> de fins a -18 di\u00f2ptries, una <span style=\"font-family: 'Bryant pro';\"> <\/span><span style=\"font-family: 'Bryant pro'; font-weight: bold;\">hipermetropia<\/span> de fins a un m\u00e0xim de +10 di\u00f2ptries (encara que aquests pacients solen tenir c\u00e0meres estretes que contraindiquen el seu implant) i un <span style=\"font-family: 'Bryant pro'; font-weight: bold;\">astigmatisme<\/span> de fins a 6 di\u00f2ptries.<\/p>\t\t\t\t\t\t\t\t<\/div>\n\t\t\t\t<\/div>\n\t\t\t\t\t<\/div>\n\t\t<\/div>\n\t\t\t\t\t<\/div>\n\t\t<\/section>\n\t\t\t\t\t<\/div>\n\t\t<\/div>\n\t\t\t\t\t<\/div>\n\t\t<\/section>\n\t\t\t\t<section class=\"elementor-section elementor-top-section elementor-element elementor-element-fdf95b3 elementor-section-stretched elementor-section-content-middle elementor-section-boxed elementor-section-height-default elementor-section-height-default\" data-id=\"fdf95b3\" data-element_type=\"section\" data-e-type=\"section\" id=\"02\" data-settings=\"{&quot;stretch_section&quot;:&quot;section-stretched&quot;,&quot;background_background&quot;:&quot;slideshow&quot;,&quot;background_slideshow_gallery&quot;:[{&quot;id&quot;:9819,&quot;url&quot;:&quot;https:\\\/\\\/www.vision-clinic.es\\\/wp-content\\\/uploads\\\/2021\\\/12\\\/image-11-5.jpg&quot;}],&quot;background_slideshow_loop&quot;:&quot;yes&quot;,&quot;background_slideshow_slide_duration&quot;:5000,&quot;background_slideshow_slide_transition&quot;:&quot;fade&quot;,&quot;background_slideshow_transition_duration&quot;:500}\">\n\t\t\t\t\t\t<div class=\"elementor-container elementor-column-gap-default\">\n\t\t\t\t\t<div class=\"elementor-column elementor-col-50 elementor-top-column elementor-element elementor-element-e57377a\" data-id=\"e57377a\" data-element_type=\"column\" data-e-type=\"column\">\n\t\t\t<div class=\"elementor-widget-wrap elementor-element-populated\">\n\t\t\t\t\t\t<div class=\"elementor-element elementor-element-a38f137 elementor-widget elementor-widget-image\" data-id=\"a38f137\" data-element_type=\"widget\" data-e-type=\"widget\" data-widget_type=\"image.default\">\n\t\t\t\t<div class=\"elementor-widget-container\">\n\t\t\t\t\t\t\t\t\t\t\t\t\t\t\t\t<a href=\"#elementor-action%3Aaction%3Dpopup%3Aopen%26settings%3DeyJpZCI6Mjc1NywidG9nZ2xlIjpmYWxzZX0%3D\">\n\t\t\t\t\t\t\t<img decoding=\"async\" src=\"https:\/\/www.vision-clinic.es\/wp-content\/uploads\/2022\/02\/blank.png\" title=\"blank\" alt=\"blank\" loading=\"lazy\" \/>\t\t\t\t\t\t\t\t<\/a>\n\t\t\t\t\t\t\t\t\t\t\t\t\t\t\t<\/div>\n\t\t\t\t<\/div>\n\t\t\t\t<div class=\"elementor-element elementor-element-d5dfef2 elementor-absolute img-punt elementor-widget__width-initial elementor-widget elementor-widget-image\" data-id=\"d5dfef2\" data-element_type=\"widget\" data-e-type=\"widget\" data-settings=\"{&quot;_position&quot;:&quot;absolute&quot;}\" data-widget_type=\"image.default\">\n\t\t\t\t<div class=\"elementor-widget-container\">\n\t\t\t\t\t\t\t\t\t\t\t\t\t\t\t<img loading=\"lazy\" decoding=\"async\" width=\"57\" height=\"57\" src=\"https:\/\/www.vision-clinic.es\/wp-content\/uploads\/2021\/12\/Group-137.svg\" class=\"attachment-full size-full wp-image-9818\" alt=\"\" style=\"width:100%;height:100%;max-width:57px\" \/>\t\t\t\t\t\t\t\t\t\t\t\t\t\t\t<\/div>\n\t\t\t\t<\/div>\n\t\t\t\t\t<\/div>\n\t\t<\/div>\n\t\t\t\t<div class=\"elementor-column elementor-col-50 elementor-top-column elementor-element elementor-element-109532c\" data-id=\"109532c\" data-element_type=\"column\" data-e-type=\"column\" data-settings=\"{&quot;background_background&quot;:&quot;classic&quot;}\">\n\t\t\t<div class=\"elementor-widget-wrap elementor-element-populated\">\n\t\t\t\t\t<div class=\"elementor-background-overlay\"><\/div>\n\t\t\t\t\t\t<div class=\"elementor-element elementor-element-8a45d69 elementor-widget elementor-widget-heading\" data-id=\"8a45d69\" data-element_type=\"widget\" data-e-type=\"widget\" data-widget_type=\"heading.default\">\n\t\t\t\t<div class=\"elementor-widget-container\">\n\t\t\t\t\t<h2 class=\"elementor-heading-title elementor-size-default\">LA <b>INTERVENCI\u00d3<\/b><\/h2>\t\t\t\t<\/div>\n\t\t\t\t<\/div>\n\t\t\t\t<div class=\"elementor-element elementor-element-7fbc09c elementor-widget elementor-widget-text-editor\" data-id=\"7fbc09c\" data-element_type=\"widget\" data-e-type=\"widget\" data-widget_type=\"text-editor.default\">\n\t\t\t\t<div class=\"elementor-widget-container\">\n\t\t\t\t\t\t\t\t\t<p><strong>La cirurgia refractiva amb lent intraocular<\/strong> \u00e9s una intervenci\u00f3 completament ambulat\u00f2ria (sense ingr\u00e9s). A m\u00e9s, es realitza mitjan\u00e7ant anest\u00e8sia t\u00f2pica realitzant una incisi\u00f3 corneal de 2.2 mm. No cal posar sutures i el pacient pot sortir de quir\u00f2fan amb l&#8217;ull destapat, encara que la visi\u00f3 inicial \u00e9s borrosa i hi pot haver fotof\u00f2bia, ja que cal dilatar la pupil\u00b7la per a aquest tipus d&#8217;intervenci\u00f3.<\/p><p> <\/p><p>Cal completar un mes de tractament amb gotes antibi\u00f2tiques i antiinflamat\u00f2ries. D&#8217;altra banda, per <strong>operar els dos ulls amb <\/strong><u><a href=\"https:\/\/www.vision-clinic.es\/lentes-intraoculares-y-lentes-intraoculares-premium-que-son-y-como-funcionan\/\" target=\"_blank\" rel=\"noopener\">lents intraoculars<\/a> <strong>,<\/strong><\/u> s&#8217;aconsella separar els dos procediments com a m\u00ednim 1 setmana.<\/p>\t\t\t\t\t\t\t\t<\/div>\n\t\t\t\t<\/div>\n\t\t\t\t<div class=\"elementor-element elementor-element-72f0039 elementor-align-left elementor-widget elementor-widget-button\" data-id=\"72f0039\" data-element_type=\"widget\" data-e-type=\"widget\" data-widget_type=\"button.default\">\n\t\t\t\t<div class=\"elementor-widget-container\">\n\t\t\t\t\t\t\t\t\t<div class=\"elementor-button-wrapper\">\n\t\t\t\t\t<a class=\"elementor-button elementor-button-link elementor-size-sm\" href=\"https:\/\/www.barnaclinic.com\/blog\/blog\/cirugia-refractiva-con-laser\/\">\n\t\t\t\t\t\t<span class=\"elementor-button-content-wrapper\">\n\t\t\t\t\t\t\t\t\t<span class=\"elementor-button-text\">M\u00c9S INFORMACI\u00d3<\/span>\n\t\t\t\t\t<\/span>\n\t\t\t\t\t<\/a>\n\t\t\t\t<\/div>\n\t\t\t\t\t\t\t\t<\/div>\n\t\t\t\t<\/div>\n\t\t\t\t\t<\/div>\n\t\t<\/div>\n\t\t\t\t\t<\/div>\n\t\t<\/section>\n\t\t\t\t<section class=\"elementor-section elementor-top-section elementor-element elementor-element-10521422 elementor-section-stretched elementor-section-boxed elementor-section-height-default elementor-section-height-default\" data-id=\"10521422\" data-element_type=\"section\" data-e-type=\"section\" id=\"03\" data-settings=\"{&quot;stretch_section&quot;:&quot;section-stretched&quot;}\">\n\t\t\t\t\t\t<div class=\"elementor-container elementor-column-gap-default\">\n\t\t\t\t\t<div class=\"elementor-column elementor-col-100 elementor-top-column elementor-element elementor-element-7ebb3d0f\" data-id=\"7ebb3d0f\" data-element_type=\"column\" data-e-type=\"column\">\n\t\t\t<div class=\"elementor-widget-wrap elementor-element-populated\">\n\t\t\t\t\t\t<div class=\"elementor-element elementor-element-45cb3c1c elementor-absolute img-punt elementor-widget__width-initial elementor-widget elementor-widget-image\" data-id=\"45cb3c1c\" data-element_type=\"widget\" data-e-type=\"widget\" data-settings=\"{&quot;_position&quot;:&quot;absolute&quot;}\" data-widget_type=\"image.default\">\n\t\t\t\t<div class=\"elementor-widget-container\">\n\t\t\t\t\t\t\t\t\t\t\t\t\t\t\t<img loading=\"lazy\" decoding=\"async\" width=\"57\" height=\"57\" src=\"https:\/\/www.vision-clinic.es\/wp-content\/uploads\/2021\/12\/Group-133.svg\" class=\"attachment-full size-full wp-image-9812\" alt=\"\" style=\"width:100%;height:100%;max-width:57px\" \/>\t\t\t\t\t\t\t\t\t\t\t\t\t\t\t<\/div>\n\t\t\t\t<\/div>\n\t\t\t\t<div class=\"elementor-element elementor-element-6c1d2c32 center-align elementor-widget__width-auto elementor-widget-mobile__width-initial elementor-widget elementor-widget-heading\" data-id=\"6c1d2c32\" data-element_type=\"widget\" data-e-type=\"widget\" data-widget_type=\"heading.default\">\n\t\t\t\t<div class=\"elementor-widget-container\">\n\t\t\t\t\t<h2 class=\"elementor-heading-title elementor-size-default\">PER A QU\u00c8 SERVEIX LA <b>CIRURGIA AMB LENTS INTRAOCULARS<\/b>?<\/h2>\t\t\t\t<\/div>\n\t\t\t\t<\/div>\n\t\t\t\t<section class=\"elementor-section elementor-inner-section elementor-element elementor-element-286be9ab elementor-section-boxed elementor-section-height-default elementor-section-height-default\" data-id=\"286be9ab\" data-element_type=\"section\" data-e-type=\"section\" id=\"cirugia-refractiva\">\n\t\t\t\t\t\t<div class=\"elementor-container elementor-column-gap-default\">\n\t\t\t\t\t<div class=\"elementor-column elementor-col-33 elementor-inner-column elementor-element elementor-element-750b1dd5\" data-id=\"750b1dd5\" data-element_type=\"column\" data-e-type=\"column\" data-settings=\"{&quot;background_background&quot;:&quot;classic&quot;}\">\n\t\t\t<div class=\"elementor-widget-wrap elementor-element-populated\">\n\t\t\t\t\t<div class=\"elementor-background-overlay\"><\/div>\n\t\t\t\t\t\t<div class=\"elementor-element elementor-element-a2de783 elementor-widget elementor-widget-heading\" data-id=\"a2de783\" data-element_type=\"widget\" data-e-type=\"widget\" data-widget_type=\"heading.default\">\n\t\t\t\t<div class=\"elementor-widget-container\">\n\t\t\t\t\t<h3 class=\"elementor-heading-title elementor-size-default\">MIOPIA<\/h3>\t\t\t\t<\/div>\n\t\t\t\t<\/div>\n\t\t\t\t<div class=\"elementor-element elementor-element-69814a35 elementor-widget elementor-widget-image\" data-id=\"69814a35\" data-element_type=\"widget\" data-e-type=\"widget\" data-widget_type=\"image.default\">\n\t\t\t\t<div class=\"elementor-widget-container\">\n\t\t\t\t\t\t\t\t\t\t\t\t\t\t\t<img decoding=\"async\" src=\"https:\/\/www.vision-clinic.es\/wp-content\/uploads\/elementor\/thumbs\/Group-81-pgvj1mw2u0220dmj700xaqqo1h3pve5g4alk5ead68.png\" title=\"Group 81\" alt=\"Group 81\" loading=\"lazy\" \/>\t\t\t\t\t\t\t\t\t\t\t\t\t\t\t<\/div>\n\t\t\t\t<\/div>\n\t\t\t\t<div class=\"elementor-element elementor-element-11c8c489 elementor-widget elementor-widget-text-editor\" data-id=\"11c8c489\" data-element_type=\"widget\" data-e-type=\"widget\" data-widget_type=\"text-editor.default\">\n\t\t\t\t<div class=\"elementor-widget-container\">\n\t\t\t\t\t\t\t\t\tLa <strong>miopia <\/strong>apareix quan el globus ocular \u00e9s una mica m\u00e9s llarg del normal o quan la <strong>c\u00f2rnia<\/strong> \u00e9s molt corba. Aleshores els raigs de llum s&#8217;enfoquen de manera anterior a la <strong>retina<\/strong> i aix\u00f2 <strong>fa que la visi\u00f3 no sigui n\u00edtida<\/strong>.\t\t\t\t\t\t\t\t<\/div>\n\t\t\t\t<\/div>\n\t\t\t\t\t<\/div>\n\t\t<\/div>\n\t\t\t\t<div class=\"elementor-column elementor-col-33 elementor-inner-column elementor-element elementor-element-7686a7f\" data-id=\"7686a7f\" data-element_type=\"column\" data-e-type=\"column\" data-settings=\"{&quot;background_background&quot;:&quot;classic&quot;}\">\n\t\t\t<div class=\"elementor-widget-wrap elementor-element-populated\">\n\t\t\t\t\t\t<div class=\"elementor-element elementor-element-6a5a3cf2 elementor-widget elementor-widget-heading\" data-id=\"6a5a3cf2\" data-element_type=\"widget\" data-e-type=\"widget\" data-widget_type=\"heading.default\">\n\t\t\t\t<div class=\"elementor-widget-container\">\n\t\t\t\t\t<h3 class=\"elementor-heading-title elementor-size-default\">HIPERMETROPIA<\/h3>\t\t\t\t<\/div>\n\t\t\t\t<\/div>\n\t\t\t\t<div class=\"elementor-element elementor-element-46a5cb11 elementor-widget elementor-widget-image\" data-id=\"46a5cb11\" data-element_type=\"widget\" data-e-type=\"widget\" data-widget_type=\"image.default\">\n\t\t\t\t<div class=\"elementor-widget-container\">\n\t\t\t\t\t\t\t\t\t\t\t\t\t\t\t<img decoding=\"async\" src=\"https:\/\/www.vision-clinic.es\/wp-content\/uploads\/elementor\/thumbs\/Group-81-1-pgvjbpps41uqhuziccux176lc7feek5u66eze7cegg.png\" title=\"Group 81 (1)\" alt=\"Group 81 (1)\" loading=\"lazy\" \/>\t\t\t\t\t\t\t\t\t\t\t\t\t\t\t<\/div>\n\t\t\t\t<\/div>\n\t\t\t\t<div class=\"elementor-element elementor-element-1b62aa1b elementor-widget elementor-widget-text-editor\" data-id=\"1b62aa1b\" data-element_type=\"widget\" data-e-type=\"widget\" data-widget_type=\"text-editor.default\">\n\t\t\t\t<div class=\"elementor-widget-container\">\n\t\t\t\t\t\t\t\t\t<p style=\"text-align: center;\">Es pateix d&#8217;<strong> hipermetropia<\/strong> quan es t\u00e9 un globus ocular m\u00e9s curt o una c\u00f2rnia massa aplanada, i aleshores la llum s&#8217;enfoca darrere de la retina. <strong>Fa que la visi\u00f3 de prop i, de vegades, la de lluny, siguin borroses<\/strong>.<\/p>\t\t\t\t\t\t\t\t<\/div>\n\t\t\t\t<\/div>\n\t\t\t\t\t<\/div>\n\t\t<\/div>\n\t\t\t\t<div class=\"elementor-column elementor-col-33 elementor-inner-column elementor-element elementor-element-117d689c\" data-id=\"117d689c\" data-element_type=\"column\" data-e-type=\"column\" data-settings=\"{&quot;background_background&quot;:&quot;classic&quot;}\">\n\t\t\t<div class=\"elementor-widget-wrap elementor-element-populated\">\n\t\t\t\t\t\t<div class=\"elementor-element elementor-element-3ce98355 elementor-widget elementor-widget-heading\" data-id=\"3ce98355\" data-element_type=\"widget\" data-e-type=\"widget\" data-widget_type=\"heading.default\">\n\t\t\t\t<div class=\"elementor-widget-container\">\n\t\t\t\t\t<h3 class=\"elementor-heading-title elementor-size-default\">ASTIGMATISME<\/h3>\t\t\t\t<\/div>\n\t\t\t\t<\/div>\n\t\t\t\t<div class=\"elementor-element elementor-element-59e7a37 elementor-widget elementor-widget-image\" data-id=\"59e7a37\" data-element_type=\"widget\" data-e-type=\"widget\" data-widget_type=\"image.default\">\n\t\t\t\t<div class=\"elementor-widget-container\">\n\t\t\t\t\t\t\t\t\t\t\t\t\t\t\t<img decoding=\"async\" src=\"https:\/\/www.vision-clinic.es\/wp-content\/uploads\/elementor\/thumbs\/Group-81-2-pgvjcloaosy2kqs160w3qvf3lnmmeut5yei84gf8o6.png\" title=\"Group 81 (2)\" alt=\"Group 81 (2)\" loading=\"lazy\" \/>\t\t\t\t\t\t\t\t\t\t\t\t\t\t\t<\/div>\n\t\t\t\t<\/div>\n\t\t\t\t<div class=\"elementor-element elementor-element-5194ed0a elementor-widget elementor-widget-text-editor\" data-id=\"5194ed0a\" data-element_type=\"widget\" data-e-type=\"widget\" data-widget_type=\"text-editor.default\">\n\t\t\t\t<div class=\"elementor-widget-container\">\n\t\t\t\t\t\t\t\t\tL&#8217;<strong> astigmatisme<\/strong> es presenta quan la c\u00f2rnia s&#8217;encorba o s&#8217;aplana de manera desigual en els seus meridians <strong> alterant aix\u00ed l&#8217;enfocament de la visi\u00f3 de prop i de lluny. <\/strong>Aix\u00f2 \u00e9s el que es coneix com a astigmatisme.\t\t\t\t\t\t\t\t<\/div>\n\t\t\t\t<\/div>\n\t\t\t\t\t<\/div>\n\t\t<\/div>\n\t\t\t\t\t<\/div>\n\t\t<\/section>\n\t\t\t\t\t<\/div>\n\t\t<\/div>\n\t\t\t\t\t<\/div>\n\t\t<\/section>\n\t\t\t\t<section class=\"elementor-section elementor-top-section elementor-element elementor-element-6961c38 elementor-section-stretched elementor-section-boxed elementor-section-height-default elementor-section-height-default\" data-id=\"6961c38\" data-element_type=\"section\" data-e-type=\"section\" data-settings=\"{&quot;stretch_section&quot;:&quot;section-stretched&quot;,&quot;background_background&quot;:&quot;classic&quot;}\">\n\t\t\t\t\t\t<div class=\"elementor-container elementor-column-gap-default\">\n\t\t\t\t\t<div class=\"elementor-column elementor-col-100 elementor-top-column elementor-element elementor-element-34aee9a\" data-id=\"34aee9a\" data-element_type=\"column\" data-e-type=\"column\">\n\t\t\t<div class=\"elementor-widget-wrap elementor-element-populated\">\n\t\t\t\t\t\t<section class=\"elementor-section elementor-inner-section elementor-element elementor-element-3cefdce elementor-section-boxed elementor-section-height-default elementor-section-height-default\" data-id=\"3cefdce\" data-element_type=\"section\" data-e-type=\"section\">\n\t\t\t\t\t\t<div class=\"elementor-container elementor-column-gap-default\">\n\t\t\t\t\t<div class=\"elementor-column elementor-col-50 elementor-inner-column elementor-element elementor-element-cf29a18\" data-id=\"cf29a18\" data-element_type=\"column\" data-e-type=\"column\">\n\t\t\t<div class=\"elementor-widget-wrap elementor-element-populated\">\n\t\t\t\t\t\t<div class=\"elementor-element elementor-element-7a3ebff elementor-widget elementor-widget-image\" data-id=\"7a3ebff\" data-element_type=\"widget\" data-e-type=\"widget\" data-widget_type=\"image.default\">\n\t\t\t\t<div class=\"elementor-widget-container\">\n\t\t\t\t\t\t\t\t\t\t\t\t\t\t\t<img decoding=\"async\" src=\"https:\/\/www.vision-clinic.es\/wp-content\/uploads\/elementor\/thumbs\/lente-icl-e1773658439499-rkl8ttq8ldz6s9e5h0krqskjlbnaeutagqc4jgkhco.png\" title=\"lente-icl\" alt=\"lente-icl\" loading=\"lazy\" \/>\t\t\t\t\t\t\t\t\t\t\t\t\t\t\t<\/div>\n\t\t\t\t<\/div>\n\t\t\t\t\t<\/div>\n\t\t<\/div>\n\t\t\t\t<div class=\"elementor-column elementor-col-50 elementor-inner-column elementor-element elementor-element-98e93e3\" data-id=\"98e93e3\" data-element_type=\"column\" data-e-type=\"column\">\n\t\t\t<div class=\"elementor-widget-wrap elementor-element-populated\">\n\t\t\t\t\t\t<div class=\"elementor-element elementor-element-d62243a elementor-widget elementor-widget-heading\" data-id=\"d62243a\" data-element_type=\"widget\" data-e-type=\"widget\" data-widget_type=\"heading.default\">\n\t\t\t\t<div class=\"elementor-widget-container\">\n\t\t\t\t\t<h1 class=\"elementor-heading-title elementor-size-default\">GUIA GRATU\u00cfTA<\/h1>\t\t\t\t<\/div>\n\t\t\t\t<\/div>\n\t\t\t\t<div class=\"elementor-element elementor-element-0b97a89 elementor-widget elementor-widget-heading\" data-id=\"0b97a89\" data-element_type=\"widget\" data-e-type=\"widget\" data-widget_type=\"heading.default\">\n\t\t\t\t<div class=\"elementor-widget-container\">\n\t\t\t\t\t<h2 class=\"elementor-heading-title elementor-size-default\">Tot el que heu de saber <b>abans i despr\u00e9s d'una cirurgia amb lent f\u00e0quica ICL<\/b><\/h2>\t\t\t\t<\/div>\n\t\t\t\t<\/div>\n\t\t\t\t<div class=\"elementor-element elementor-element-0c9aea6 elementor-widget elementor-widget-text-editor\" data-id=\"0c9aea6\" data-element_type=\"widget\" data-e-type=\"widget\" data-widget_type=\"text-editor.default\">\n\t\t\t\t<div class=\"elementor-widget-container\">\n\t\t\t\t\t\t\t\t\t<p><b>Est\u00e0s valorant una cirurgia amb lent intraocular f\u00e0quica ICL per corregir la teva visi\u00f3?<\/b> Descarrega la nostra guia gratu\u00efta i resol els teus dubtes sobre com preparar-te abans de la intervenci\u00f3, qu\u00e8 has de tenir en compte el dia de la cirurgia i quines cures seguir durant el postoperatori. Deixa&#8217;ns les teves dades, subscriu-te a la nostra newsletter i <b>rep gratis el PDF elaborat pels nostres especialistes<\/b>. <\/p>\t\t\t\t\t\t\t\t<\/div>\n\t\t\t\t<\/div>\n\t\t\t\t<div class=\"elementor-element elementor-element-5ce1717 elementor-button-align-stretch elementor-widget elementor-widget-form\" data-id=\"5ce1717\" data-element_type=\"widget\" data-e-type=\"widget\" data-settings=\"{&quot;step_next_label&quot;:&quot;Seg\\u00fcent&quot;,&quot;step_previous_label&quot;:&quot;Anterior&quot;,&quot;button_width&quot;:&quot;100&quot;,&quot;step_type&quot;:&quot;number_text&quot;,&quot;step_icon_shape&quot;:&quot;circle&quot;}\" data-widget_type=\"form.default\">\n\t\t\t\t<div class=\"elementor-widget-container\">\n\t\t\t\t\t\t\t<form class=\"elementor-form\" method=\"post\" name=\"Lead magnet refractiva\" aria-label=\"Lead magnet refractiva\">\n\t\t\t<input type=\"hidden\" name=\"post_id\" value=\"10160\"\/>\n\t\t\t<input type=\"hidden\" name=\"form_id\" value=\"5ce1717\"\/>\n\t\t\t<input type=\"hidden\" name=\"referer_title\" value=\"Cirurgia refractiva amb lent intraocular - visi\u00f5ncl\u00ednic\" \/>\n\n\t\t\t\t\t\t\t<input type=\"hidden\" name=\"queried_id\" value=\"10160\"\/>\n\t\t\t\n\t\t\t<div class=\"elementor-form-fields-wrapper elementor-labels-above\">\n\t\t\t\t\t\t\t\t<div class=\"elementor-field-type-text elementor-field-group elementor-column elementor-field-group-name elementor-col-100 elementor-field-required\">\n\t\t\t\t\t\t\t\t\t\t\t\t\t<input size=\"1\" type=\"text\" name=\"form_fields[name]\" id=\"form-field-name\" class=\"elementor-field elementor-size-sm  elementor-field-textual\" placeholder=\"Nom i cognoms\" required=\"required\">\n\t\t\t\t\t\t\t\t\t\t\t<\/div>\n\t\t\t\t\t\t\t\t<div class=\"elementor-field-type-email elementor-field-group elementor-column elementor-field-group-email elementor-col-100 elementor-field-required\">\n\t\t\t\t\t\t\t\t\t\t\t\t\t<input size=\"1\" type=\"email\" name=\"form_fields[email]\" id=\"form-field-email\" class=\"elementor-field elementor-size-sm  elementor-field-textual\" placeholder=\"Correu electr\u00f2nic\" required=\"required\">\n\t\t\t\t\t\t\t\t\t\t\t<\/div>\n\t\t\t\t\t\t\t\t<div class=\"elementor-field-type-acceptance elementor-field-group elementor-column elementor-field-group-message elementor-col-100 elementor-field-required\">\n\t\t\t\t\t\t\t<div class=\"elementor-field-subgroup\">\n\t\t\t<span class=\"elementor-field-option\">\n\t\t\t\t<input type=\"checkbox\" name=\"form_fields[message]\" id=\"form-field-message\" class=\"elementor-field elementor-size-sm  elementor-acceptance-field\" required=\"required\">\n\t\t\t\t<label for=\"form-field-message\"><u>He llegit i accepto la <a href=\"https:\/\/www.barnaclinic.com\/ca\/politica-privacitat\/\">pol\u00edtica de privadesa<\/a><\/u><\/label>\t\t\t<\/span>\n\t\t<\/div>\n\t\t\t\t\t\t<\/div>\n\t\t\t\t\t\t\t\t<div class=\"elementor-field-type-acceptance elementor-field-group elementor-column elementor-field-group-field_1b4faf6 elementor-col-100\">\n\t\t\t\t\t\t\t<div class=\"elementor-field-subgroup\">\n\t\t\t<span class=\"elementor-field-option\">\n\t\t\t\t<input type=\"checkbox\" name=\"form_fields[field_1b4faf6]\" id=\"form-field-field_1b4faf6\" class=\"elementor-field elementor-size-sm  elementor-acceptance-field\">\n\t\t\t\t<label for=\"form-field-field_1b4faf6\">Vull assabentar-me de totes les ofertes (Opcional)<\/label>\t\t\t<\/span>\n\t\t<\/div>\n\t\t\t\t\t\t<\/div>\n\t\t\t\t\t\t\t\t<div class=\"elementor-field-group elementor-column elementor-field-type-submit elementor-col-100 e-form__buttons\">\n\t\t\t\t\t<button class=\"elementor-button elementor-size-sm\" type=\"submit\">\n\t\t\t\t\t\t<span class=\"elementor-button-content-wrapper\">\n\t\t\t\t\t\t\t\t\t\t\t\t\t\t\t\t\t\t\t\t\t\t<span class=\"elementor-button-text\">DESCARREGAR GUIA<\/span>\n\t\t\t\t\t\t\t\t\t\t\t\t\t<\/span>\n\t\t\t\t\t<\/button>\n\t\t\t\t<\/div>\n\t\t\t<\/div>\n\t\t<\/form>\n\t\t\t\t\t\t<\/div>\n\t\t\t\t<\/div>\n\t\t\t\t\t<\/div>\n\t\t<\/div>\n\t\t\t\t\t<\/div>\n\t\t<\/section>\n\t\t\t\t\t<\/div>\n\t\t<\/div>\n\t\t\t\t\t<\/div>\n\t\t<\/section>\n\t\t\t\t<section class=\"elementor-section elementor-top-section elementor-element elementor-element-3586904 elementor-section-full_width elementor-section-content-middle elementor-section-stretched elementor-section-height-default elementor-section-height-default\" data-id=\"3586904\" data-element_type=\"section\" data-e-type=\"section\" data-settings=\"{&quot;stretch_section&quot;:&quot;section-stretched&quot;}\">\n\t\t\t\t\t\t<div class=\"elementor-container elementor-column-gap-default\">\n\t\t\t\t\t<div class=\"elementor-column elementor-col-100 elementor-top-column elementor-element elementor-element-6a28067\" data-id=\"6a28067\" data-element_type=\"column\" data-e-type=\"column\" data-settings=\"{&quot;background_background&quot;:&quot;classic&quot;}\">\n\t\t\t<div class=\"elementor-widget-wrap elementor-element-populated\">\n\t\t\t\t\t\t<section class=\"elementor-section elementor-inner-section elementor-element elementor-element-9df0e73 elementor-section-boxed elementor-section-height-default elementor-section-height-default\" data-id=\"9df0e73\" data-element_type=\"section\" data-e-type=\"section\">\n\t\t\t\t\t\t<div class=\"elementor-container elementor-column-gap-default\">\n\t\t\t\t\t<div class=\"elementor-column elementor-col-100 elementor-inner-column elementor-element elementor-element-2f28540\" data-id=\"2f28540\" data-element_type=\"column\" data-e-type=\"column\">\n\t\t\t<div class=\"elementor-widget-wrap elementor-element-populated\">\n\t\t\t\t\t\t<div class=\"elementor-element elementor-element-aaaafc4 elementor-absolute img-punt elementor-widget__width-initial elementor-widget elementor-widget-image\" data-id=\"aaaafc4\" data-element_type=\"widget\" data-e-type=\"widget\" data-settings=\"{&quot;_position&quot;:&quot;absolute&quot;}\" data-widget_type=\"image.default\">\n\t\t\t\t<div class=\"elementor-widget-container\">\n\t\t\t\t\t\t\t\t\t\t\t\t\t\t\t<img loading=\"lazy\" decoding=\"async\" width=\"57\" height=\"57\" src=\"https:\/\/www.vision-clinic.es\/wp-content\/uploads\/2021\/11\/Group-120.png\" class=\"attachment-full size-full wp-image-9765\" alt=\"\" style=\"width:100%;height:100%;max-width:57px\" \/>\t\t\t\t\t\t\t\t\t\t\t\t\t\t\t<\/div>\n\t\t\t\t<\/div>\n\t\t\t\t<div class=\"elementor-element elementor-element-037abcf center-align elementor-widget__width-auto elementor-widget-mobile__width-initial elementor-widget elementor-widget-heading\" data-id=\"037abcf\" data-element_type=\"widget\" data-e-type=\"widget\" data-widget_type=\"heading.default\">\n\t\t\t\t<div class=\"elementor-widget-container\">\n\t\t\t\t\t<h2 class=\"elementor-heading-title elementor-size-default\">PREGUNTES FREQ\u00dcENTS SOBRE <b>CIRURGIA REFRACTIVA <\/b><\/h2>\t\t\t\t<\/div>\n\t\t\t\t<\/div>\n\t\t\t\t\t<\/div>\n\t\t<\/div>\n\t\t\t\t\t<\/div>\n\t\t<\/section>\n\t\t\t\t<div class=\"elementor-element elementor-element-ab42f32 elementor-widget__width-auto elementor-widget elementor-widget-text-editor\" data-id=\"ab42f32\" data-element_type=\"widget\" data-e-type=\"widget\" data-widget_type=\"text-editor.default\">\n\t\t\t\t<div class=\"elementor-widget-container\">\n\t\t\t\t\t\t\t\t\t<p>Si tens qualsevol dubte sobre la nostra oferta de serveis, com accedir a les nostres instal\u00b7lacions, les formes de pagament o finan\u00e7ament o sobre l&#8217;atenci\u00f3 dels nostres professionals, o les intervencions quir\u00fargiques que realitzem, podeu consultar les preguntes freq\u00fcents a continuaci\u00f3 o contactar amb nosaltres, us respondrem el m\u00e9s aviat possible.<\/p>\t\t\t\t\t\t\t\t<\/div>\n\t\t\t\t<\/div>\n\t\t\t\t<div class=\"elementor-element elementor-element-afe0ebe elementor-widget elementor-widget-accordion\" data-id=\"afe0ebe\" data-element_type=\"widget\" data-e-type=\"widget\" data-widget_type=\"accordion.default\">\n\t\t\t\t<div class=\"elementor-widget-container\">\n\t\t\t\t\t\t\t<div class=\"elementor-accordion\">\n\t\t\t\t\t\t\t<div class=\"elementor-accordion-item\">\n\t\t\t\t\t<h4 id=\"elementor-tab-title-1841\" class=\"elementor-tab-title\" data-tab=\"1\" role=\"button\" aria-controls=\"elementor-tab-content-1841\" aria-expanded=\"false\">\n\t\t\t\t\t\t\t\t\t\t\t\t\t<span class=\"elementor-accordion-icon elementor-accordion-icon-left\" aria-hidden=\"true\">\n\t\t\t\t\t\t\t\t\t\t\t\t\t\t\t<span class=\"elementor-accordion-icon-closed\"><i class=\"fas fa-plus\"><\/i><\/span>\n\t\t\t\t\t\t\t\t<span class=\"elementor-accordion-icon-opened\"><i class=\"fas fa-minus\"><\/i><\/span>\n\t\t\t\t\t\t\t\t\t\t\t\t\t\t<\/span>\n\t\t\t\t\t\t\t\t\t\t\t\t<a class=\"elementor-accordion-title\" tabindex=\"0\">Qu\u00e8 he de fer per operar-me dels ulls?<\/a>\n\t\t\t\t\t<\/h4>\n\t\t\t\t\t<div id=\"elementor-tab-content-1841\" class=\"elementor-tab-content elementor-clearfix\" data-tab=\"1\" role=\"region\" aria-labelledby=\"elementor-tab-title-1841\"><p>Contacta amb nosaltres i el nostre personal t\u00b4agendar\u00e0 una primera visita amb l\u00b4especialista. A la primera visita, es valorar\u00e0 la idone\u00eftat de la cirurgia. Sortir\u00e0 de la consulta amb pressupost i possibles dates.  <\/p>\n<\/div>\n\t\t\t\t<\/div>\n\t\t\t\t\t\t\t<div class=\"elementor-accordion-item\">\n\t\t\t\t\t<h4 id=\"elementor-tab-title-1842\" class=\"elementor-tab-title\" data-tab=\"2\" role=\"button\" aria-controls=\"elementor-tab-content-1842\" aria-expanded=\"false\">\n\t\t\t\t\t\t\t\t\t\t\t\t\t<span class=\"elementor-accordion-icon elementor-accordion-icon-left\" aria-hidden=\"true\">\n\t\t\t\t\t\t\t\t\t\t\t\t\t\t\t<span class=\"elementor-accordion-icon-closed\"><i class=\"fas fa-plus\"><\/i><\/span>\n\t\t\t\t\t\t\t\t<span class=\"elementor-accordion-icon-opened\"><i class=\"fas fa-minus\"><\/i><\/span>\n\t\t\t\t\t\t\t\t\t\t\t\t\t\t<\/span>\n\t\t\t\t\t\t\t\t\t\t\t\t<a class=\"elementor-accordion-title\" tabindex=\"0\">Qu\u00e8 puc notar al postoperatori?<\/a>\n\t\t\t\t\t<\/h4>\n\t\t\t\t\t<div id=\"elementor-tab-content-1842\" class=\"elementor-tab-content elementor-clearfix\" data-tab=\"2\" role=\"region\" aria-labelledby=\"elementor-tab-title-1842\"><p>Els s\u00edmptomes que poden apar\u00e8ixer durant el postoperatori d&#8217;una Cirurgia Refractiva s\u00f3n: llagrimeig, intoler\u00e0ncia a la llum i co\u00efssor durant les primeres 24h. Per alleujar els s\u00edmptomes podeu utilitzar ulleres de sol. <\/p>\n<\/div>\n\t\t\t\t<\/div>\n\t\t\t\t\t\t\t<div class=\"elementor-accordion-item\">\n\t\t\t\t\t<h4 id=\"elementor-tab-title-1843\" class=\"elementor-tab-title\" data-tab=\"3\" role=\"button\" aria-controls=\"elementor-tab-content-1843\" aria-expanded=\"false\">\n\t\t\t\t\t\t\t\t\t\t\t\t\t<span class=\"elementor-accordion-icon elementor-accordion-icon-left\" aria-hidden=\"true\">\n\t\t\t\t\t\t\t\t\t\t\t\t\t\t\t<span class=\"elementor-accordion-icon-closed\"><i class=\"fas fa-plus\"><\/i><\/span>\n\t\t\t\t\t\t\t\t<span class=\"elementor-accordion-icon-opened\"><i class=\"fas fa-minus\"><\/i><\/span>\n\t\t\t\t\t\t\t\t\t\t\t\t\t\t<\/span>\n\t\t\t\t\t\t\t\t\t\t\t\t<a class=\"elementor-accordion-title\" tabindex=\"0\">Quantes visites es fan despr\u00e9s de la intervenci\u00f3?<\/a>\n\t\t\t\t\t<\/h4>\n\t\t\t\t\t<div id=\"elementor-tab-content-1843\" class=\"elementor-tab-content elementor-clearfix\" data-tab=\"3\" role=\"region\" aria-labelledby=\"elementor-tab-title-1843\"><p>Normalment es fa la primera revisi\u00f3 l&#8217;endem\u00e0 de la cirurgia, una setmana despr\u00e9s i al cap d&#8217;un mes. Tot i aix\u00f2, les visites dependran de la necessitat de control per part de l&#8217;especialista. <\/p>\n<\/div>\n\t\t\t\t<\/div>\n\t\t\t\t\t\t\t<div class=\"elementor-accordion-item\">\n\t\t\t\t\t<h4 id=\"elementor-tab-title-1844\" class=\"elementor-tab-title\" data-tab=\"4\" role=\"button\" aria-controls=\"elementor-tab-content-1844\" aria-expanded=\"false\">\n\t\t\t\t\t\t\t\t\t\t\t\t\t<span class=\"elementor-accordion-icon elementor-accordion-icon-left\" aria-hidden=\"true\">\n\t\t\t\t\t\t\t\t\t\t\t\t\t\t\t<span class=\"elementor-accordion-icon-closed\"><i class=\"fas fa-plus\"><\/i><\/span>\n\t\t\t\t\t\t\t\t<span class=\"elementor-accordion-icon-opened\"><i class=\"fas fa-minus\"><\/i><\/span>\n\t\t\t\t\t\t\t\t\t\t\t\t\t\t<\/span>\n\t\t\t\t\t\t\t\t\t\t\t\t<a class=\"elementor-accordion-title\" tabindex=\"0\">Em poden operar la miopia a trav\u00e9s de la meva m\u00fatua?<\/a>\n\t\t\t\t\t<\/h4>\n\t\t\t\t\t<div id=\"elementor-tab-content-1844\" class=\"elementor-tab-content elementor-clearfix\" data-tab=\"4\" role=\"region\" aria-labelledby=\"elementor-tab-title-1844\"><p>Tot dependr\u00e0 de la m\u00fatua i del tipus de p\u00f2lissa, encara que normalment les m\u00fatues no cobreixen la cirurgia refractiva.<\/p>\n<\/div>\n\t\t\t\t<\/div>\n\t\t\t\t\t\t\t<div class=\"elementor-accordion-item\">\n\t\t\t\t\t<h4 id=\"elementor-tab-title-1845\" class=\"elementor-tab-title\" data-tab=\"5\" role=\"button\" aria-controls=\"elementor-tab-content-1845\" aria-expanded=\"false\">\n\t\t\t\t\t\t\t\t\t\t\t\t\t<span class=\"elementor-accordion-icon elementor-accordion-icon-left\" aria-hidden=\"true\">\n\t\t\t\t\t\t\t\t\t\t\t\t\t\t\t<span class=\"elementor-accordion-icon-closed\"><i class=\"fas fa-plus\"><\/i><\/span>\n\t\t\t\t\t\t\t\t<span class=\"elementor-accordion-icon-opened\"><i class=\"fas fa-minus\"><\/i><\/span>\n\t\t\t\t\t\t\t\t\t\t\t\t\t\t<\/span>\n\t\t\t\t\t\t\t\t\t\t\t\t<a class=\"elementor-accordion-title\" tabindex=\"0\">Quants dies he d'estar sense lents de contacte abans d'una visita oftalmol\u00f2gica si em vull operar de miopia? <\/a>\n\t\t\t\t\t<\/h4>\n\t\t\t\t\t<div id=\"elementor-tab-content-1845\" class=\"elementor-tab-content elementor-clearfix\" data-tab=\"5\" role=\"region\" aria-labelledby=\"elementor-tab-title-1845\"><p>Al voltant d&#8217;entre dos i quatre dies, ja que les lents de contacte poden interferir en la graduaci\u00f3.<\/p>\n<\/div>\n\t\t\t\t<\/div>\n\t\t\t\t\t\t\t<div class=\"elementor-accordion-item\">\n\t\t\t\t\t<h4 id=\"elementor-tab-title-1846\" class=\"elementor-tab-title\" data-tab=\"6\" role=\"button\" aria-controls=\"elementor-tab-content-1846\" aria-expanded=\"false\">\n\t\t\t\t\t\t\t\t\t\t\t\t\t<span class=\"elementor-accordion-icon elementor-accordion-icon-left\" aria-hidden=\"true\">\n\t\t\t\t\t\t\t\t\t\t\t\t\t\t\t<span class=\"elementor-accordion-icon-closed\"><i class=\"fas fa-plus\"><\/i><\/span>\n\t\t\t\t\t\t\t\t<span class=\"elementor-accordion-icon-opened\"><i class=\"fas fa-minus\"><\/i><\/span>\n\t\t\t\t\t\t\t\t\t\t\t\t\t\t<\/span>\n\t\t\t\t\t\t\t\t\t\t\t\t<a class=\"elementor-accordion-title\" tabindex=\"0\">Quants dies he d'estar sense lents de contacte abans d'una cirurgia refractiva?<\/a>\n\t\t\t\t\t<\/h4>\n\t\t\t\t\t<div id=\"elementor-tab-content-1846\" class=\"elementor-tab-content elementor-clearfix\" data-tab=\"6\" role=\"region\" aria-labelledby=\"elementor-tab-title-1846\"><p>Al voltant d&#8217;entre quatre dies si s\u00f3n lents de contacte toves, i una setmana si s\u00f3n lents de contacte r\u00edgides.<\/p>\n<\/div>\n\t\t\t\t<\/div>\n\t\t\t\t\t\t\t<div class=\"elementor-accordion-item\">\n\t\t\t\t\t<h4 id=\"elementor-tab-title-1847\" class=\"elementor-tab-title\" data-tab=\"7\" role=\"button\" aria-controls=\"elementor-tab-content-1847\" aria-expanded=\"false\">\n\t\t\t\t\t\t\t\t\t\t\t\t\t<span class=\"elementor-accordion-icon elementor-accordion-icon-left\" aria-hidden=\"true\">\n\t\t\t\t\t\t\t\t\t\t\t\t\t\t\t<span class=\"elementor-accordion-icon-closed\"><i class=\"fas fa-plus\"><\/i><\/span>\n\t\t\t\t\t\t\t\t<span class=\"elementor-accordion-icon-opened\"><i class=\"fas fa-minus\"><\/i><\/span>\n\t\t\t\t\t\t\t\t\t\t\t\t\t\t<\/span>\n\t\t\t\t\t\t\t\t\t\t\t\t<a class=\"elementor-accordion-title\" tabindex=\"0\">Puc fer esport despr\u00e9s de la cirurgia refractiva?<\/a>\n\t\t\t\t\t<\/h4>\n\t\t\t\t\t<div id=\"elementor-tab-content-1847\" class=\"elementor-tab-content elementor-clearfix\" data-tab=\"7\" role=\"region\" aria-labelledby=\"elementor-tab-title-1847\"><p>Evita qualsevol activitat que pot causar algun cop directe als ulls, esports de contacte o bany a la piscina o mar durant les primeres 2-3 setmanes.<\/p>\n<\/div>\n\t\t\t\t<\/div>\n\t\t\t\t\t\t\t<div class=\"elementor-accordion-item\">\n\t\t\t\t\t<h4 id=\"elementor-tab-title-1848\" class=\"elementor-tab-title\" data-tab=\"8\" role=\"button\" aria-controls=\"elementor-tab-content-1848\" aria-expanded=\"false\">\n\t\t\t\t\t\t\t\t\t\t\t\t\t<span class=\"elementor-accordion-icon elementor-accordion-icon-left\" aria-hidden=\"true\">\n\t\t\t\t\t\t\t\t\t\t\t\t\t\t\t<span class=\"elementor-accordion-icon-closed\"><i class=\"fas fa-plus\"><\/i><\/span>\n\t\t\t\t\t\t\t\t<span class=\"elementor-accordion-icon-opened\"><i class=\"fas fa-minus\"><\/i><\/span>\n\t\t\t\t\t\t\t\t\t\t\t\t\t\t<\/span>\n\t\t\t\t\t\t\t\t\t\t\t\t<a class=\"elementor-accordion-title\" tabindex=\"0\">Puc maquillar-me despr\u00e9s de la cirurgia refractiva?<\/a>\n\t\t\t\t\t<\/h4>\n\t\t\t\t\t<div id=\"elementor-tab-content-1848\" class=\"elementor-tab-content elementor-clearfix\" data-tab=\"8\" role=\"region\" aria-labelledby=\"elementor-tab-title-1848\"><p>Evita maquillar-te l&#8217;ull intervingut com a m\u00ednim els primers 7 dies.<\/p>\n<\/div>\n\t\t\t\t<\/div>\n\t\t\t\t\t\t\t\t<\/div>\n\t\t\t\t\t\t<\/div>\n\t\t\t\t<\/div>\n\t\t\t\t\t<\/div>\n\t\t<\/div>\n\t\t\t\t\t<\/div>\n\t\t<\/section>\n\t\t\t\t<section class=\"elementor-section elementor-top-section elementor-element elementor-element-4c0f429 elementor-section-stretched elementor-section-boxed elementor-section-height-default elementor-section-height-default\" data-id=\"4c0f429\" data-element_type=\"section\" data-e-type=\"section\" data-settings=\"{&quot;stretch_section&quot;:&quot;section-stretched&quot;,&quot;background_background&quot;:&quot;classic&quot;}\">\n\t\t\t\t\t\t<div class=\"elementor-container elementor-column-gap-default\">\n\t\t\t\t\t<div class=\"elementor-column elementor-col-100 elementor-top-column elementor-element elementor-element-b75154c\" data-id=\"b75154c\" data-element_type=\"column\" data-e-type=\"column\">\n\t\t\t<div class=\"elementor-widget-wrap elementor-element-populated\">\n\t\t\t\t\t\t<div class=\"elementor-element elementor-element-1bd989c elementor-widget elementor-widget-heading\" data-id=\"1bd989c\" data-element_type=\"widget\" data-e-type=\"widget\" data-widget_type=\"heading.default\">\n\t\t\t\t<div class=\"elementor-widget-container\">\n\t\t\t\t\t<h1 class=\"elementor-heading-title elementor-size-default\">PRIMERA VISITA I <b>ESTUDI DEL CAS<\/b><\/h1>\t\t\t\t<\/div>\n\t\t\t\t<\/div>\n\t\t\t\t<div class=\"elementor-element elementor-element-07e8295 elementor-widget elementor-widget-text-editor\" data-id=\"07e8295\" data-element_type=\"widget\" data-e-type=\"widget\" data-widget_type=\"text-editor.default\">\n\t\t\t\t<div class=\"elementor-widget-container\">\n\t\t\t\t\t\t\t\t\t<p><strong>Demana cita sense comprom\u00eds.<\/strong> T\u2019atendr\u00e0 un dels nostres professionals que seguir\u00e0 el teu cas des de l\u2019<strong>estudi previ<\/strong> i fins despr\u00e9s de la <strong>cirurgia refractiva amb lents intraoculars. <\/strong><\/p>\t\t\t\t\t\t\t\t<\/div>\n\t\t\t\t<\/div>\n\t\t\t\t<div class=\"elementor-element elementor-element-e5ef354 elementor-align-center elementor-widget elementor-widget-button\" data-id=\"e5ef354\" data-element_type=\"widget\" data-e-type=\"widget\" data-widget_type=\"button.default\">\n\t\t\t\t<div class=\"elementor-widget-container\">\n\t\t\t\t\t\t\t\t\t<div class=\"elementor-button-wrapper\">\n\t\t\t\t\t<a class=\"elementor-button elementor-button-link elementor-size-sm\" href=\"#elementor-action%3Aaction%3Dpopup%3Aopen%26settings%3DeyJpZCI6MTAwMjQsInRvZ2dsZSI6ZmFsc2V9\">\n\t\t\t\t\t\t<span class=\"elementor-button-content-wrapper\">\n\t\t\t\t\t\t\t\t\t<span class=\"elementor-button-text\">DEMANA CITA<\/span>\n\t\t\t\t\t<\/span>\n\t\t\t\t\t<\/a>\n\t\t\t\t<\/div>\n\t\t\t\t\t\t\t\t<\/div>\n\t\t\t\t<\/div>\n\t\t\t\t\t<\/div>\n\t\t<\/div>\n\t\t\t\t\t<\/div>\n\t\t<\/section>\n\t\t\t\t<section class=\"elementor-section elementor-top-section elementor-element elementor-element-deab59c elementor-section-full_width elementor-section-stretched elementor-section-height-default elementor-section-height-default\" data-id=\"deab59c\" data-element_type=\"section\" data-e-type=\"section\" id=\"05\" data-settings=\"{&quot;stretch_section&quot;:&quot;section-stretched&quot;}\">\n\t\t\t\t\t\t<div class=\"elementor-container elementor-column-gap-default\">\n\t\t\t\t\t<div class=\"elementor-column elementor-col-100 elementor-top-column elementor-element elementor-element-c65fa6a\" data-id=\"c65fa6a\" data-element_type=\"column\" data-e-type=\"column\">\n\t\t\t<div class=\"elementor-widget-wrap elementor-element-populated\">\n\t\t\t\t\t\t<section class=\"elementor-section elementor-inner-section elementor-element elementor-element-fef581c elementor-section-boxed elementor-section-height-default elementor-section-height-default\" data-id=\"fef581c\" data-element_type=\"section\" data-e-type=\"section\">\n\t\t\t\t\t\t<div class=\"elementor-container elementor-column-gap-default\">\n\t\t\t\t\t<div class=\"elementor-column elementor-col-100 elementor-inner-column elementor-element elementor-element-1c43ca4\" data-id=\"1c43ca4\" data-element_type=\"column\" data-e-type=\"column\">\n\t\t\t<div class=\"elementor-widget-wrap elementor-element-populated\">\n\t\t\t\t\t\t<div class=\"elementor-element elementor-element-c4e1b64 elementor-absolute img-punt elementor-widget__width-initial elementor-widget elementor-widget-image\" data-id=\"c4e1b64\" data-element_type=\"widget\" data-e-type=\"widget\" data-settings=\"{&quot;_position&quot;:&quot;absolute&quot;}\" data-widget_type=\"image.default\">\n\t\t\t\t<div class=\"elementor-widget-container\">\n\t\t\t\t\t\t\t\t\t\t\t\t\t\t\t<img loading=\"lazy\" decoding=\"async\" width=\"57\" height=\"57\" src=\"https:\/\/www.vision-clinic.es\/wp-content\/uploads\/2021\/12\/Group-134.svg\" class=\"attachment-full size-full wp-image-9813\" alt=\"\" style=\"width:100%;height:100%;max-width:57px\" \/>\t\t\t\t\t\t\t\t\t\t\t\t\t\t\t<\/div>\n\t\t\t\t<\/div>\n\t\t\t\t<div class=\"elementor-element elementor-element-c9cd822 center-align elementor-widget__width-initial elementor-widget-mobile__width-initial elementor-widget elementor-widget-heading\" data-id=\"c9cd822\" data-element_type=\"widget\" data-e-type=\"widget\" data-widget_type=\"heading.default\">\n\t\t\t\t<div class=\"elementor-widget-container\">\n\t\t\t\t\t<h2 class=\"elementor-heading-title elementor-size-default\">VISI\u00d5N<b>BLOG<\/b><\/h2>\t\t\t\t<\/div>\n\t\t\t\t<\/div>\n\t\t\t\t<div class=\"elementor-element elementor-element-02a3c4c elementor-posts__hover-none elementor-grid-3 elementor-grid-tablet-2 elementor-grid-mobile-1 elementor-posts--thumbnail-top elementor-widget elementor-widget-posts\" data-id=\"02a3c4c\" data-element_type=\"widget\" data-e-type=\"widget\" data-settings=\"{&quot;cards_masonry&quot;:&quot;yes&quot;,&quot;cards_columns&quot;:&quot;3&quot;,&quot;cards_columns_tablet&quot;:&quot;2&quot;,&quot;cards_columns_mobile&quot;:&quot;1&quot;,&quot;cards_row_gap&quot;:{&quot;unit&quot;:&quot;px&quot;,&quot;size&quot;:35,&quot;sizes&quot;:[]},&quot;cards_row_gap_tablet&quot;:{&quot;unit&quot;:&quot;px&quot;,&quot;size&quot;:&quot;&quot;,&quot;sizes&quot;:[]},&quot;cards_row_gap_mobile&quot;:{&quot;unit&quot;:&quot;px&quot;,&quot;size&quot;:&quot;&quot;,&quot;sizes&quot;:[]}}\" data-widget_type=\"posts.cards\">\n\t\t\t\t<div class=\"elementor-widget-container\">\n\t\t\t\t\t\t\t<div class=\"elementor-posts-container elementor-posts elementor-posts--skin-cards elementor-grid\" role=\"list\">\n\t\t\t\t<article class=\"elementor-post elementor-grid-item post-14645 post type-post status-publish format-standard has-post-thumbnail hentry category-cornia tag-cirurgia-de-cornia-avancada tag-distrofia-de-fuchs-tractament tag-queratoplastia-endotelial-dmek tag-tipus-de-trasplantament-de-cornia tag-trasplantament-de-cornia-recuperacio autores-dr-josep-torras tipo_de_blog-visionblog entry\" role=\"listitem\">\n\t\t\t<div class=\"elementor-post__card\">\n\t\t\t\t<a class=\"elementor-post__thumbnail__link\" href=\"https:\/\/www.vision-clinic.es\/ca\/trasplantament-de-cornia-endotelial-no-tots-els-trasplantaments-son-iguals\/\" tabindex=\"-1\" ><div class=\"elementor-post__thumbnail\"><img loading=\"lazy\" decoding=\"async\" width=\"1920\" height=\"1529\" src=\"https:\/\/www.vision-clinic.es\/wp-content\/uploads\/2026\/04\/Captura-de-pantalla-2026-04-14-a-les-13.44.03.jpg\" class=\"attachment-full size-full wp-image-14638\" alt=\"\" srcset=\"https:\/\/www.vision-clinic.es\/wp-content\/uploads\/2026\/04\/Captura-de-pantalla-2026-04-14-a-les-13.44.03.jpg 1920w, https:\/\/www.vision-clinic.es\/wp-content\/uploads\/2026\/04\/Captura-de-pantalla-2026-04-14-a-les-13.44.03-300x239.jpg 300w, https:\/\/www.vision-clinic.es\/wp-content\/uploads\/2026\/04\/Captura-de-pantalla-2026-04-14-a-les-13.44.03-1024x815.jpg 1024w, https:\/\/www.vision-clinic.es\/wp-content\/uploads\/2026\/04\/Captura-de-pantalla-2026-04-14-a-les-13.44.03-768x612.jpg 768w, https:\/\/www.vision-clinic.es\/wp-content\/uploads\/2026\/04\/Captura-de-pantalla-2026-04-14-a-les-13.44.03-1536x1223.jpg 1536w, https:\/\/www.vision-clinic.es\/wp-content\/uploads\/2026\/04\/Captura-de-pantalla-2026-04-14-a-les-13.44.03-1568x1249.jpg 1568w\" sizes=\"(max-width: 1920px) 100vw, 1920px\" style=\"width:100%;height:79.64%;max-width:1920px;\" \/><\/div><\/a>\n\t\t\t\t<div class=\"elementor-post__badge\">C\u00f2rnia<\/div>\n\t\t\t\t<div class=\"elementor-post__text\">\n\t\t\t\t<h2 class=\"elementor-post__title\">\n\t\t\t<a href=\"https:\/\/www.vision-clinic.es\/ca\/trasplantament-de-cornia-endotelial-no-tots-els-trasplantaments-son-iguals\/\" >\n\t\t\t\tTrasplantament de c\u00f2rnia endotelial: \u00bfo pensaves que tots eren iguals?\t\t\t<\/a>\n\t\t<\/h2>\n\t\t\t\t<div class=\"elementor-post__excerpt\">\n\t\t\t<p>Encara hi ha qui creu que tots els trasplantaments de c\u00f2rnia s\u00f3n iguals. No ho s\u00f3n. La queratopl\u00e0stia endotelial permet substituir nom\u00e9s la capa danyada, millorant la recuperaci\u00f3, especialment en patologies com la distr\u00f2fia de Fuchs. Com destaca el Dr. Josep Torras, escollir la t\u00e8cnica adequada \u00e9s clau per al resultat i la qualitat de vida del pacient.   <\/p>\n\t\t<\/div>\n\t\t\n\t\t<a class=\"elementor-post__read-more\" href=\"https:\/\/www.vision-clinic.es\/ca\/trasplantament-de-cornia-endotelial-no-tots-els-trasplantaments-son-iguals\/\" aria-label=\"Read more about Trasplantament de c\u00f2rnia endotelial: \u00bfo pensaves que tots eren iguals?\" tabindex=\"-1\" >\n\t\t\tLLEGIR M\u00c9S \u00bb\t\t<\/a>\n\n\t\t\t\t<\/div>\n\t\t\t\t\t<\/div>\n\t\t<\/article>\n\t\t\t\t<article class=\"elementor-post elementor-grid-item post-14613 post type-post status-publish format-standard has-post-thumbnail hentry category-retina-ca tag-alfredo-adan-ca tag-cirurgia-ocular tag-oftalmologia-ca tag-retina-ca autores-dr-alfredo-adan tipo_de_blog-visionblog entry\" role=\"listitem\">\n\t\t\t<div class=\"elementor-post__card\">\n\t\t\t\t<a class=\"elementor-post__thumbnail__link\" href=\"https:\/\/www.vision-clinic.es\/ca\/cirurgia-ocular-per-que-es-clau-escollir-be-lespecialista\/\" tabindex=\"-1\" ><div class=\"elementor-post__thumbnail\"><img loading=\"lazy\" decoding=\"async\" width=\"1920\" height=\"1530\" src=\"https:\/\/www.vision-clinic.es\/wp-content\/uploads\/2026\/04\/Captura-de-pantalla-2026-04-06-a-les-16.42.13.jpg\" class=\"attachment-full size-full wp-image-14607\" alt=\"\" srcset=\"https:\/\/www.vision-clinic.es\/wp-content\/uploads\/2026\/04\/Captura-de-pantalla-2026-04-06-a-les-16.42.13.jpg 1920w, https:\/\/www.vision-clinic.es\/wp-content\/uploads\/2026\/04\/Captura-de-pantalla-2026-04-06-a-les-16.42.13-300x239.jpg 300w, https:\/\/www.vision-clinic.es\/wp-content\/uploads\/2026\/04\/Captura-de-pantalla-2026-04-06-a-les-16.42.13-1024x816.jpg 1024w, https:\/\/www.vision-clinic.es\/wp-content\/uploads\/2026\/04\/Captura-de-pantalla-2026-04-06-a-les-16.42.13-768x612.jpg 768w, https:\/\/www.vision-clinic.es\/wp-content\/uploads\/2026\/04\/Captura-de-pantalla-2026-04-06-a-les-16.42.13-1536x1224.jpg 1536w, https:\/\/www.vision-clinic.es\/wp-content\/uploads\/2026\/04\/Captura-de-pantalla-2026-04-06-a-les-16.42.13-1568x1250.jpg 1568w\" sizes=\"(max-width: 1920px) 100vw, 1920px\" style=\"width:100%;height:79.69%;max-width:1920px;\" \/><\/div><\/a>\n\t\t\t\t<div class=\"elementor-post__badge\">Retina<\/div>\n\t\t\t\t<div class=\"elementor-post__text\">\n\t\t\t\t<h2 class=\"elementor-post__title\">\n\t\t\t<a href=\"https:\/\/www.vision-clinic.es\/ca\/cirurgia-ocular-per-que-es-clau-escollir-be-lespecialista\/\" >\n\t\t\t\tCirurgia ocular: per qu\u00e8 \u00e9s clau escollir b\u00e9 l\u2019especialista\t\t\t<\/a>\n\t\t<\/h2>\n\t\t\t\t<div class=\"elementor-post__excerpt\">\n\t\t\t<p>La cirurgia oftalmol\u00f2gica ha avan\u00e7at tant que avui pot semblar r\u00e0pida i senzilla. Per\u00f2 darrere de cada intervenci\u00f3 hi ha decisions clau que poden marcar el resultat\u2026 i la teva visi\u00f3 per sempre. \u201cPensar que qualsevol cirurgia oftalmol\u00f2gica \u00e9s senzilla i la pot fer qualsevol \u00e9s un error\u201d, adverteix Alfredo Ad\u00e1n.  <\/p>\n\t\t<\/div>\n\t\t\n\t\t<a class=\"elementor-post__read-more\" href=\"https:\/\/www.vision-clinic.es\/ca\/cirurgia-ocular-per-que-es-clau-escollir-be-lespecialista\/\" aria-label=\"Read more about Cirurgia ocular: per qu\u00e8 \u00e9s clau escollir b\u00e9 l\u2019especialista\" tabindex=\"-1\" >\n\t\t\tLLEGIR M\u00c9S \u00bb\t\t<\/a>\n\n\t\t\t\t<\/div>\n\t\t\t\t\t<\/div>\n\t\t<\/article>\n\t\t\t\t<article class=\"elementor-post elementor-grid-item post-14590 post type-post status-publish format-standard has-post-thumbnail hentry category-investigacio tag-dmae tag-macula-ca tag-presio-arterial-o-presio-ocular tag-retina-ca tag-tractament-de-la-retina autores-dra-anna-sala tipo_de_blog-visionblog entry\" role=\"listitem\">\n\t\t\t<div class=\"elementor-post__card\">\n\t\t\t\t<a class=\"elementor-post__thumbnail__link\" href=\"https:\/\/www.vision-clinic.es\/ca\/a-qui-confiaries-la-teva-visio-a-qui-aplica-levidencia-o-a-qui-la-lidera\/\" tabindex=\"-1\" ><div class=\"elementor-post__thumbnail\"><img loading=\"lazy\" decoding=\"async\" width=\"1440\" height=\"960\" src=\"https:\/\/www.vision-clinic.es\/wp-content\/uploads\/2026\/03\/serv-sala.jpg\" class=\"attachment-full size-full wp-image-14451\" alt=\"\" srcset=\"https:\/\/www.vision-clinic.es\/wp-content\/uploads\/2026\/03\/serv-sala.jpg 1440w, https:\/\/www.vision-clinic.es\/wp-content\/uploads\/2026\/03\/serv-sala-300x200.jpg 300w, https:\/\/www.vision-clinic.es\/wp-content\/uploads\/2026\/03\/serv-sala-1024x683.jpg 1024w, https:\/\/www.vision-clinic.es\/wp-content\/uploads\/2026\/03\/serv-sala-768x512.jpg 768w\" sizes=\"(max-width: 1440px) 100vw, 1440px\" style=\"width:100%;height:66.67%;max-width:1440px;\" \/><\/div><\/a>\n\t\t\t\t<div class=\"elementor-post__badge\">Investigaci\u00f3<\/div>\n\t\t\t\t<div class=\"elementor-post__text\">\n\t\t\t\t<h2 class=\"elementor-post__title\">\n\t\t\t<a href=\"https:\/\/www.vision-clinic.es\/ca\/a-qui-confiaries-la-teva-visio-a-qui-aplica-levidencia-o-a-qui-la-lidera\/\" >\n\t\t\t\tA qui confiaries la teva visi\u00f3: a qui aplica l\u2019evid\u00e8ncia\u2026 o a qui la lidera?\t\t\t<\/a>\n\t\t<\/h2>\n\t\t\t\t<div class=\"elementor-post__excerpt\">\n\t\t\t<p>Confiar la teva visi\u00f3 a qui lidera l\u2019evid\u00e8ncia cient\u00edfica aporta una tranquil\u00b7litat dif\u00edcil d\u2019explicar. La Dra. Anna Sala-Puigdollers, especialista en retina de Visionclinic, ha participat en el 29\u00e8 Congr\u00e9s de la Societat Espanyola de Retina i Vitri (SERV), una de les trobades cient\u00edfiques m\u00e9s rellevants en oftalmologia a Espanya.<\/p>\n\t\t<\/div>\n\t\t\n\t\t<a class=\"elementor-post__read-more\" href=\"https:\/\/www.vision-clinic.es\/ca\/a-qui-confiaries-la-teva-visio-a-qui-aplica-levidencia-o-a-qui-la-lidera\/\" aria-label=\"Read more about A qui confiaries la teva visi\u00f3: a qui aplica l\u2019evid\u00e8ncia\u2026 o a qui la lidera?\" tabindex=\"-1\" >\n\t\t\tLLEGIR M\u00c9S \u00bb\t\t<\/a>\n\n\t\t\t\t<\/div>\n\t\t\t\t\t<\/div>\n\t\t<\/article>\n\t\t\t\t<\/div>\n\t\t\n\t\t\t\t\t\t<\/div>\n\t\t\t\t<\/div>\n\t\t\t\t\t<\/div>\n\t\t<\/div>\n\t\t\t\t\t<\/div>\n\t\t<\/section>\n\t\t\t\t\t<\/div>\n\t\t<\/div>\n\t\t\t\t\t<\/div>\n\t\t<\/section>\n\t\t\t\t<section class=\"elementor-section elementor-top-section elementor-element elementor-element-4c6612c elementor-section-stretched elementor-section-boxed elementor-section-height-default elementor-section-height-default\" data-id=\"4c6612c\" data-element_type=\"section\" data-e-type=\"section\" id=\"06\" data-settings=\"{&quot;stretch_section&quot;:&quot;section-stretched&quot;}\">\n\t\t\t\t\t\t<div class=\"elementor-container elementor-column-gap-default\">\n\t\t\t\t\t<div class=\"elementor-column elementor-col-100 elementor-top-column elementor-element elementor-element-3c1511b\" data-id=\"3c1511b\" data-element_type=\"column\" data-e-type=\"column\">\n\t\t\t<div class=\"elementor-widget-wrap elementor-element-populated\">\n\t\t\t\t\t\t<div class=\"elementor-element elementor-element-01b1e2e elementor-widget-divider--view-line elementor-widget elementor-widget-divider\" data-id=\"01b1e2e\" data-element_type=\"widget\" data-e-type=\"widget\" data-widget_type=\"divider.default\">\n\t\t\t\t<div class=\"elementor-widget-container\">\n\t\t\t\t\t\t\t<div class=\"elementor-divider\">\n\t\t\t<span class=\"elementor-divider-separator\">\n\t\t\t\t\t\t<\/span>\n\t\t<\/div>\n\t\t\t\t\t\t<\/div>\n\t\t\t\t<\/div>\n\t\t\t\t<section class=\"elementor-section elementor-inner-section elementor-element elementor-element-e89a09a elementor-section-boxed elementor-section-height-default elementor-section-height-default\" data-id=\"e89a09a\" data-element_type=\"section\" data-e-type=\"section\">\n\t\t\t\t\t\t<div class=\"elementor-container elementor-column-gap-default\">\n\t\t\t\t\t<div class=\"elementor-column elementor-col-100 elementor-inner-column elementor-element elementor-element-83119ad\" data-id=\"83119ad\" data-element_type=\"column\" data-e-type=\"column\">\n\t\t\t<div class=\"elementor-widget-wrap elementor-element-populated\">\n\t\t\t\t\t\t<div class=\"elementor-element elementor-element-6184921 elementor-absolute img-punt elementor-widget__width-initial elementor-widget elementor-widget-image\" data-id=\"6184921\" data-element_type=\"widget\" data-e-type=\"widget\" data-settings=\"{&quot;_position&quot;:&quot;absolute&quot;}\" data-widget_type=\"image.default\">\n\t\t\t\t<div class=\"elementor-widget-container\">\n\t\t\t\t\t\t\t\t\t\t\t\t\t\t\t<img loading=\"lazy\" decoding=\"async\" width=\"57\" height=\"57\" src=\"https:\/\/www.vision-clinic.es\/wp-content\/uploads\/2021\/12\/Group-135.svg\" class=\"attachment-full size-full wp-image-9814\" alt=\"\" style=\"width:100%;height:100%;max-width:57px\" \/>\t\t\t\t\t\t\t\t\t\t\t\t\t\t\t<\/div>\n\t\t\t\t<\/div>\n\t\t\t\t<div class=\"elementor-element elementor-element-82cc7ec center-align elementor-widget__width-auto elementor-widget-mobile__width-initial elementor-widget elementor-widget-heading\" data-id=\"82cc7ec\" data-element_type=\"widget\" data-e-type=\"widget\" data-widget_type=\"heading.default\">\n\t\t\t\t<div class=\"elementor-widget-container\">\n\t\t\t\t\t<h2 class=\"elementor-heading-title elementor-size-default\">PROFESSIONALS EXPERTS <b>EN<\/b> <b>LENTS INTRAOCULARS<\/b><\/h2>\t\t\t\t<\/div>\n\t\t\t\t<\/div>\n\t\t\t\t\t<\/div>\n\t\t<\/div>\n\t\t\t\t\t<\/div>\n\t\t<\/section>\n\t\t\t\t<section class=\"elementor-section elementor-inner-section elementor-element elementor-element-f725831 elementor-section-boxed elementor-section-height-default elementor-section-height-default\" data-id=\"f725831\" data-element_type=\"section\" data-e-type=\"section\">\n\t\t\t\t\t\t<div class=\"elementor-container elementor-column-gap-default\">\n\t\t\t\t\t<div class=\"elementor-column elementor-col-33 elementor-inner-column elementor-element elementor-element-a02201b\" data-id=\"a02201b\" data-element_type=\"column\" data-e-type=\"column\">\n\t\t\t<div class=\"elementor-widget-wrap elementor-element-populated\">\n\t\t\t\t\t\t<div class=\"elementor-element elementor-element-7ccec65 elementor-position-left elementor-vertical-align-middle elementor-widget elementor-widget-image-box\" data-id=\"7ccec65\" data-element_type=\"widget\" data-e-type=\"widget\" data-widget_type=\"image-box.default\">\n\t\t\t\t<div class=\"elementor-widget-container\">\n\t\t\t\t\t<div class=\"elementor-image-box-wrapper\"><figure class=\"elementor-image-box-img\"><img loading=\"lazy\" decoding=\"async\" width=\"200\" height=\"202\" src=\"https:\/\/www.vision-clinic.es\/wp-content\/uploads\/2022\/02\/Josep-Torras-e1710861695479.png\" class=\"attachment-full size-full wp-image-9993\" alt=\"\" style=\"width:100%;height:101%;max-width:200px\" \/><\/figure><div class=\"elementor-image-box-content\"><h3 class=\"elementor-image-box-title\"><span style=\"font-size: 15px;text-align: center;white-space: normal\">Dr. Josep Torras Sanvicens<\/span><\/h3><\/div><\/div>\t\t\t\t<\/div>\n\t\t\t\t<\/div>\n\t\t\t\t\t<\/div>\n\t\t<\/div>\n\t\t\t\t<div class=\"elementor-column elementor-col-33 elementor-inner-column elementor-element elementor-element-c205803\" data-id=\"c205803\" data-element_type=\"column\" data-e-type=\"column\">\n\t\t\t<div class=\"elementor-widget-wrap\">\n\t\t\t\t\t\t\t<\/div>\n\t\t<\/div>\n\t\t\t\t<div class=\"elementor-column elementor-col-33 elementor-inner-column elementor-element elementor-element-bcd8e00\" data-id=\"bcd8e00\" data-element_type=\"column\" data-e-type=\"column\">\n\t\t\t<div class=\"elementor-widget-wrap\">\n\t\t\t\t\t\t\t<\/div>\n\t\t<\/div>\n\t\t\t\t\t<\/div>\n\t\t<\/section>\n\t\t\t\t\t<\/div>\n\t\t<\/div>\n\t\t\t\t\t<\/div>\n\t\t<\/section>\n\t\t\t\t<\/div>\n\t\t","protected":false},"excerpt":{"rendered":"<p>EL VAL\u00d5R DE VEURE-HI B\u00c9 CIRURGIA REFRACTIVA AMB LENTS INTRAOCULARS En alguns pacients el risc\/benefici de corregir un defecte refractiu amb cirurgia refractiva amb l\u00e0ser \u00e9s massa alt, b\u00e9 per la magnitud del defecte (nombre de di\u00f2ptries), b\u00e9 per la pres\u00e8ncia d&#8217;una irregularitat o gruix fi de la c\u00f2rnia. En aquests casos, cal corregir el&hellip; <a class=\"more-link\" href=\"https:\/\/www.vision-clinic.es\/ca\/a-qui-confiaries-la-teva-visio-a-qui-aplica-levidencia-o-a-qui-la-lidera\/\">Continueu llegint <span class=\"screen-reader-text\">A qui confiaries la teva visi\u00f3: a qui aplica l\u2019evid\u00e8ncia\u2026 o a qui la lidera?<\/span><\/a><\/p>\n","protected":false},"author":1,"featured_media":0,"parent":0,"menu_order":0,"comment_status":"closed","ping_status":"closed","template":"","meta":{"_acf_changed":false,"footnotes":""},"class_list":["post-10160","page","type-page","status-publish","hentry","entry"],"acf":[],"yoast_head":"<!-- This site is optimized with the Yoast SEO plugin v27.4 - https:\/\/yoast.com\/product\/yoast-seo-wordpress\/ -->\n<title>Cirurgia refractiva amb lent intraocular - visi\u00f5ncl\u00ednic<\/title>\n<meta name=\"description\" content=\"En alguns casos \u00e9s preferible corregir la miopia, l&#039;astigmatisme o la hipermetropia mitjan\u00e7ant l&#039;implant d&#039;una lent intraocular.\" \/>\n<meta name=\"robots\" content=\"index, follow, max-snippet:-1, max-image-preview:large, max-video-preview:-1\" \/>\n<link rel=\"canonical\" href=\"https:\/\/www.vision-clinic.es\/ca\/cirurgia-refractiva-amb-lent-intraocular\/\" \/>\n<meta property=\"og:locale\" content=\"ca_ES\" \/>\n<meta property=\"og:type\" content=\"article\" \/>\n<meta property=\"og:title\" content=\"Cirurgia refractiva amb lent intraocular - visi\u00f5ncl\u00ednic\" \/>\n<meta property=\"og:description\" content=\"En alguns casos \u00e9s preferible corregir la miopia, l&#039;astigmatisme o la hipermetropia mitjan\u00e7ant l&#039;implant d&#039;una lent intraocular.\" \/>\n<meta property=\"og:url\" content=\"https:\/\/www.vision-clinic.es\/ca\/cirurgia-refractiva-amb-lent-intraocular\/\" \/>\n<meta property=\"og:site_name\" content=\"visi\u00f5ncl\u00ednic\" \/>\n<meta property=\"article:modified_time\" content=\"2026-03-16T13:34:36+00:00\" \/>\n<meta property=\"og:image\" content=\"https:\/\/www.vision-clinic.es\/wp-content\/uploads\/2021\/10\/6.png\" \/>\n\t<meta property=\"og:image:width\" content=\"936\" \/>\n\t<meta property=\"og:image:height\" content=\"1032\" \/>\n\t<meta property=\"og:image:type\" content=\"image\/png\" \/>\n<meta name=\"twitter:card\" content=\"summary_large_image\" \/>\n<meta name=\"twitter:label1\" content=\"Temps estimat de lectura\" \/>\n\t<meta name=\"twitter:data1\" content=\"10 minuts\" \/>\n<script type=\"application\/ld+json\" class=\"yoast-schema-graph\">{\"@context\":\"https:\\\/\\\/schema.org\",\"@graph\":[{\"@type\":\"WebPage\",\"@id\":\"https:\\\/\\\/www.vision-clinic.es\\\/ca\\\/cirurgia-refractiva-amb-lent-intraocular\\\/\",\"url\":\"https:\\\/\\\/www.vision-clinic.es\\\/ca\\\/cirurgia-refractiva-amb-lent-intraocular\\\/\",\"name\":\"Cirurgia refractiva amb lent intraocular - visi\u00f5ncl\u00ednic\",\"isPartOf\":{\"@id\":\"https:\\\/\\\/www.vision-clinic.es\\\/#website\"},\"primaryImageOfPage\":{\"@id\":\"https:\\\/\\\/www.vision-clinic.es\\\/ca\\\/cirurgia-refractiva-amb-lent-intraocular\\\/#primaryimage\"},\"image\":{\"@id\":\"https:\\\/\\\/www.vision-clinic.es\\\/ca\\\/cirurgia-refractiva-amb-lent-intraocular\\\/#primaryimage\"},\"thumbnailUrl\":\"https:\\\/\\\/www.vision-clinic.es\\\/wp-content\\\/uploads\\\/2021\\\/10\\\/6.png\",\"datePublished\":\"2022-03-03T13:07:32+00:00\",\"dateModified\":\"2026-03-16T13:34:36+00:00\",\"description\":\"En alguns casos \u00e9s preferible corregir la miopia, l'astigmatisme o la hipermetropia mitjan\u00e7ant l'implant d'una lent intraocular.\",\"breadcrumb\":{\"@id\":\"https:\\\/\\\/www.vision-clinic.es\\\/ca\\\/cirurgia-refractiva-amb-lent-intraocular\\\/#breadcrumb\"},\"inLanguage\":\"ca\",\"potentialAction\":[{\"@type\":\"ReadAction\",\"target\":[\"https:\\\/\\\/www.vision-clinic.es\\\/ca\\\/cirurgia-refractiva-amb-lent-intraocular\\\/\"]}]},{\"@type\":\"ImageObject\",\"inLanguage\":\"ca\",\"@id\":\"https:\\\/\\\/www.vision-clinic.es\\\/ca\\\/cirurgia-refractiva-amb-lent-intraocular\\\/#primaryimage\",\"url\":\"https:\\\/\\\/www.vision-clinic.es\\\/wp-content\\\/uploads\\\/2021\\\/10\\\/6.png\",\"contentUrl\":\"https:\\\/\\\/www.vision-clinic.es\\\/wp-content\\\/uploads\\\/2021\\\/10\\\/6.png\"},{\"@type\":\"BreadcrumbList\",\"@id\":\"https:\\\/\\\/www.vision-clinic.es\\\/ca\\\/cirurgia-refractiva-amb-lent-intraocular\\\/#breadcrumb\",\"itemListElement\":[{\"@type\":\"ListItem\",\"position\":1,\"name\":\"Portada\",\"item\":\"https:\\\/\\\/www.vision-clinic.es\\\/\"},{\"@type\":\"ListItem\",\"position\":2,\"name\":\"Cirurgia refractiva amb lent intraocular\"}]},{\"@type\":\"WebSite\",\"@id\":\"https:\\\/\\\/www.vision-clinic.es\\\/#website\",\"url\":\"https:\\\/\\\/www.vision-clinic.es\\\/\",\"name\":\"visi\u00f5ncl\u00ednic\",\"description\":\"Cl\u00ednica oftalmol\u00f3gica de barnacl\u00ednic+ y Cl\u00ednicas Mi |\u00a0El val\u00f5r de ver bi\u00e9n\",\"publisher\":{\"@id\":\"https:\\\/\\\/www.vision-clinic.es\\\/#organization\"},\"potentialAction\":[{\"@type\":\"SearchAction\",\"target\":{\"@type\":\"EntryPoint\",\"urlTemplate\":\"https:\\\/\\\/www.vision-clinic.es\\\/?s={search_term_string}\"},\"query-input\":{\"@type\":\"PropertyValueSpecification\",\"valueRequired\":true,\"valueName\":\"search_term_string\"}}],\"inLanguage\":\"ca\"},{\"@type\":\"Organization\",\"@id\":\"https:\\\/\\\/www.vision-clinic.es\\\/#organization\",\"name\":\"visi\u00f5ncl\u00ednic\",\"url\":\"https:\\\/\\\/www.vision-clinic.es\\\/\",\"logo\":{\"@type\":\"ImageObject\",\"inLanguage\":\"ca\",\"@id\":\"https:\\\/\\\/www.vision-clinic.es\\\/#\\\/schema\\\/logo\\\/image\\\/\",\"url\":\"https:\\\/\\\/www.vision-clinic.es\\\/wp-content\\\/uploads\\\/2021\\\/10\\\/logo-web-visionclinic-cob.png\",\"contentUrl\":\"https:\\\/\\\/www.vision-clinic.es\\\/wp-content\\\/uploads\\\/2021\\\/10\\\/logo-web-visionclinic-cob.png\",\"width\":395,\"height\":100,\"caption\":\"visi\u00f5ncl\u00ednic\"},\"image\":{\"@id\":\"https:\\\/\\\/www.vision-clinic.es\\\/#\\\/schema\\\/logo\\\/image\\\/\"}}]}<\/script>\n<!-- \/ Yoast SEO plugin. -->","yoast_head_json":{"title":"Cirurgia refractiva amb lent intraocular - visi\u00f5ncl\u00ednic","description":"En alguns casos \u00e9s preferible corregir la miopia, l'astigmatisme o la hipermetropia mitjan\u00e7ant l'implant d'una lent intraocular.","robots":{"index":"index","follow":"follow","max-snippet":"max-snippet:-1","max-image-preview":"max-image-preview:large","max-video-preview":"max-video-preview:-1"},"canonical":"https:\/\/www.vision-clinic.es\/ca\/cirurgia-refractiva-amb-lent-intraocular\/","og_locale":"ca_ES","og_type":"article","og_title":"Cirurgia refractiva amb lent intraocular - visi\u00f5ncl\u00ednic","og_description":"En alguns casos \u00e9s preferible corregir la miopia, l'astigmatisme o la hipermetropia mitjan\u00e7ant l'implant d'una lent intraocular.","og_url":"https:\/\/www.vision-clinic.es\/ca\/cirurgia-refractiva-amb-lent-intraocular\/","og_site_name":"visi\u00f5ncl\u00ednic","article_modified_time":"2026-03-16T13:34:36+00:00","og_image":[{"width":936,"height":1032,"url":"https:\/\/www.vision-clinic.es\/wp-content\/uploads\/2021\/10\/6.png","type":"image\/png"}],"twitter_card":"summary_large_image","twitter_misc":{"Temps estimat de lectura":"10 minuts"},"schema":{"@context":"https:\/\/schema.org","@graph":[{"@type":"WebPage","@id":"https:\/\/www.vision-clinic.es\/ca\/cirurgia-refractiva-amb-lent-intraocular\/","url":"https:\/\/www.vision-clinic.es\/ca\/cirurgia-refractiva-amb-lent-intraocular\/","name":"Cirurgia refractiva amb lent intraocular - visi\u00f5ncl\u00ednic","isPartOf":{"@id":"https:\/\/www.vision-clinic.es\/#website"},"primaryImageOfPage":{"@id":"https:\/\/www.vision-clinic.es\/ca\/cirurgia-refractiva-amb-lent-intraocular\/#primaryimage"},"image":{"@id":"https:\/\/www.vision-clinic.es\/ca\/cirurgia-refractiva-amb-lent-intraocular\/#primaryimage"},"thumbnailUrl":"https:\/\/www.vision-clinic.es\/wp-content\/uploads\/2021\/10\/6.png","datePublished":"2022-03-03T13:07:32+00:00","dateModified":"2026-03-16T13:34:36+00:00","description":"En alguns casos \u00e9s preferible corregir la miopia, l'astigmatisme o la hipermetropia mitjan\u00e7ant l'implant d'una lent intraocular.","breadcrumb":{"@id":"https:\/\/www.vision-clinic.es\/ca\/cirurgia-refractiva-amb-lent-intraocular\/#breadcrumb"},"inLanguage":"ca","potentialAction":[{"@type":"ReadAction","target":["https:\/\/www.vision-clinic.es\/ca\/cirurgia-refractiva-amb-lent-intraocular\/"]}]},{"@type":"ImageObject","inLanguage":"ca","@id":"https:\/\/www.vision-clinic.es\/ca\/cirurgia-refractiva-amb-lent-intraocular\/#primaryimage","url":"https:\/\/www.vision-clinic.es\/wp-content\/uploads\/2021\/10\/6.png","contentUrl":"https:\/\/www.vision-clinic.es\/wp-content\/uploads\/2021\/10\/6.png"},{"@type":"BreadcrumbList","@id":"https:\/\/www.vision-clinic.es\/ca\/cirurgia-refractiva-amb-lent-intraocular\/#breadcrumb","itemListElement":[{"@type":"ListItem","position":1,"name":"Portada","item":"https:\/\/www.vision-clinic.es\/"},{"@type":"ListItem","position":2,"name":"Cirurgia refractiva amb lent intraocular"}]},{"@type":"WebSite","@id":"https:\/\/www.vision-clinic.es\/#website","url":"https:\/\/www.vision-clinic.es\/","name":"visi\u00f5ncl\u00ednic","description":"Cl\u00ednica oftalmol\u00f3gica de barnacl\u00ednic+ y Cl\u00ednicas Mi |\u00a0El val\u00f5r de ver bi\u00e9n","publisher":{"@id":"https:\/\/www.vision-clinic.es\/#organization"},"potentialAction":[{"@type":"SearchAction","target":{"@type":"EntryPoint","urlTemplate":"https:\/\/www.vision-clinic.es\/?s={search_term_string}"},"query-input":{"@type":"PropertyValueSpecification","valueRequired":true,"valueName":"search_term_string"}}],"inLanguage":"ca"},{"@type":"Organization","@id":"https:\/\/www.vision-clinic.es\/#organization","name":"visi\u00f5ncl\u00ednic","url":"https:\/\/www.vision-clinic.es\/","logo":{"@type":"ImageObject","inLanguage":"ca","@id":"https:\/\/www.vision-clinic.es\/#\/schema\/logo\/image\/","url":"https:\/\/www.vision-clinic.es\/wp-content\/uploads\/2021\/10\/logo-web-visionclinic-cob.png","contentUrl":"https:\/\/www.vision-clinic.es\/wp-content\/uploads\/2021\/10\/logo-web-visionclinic-cob.png","width":395,"height":100,"caption":"visi\u00f5ncl\u00ednic"},"image":{"@id":"https:\/\/www.vision-clinic.es\/#\/schema\/logo\/image\/"}}]}},"_links":{"self":[{"href":"https:\/\/www.vision-clinic.es\/ca\/wp-json\/wp\/v2\/pages\/10160","targetHints":{"allow":["GET"]}}],"collection":[{"href":"https:\/\/www.vision-clinic.es\/ca\/wp-json\/wp\/v2\/pages"}],"about":[{"href":"https:\/\/www.vision-clinic.es\/ca\/wp-json\/wp\/v2\/types\/page"}],"author":[{"embeddable":true,"href":"https:\/\/www.vision-clinic.es\/ca\/wp-json\/wp\/v2\/users\/1"}],"replies":[{"embeddable":true,"href":"https:\/\/www.vision-clinic.es\/ca\/wp-json\/wp\/v2\/comments?post=10160"}],"version-history":[{"count":23,"href":"https:\/\/www.vision-clinic.es\/ca\/wp-json\/wp\/v2\/pages\/10160\/revisions"}],"predecessor-version":[{"id":14255,"href":"https:\/\/www.vision-clinic.es\/ca\/wp-json\/wp\/v2\/pages\/10160\/revisions\/14255"}],"wp:attachment":[{"href":"https:\/\/www.vision-clinic.es\/ca\/wp-json\/wp\/v2\/media?parent=10160"}],"curies":[{"name":"wp","href":"https:\/\/api.w.org\/{rel}","templated":true}]}}