{"id":10170,"date":"2022-03-03T14:55:58","date_gmt":"2022-03-03T14:55:58","guid":{"rendered":"https:\/\/www.vision-clinic.es\/neurooftalmologia\/"},"modified":"2024-06-07T15:16:07","modified_gmt":"2024-06-07T15:16:07","slug":"neurooftalmologia","status":"publish","type":"page","link":"https:\/\/www.vision-clinic.es\/ca\/neurooftalmologia\/","title":{"rendered":"Neurooftalmologia"},"content":{"rendered":"\t\t<div data-elementor-type=\"wp-page\" data-elementor-id=\"10170\" class=\"elementor elementor-10170 elementor-3895\" data-elementor-post-type=\"page\">\n\t\t\t\t\t\t<section class=\"elementor-section elementor-top-section elementor-element elementor-element-225aa91 elementor-section-height-min-height elementor-section-stretched slider-principal animated-fast elementor-section-boxed elementor-section-height-default elementor-section-items-middle elementor-invisible\" data-id=\"225aa91\" data-element_type=\"section\" data-e-type=\"section\" data-settings=\"{&quot;stretch_section&quot;:&quot;section-stretched&quot;,&quot;background_background&quot;:&quot;classic&quot;,&quot;animation&quot;:&quot;fadeIn&quot;}\">\n\t\t\t\t\t\t\t<div class=\"elementor-background-overlay\"><\/div>\n\t\t\t\t\t\t\t<div class=\"elementor-container elementor-column-gap-default\">\n\t\t\t\t\t<div class=\"elementor-column elementor-col-100 elementor-top-column elementor-element elementor-element-79f7191\" data-id=\"79f7191\" data-element_type=\"column\" data-e-type=\"column\">\n\t\t\t<div class=\"elementor-widget-wrap elementor-element-populated\">\n\t\t\t\t\t\t<div class=\"elementor-element elementor-element-b80ba3c title-blanco elementor-widget elementor-widget-text-editor\" data-id=\"b80ba3c\" data-element_type=\"widget\" data-e-type=\"widget\" data-widget_type=\"text-editor.default\">\n\t\t\t\t<div class=\"elementor-widget-container\">\n\t\t\t\t\t\t\t\t\t<p>EL VAL\u00d5R DE <strong>VEURE-HI B\u00c9<\/strong><\/p>\n\t\t\t\t\t\t\t\t<\/div>\n\t\t\t\t<\/div>\n\t\t\t\t<div class=\"elementor-element elementor-element-c786300 elementor-widget elementor-widget-heading\" data-id=\"c786300\" data-element_type=\"widget\" data-e-type=\"widget\" data-widget_type=\"heading.default\">\n\t\t\t\t<div class=\"elementor-widget-container\">\n\t\t\t\t\t<h1 class=\"elementor-heading-title elementor-size-default\">NEUROOFTALMOLOGIA<\/h1>\t\t\t\t<\/div>\n\t\t\t\t<\/div>\n\t\t\t\t<div class=\"elementor-element elementor-element-f693b11 elementor-widget__width-initial elementor-widget-tablet__width-initial elementor-widget-mobile__width-initial elementor-widget elementor-widget-text-editor\" data-id=\"f693b11\" data-element_type=\"widget\" data-e-type=\"widget\" data-widget_type=\"text-editor.default\">\n\t\t\t\t<div class=\"elementor-widget-container\">\n\t\t\t\t\t\t\t\t\t<p>Hi ha diferents problemes neuronals i cerebrals que es manifesten de manera visual. La disfunci\u00f3 d&#8217;alguns nervis cranials pot afectar l&#8217;ull, la pupil\u00b7la, el nervi \u00f2ptic o els m\u00fasculs extraoculars. D&#8217;aquesta interconnexi\u00f3 entre el cervell i la vista sorgeix la Neurooftalmologia, una subespecialitat m\u00e8dica que s&#8217;encarrega de l&#8217;estudi de les alteracions de la visi\u00f3 secund\u00e0ries a patologies del sistema nervi\u00f3s. Les alteracions neurooftalmol\u00f2giques es divideixen en dos grans grups, les que afecten la funci\u00f3 visual i les que afecten la funci\u00f3 motora.<\/p>\n\t\t\t\t\t\t\t\t<\/div>\n\t\t\t\t<\/div>\n\t\t\t\t<div class=\"elementor-element elementor-element-57e0b2c elementor-hidden-desktop elementor-widget elementor-widget-image\" data-id=\"57e0b2c\" data-element_type=\"widget\" data-e-type=\"widget\" data-widget_type=\"image.default\">\n\t\t\t\t<div class=\"elementor-widget-container\">\n\t\t\t\t\t\t\t\t\t\t\t\t\t\t\t<img fetchpriority=\"high\" decoding=\"async\" width=\"824\" height=\"1031\" src=\"https:\/\/www.vision-clinic.es\/wp-content\/uploads\/2021\/12\/Rectangle-57-ok-1.png\" class=\"attachment-full size-full wp-image-9893\" alt=\"\" srcset=\"https:\/\/www.vision-clinic.es\/wp-content\/uploads\/2021\/12\/Rectangle-57-ok-1.png 824w, https:\/\/www.vision-clinic.es\/wp-content\/uploads\/2021\/12\/Rectangle-57-ok-1-240x300.png 240w, https:\/\/www.vision-clinic.es\/wp-content\/uploads\/2021\/12\/Rectangle-57-ok-1-818x1024.png 818w, https:\/\/www.vision-clinic.es\/wp-content\/uploads\/2021\/12\/Rectangle-57-ok-1-768x961.png 768w\" sizes=\"(max-width: 824px) 100vw, 824px\" style=\"width:100%;height:125.12%;max-width:824px\" \/>\t\t\t\t\t\t\t\t\t\t\t\t\t\t\t<\/div>\n\t\t\t\t<\/div>\n\t\t\t\t<section class=\"elementor-section elementor-inner-section elementor-element elementor-element-70b0682 elementor-section-content-bottom elementor-section-boxed elementor-section-height-default elementor-section-height-default\" data-id=\"70b0682\" data-element_type=\"section\" data-e-type=\"section\" data-settings=\"{&quot;background_background&quot;:&quot;classic&quot;}\">\n\t\t\t\t\t\t<div class=\"elementor-container elementor-column-gap-default\">\n\t\t\t\t\t<div class=\"elementor-column elementor-col-33 elementor-inner-column elementor-element elementor-element-594505b\" data-id=\"594505b\" data-element_type=\"column\" data-e-type=\"column\" data-settings=\"{&quot;background_background&quot;:&quot;classic&quot;}\">\n\t\t\t<div class=\"elementor-widget-wrap elementor-element-populated\">\n\t\t\t\t\t\t<div class=\"elementor-element elementor-element-d582593 elementor-widget-tablet__width-initial elementor-widget elementor-widget-text-editor\" data-id=\"d582593\" data-element_type=\"widget\" data-e-type=\"widget\" data-widget_type=\"text-editor.default\">\n\t\t\t\t<div class=\"elementor-widget-container\">\n\t\t\t\t\t\t\t\t\t<p>Truca&#8217;ns o, si ho prefereixes, et truquem<\/p><h4 style=\"font-family: var(--heading--font-family); font-weight: var(--heading--font-weight-strong); font-size: var(--heading--font-size-h4); letter-spacing: normal; line-height: var(--heading--line-height-h4);\"><a href=\"tel:+34 646490981\"><u>+34 646 490 981<\/u><\/a><\/h4>\t\t\t\t\t\t\t\t<\/div>\n\t\t\t\t<\/div>\n\t\t\t\t<div class=\"elementor-element elementor-element-5582632 elementor-button-align-start elementor-widget elementor-widget-global elementor-global-1962 elementor-widget-form\" data-id=\"5582632\" data-element_type=\"widget\" data-e-type=\"widget\" data-settings=\"{&quot;step_next_label&quot;:&quot;Next&quot;,&quot;step_previous_label&quot;:&quot;Previous&quot;,&quot;button_width&quot;:&quot;100&quot;,&quot;step_type&quot;:&quot;number_text&quot;,&quot;step_icon_shape&quot;:&quot;circle&quot;}\" data-widget_type=\"form.default\">\n\t\t\t\t<div class=\"elementor-widget-container\">\n\t\t\t\t\t\t\t<form class=\"elementor-form\" method=\"post\" name=\"Contacto slider\" aria-label=\"Contacto slider\">\n\t\t\t<input type=\"hidden\" name=\"post_id\" value=\"10170\"\/>\n\t\t\t<input type=\"hidden\" name=\"form_id\" value=\"5582632\"\/>\n\t\t\t<input type=\"hidden\" name=\"referer_title\" value=\"visi\u00f5ncl\u00ednic\" \/>\n\n\t\t\t\n\t\t\t<div class=\"elementor-form-fields-wrapper elementor-labels-\">\n\t\t\t\t\t\t\t\t<div class=\"elementor-field-type-text elementor-field-group elementor-column elementor-field-group-name elementor-col-100\">\n\t\t\t\t\t\t\t\t\t\t\t\t<label for=\"form-field-name\" class=\"elementor-field-label elementor-screen-only\">\n\t\t\t\t\t\t\t\tNombre\t\t\t\t\t\t\t<\/label>\n\t\t\t\t\t\t\t\t\t\t\t\t\t\t<input size=\"1\" type=\"text\" name=\"form_fields[name]\" id=\"form-field-name\" class=\"elementor-field elementor-size-sm  elementor-field-textual\" placeholder=\"Nombre y apellidos\">\n\t\t\t\t\t\t\t\t\t\t\t<\/div>\n\t\t\t\t\t\t\t\t<div class=\"elementor-field-type-email elementor-field-group elementor-column elementor-field-group-email elementor-col-100 elementor-field-required\">\n\t\t\t\t\t\t\t\t\t\t\t\t<label for=\"form-field-email\" class=\"elementor-field-label elementor-screen-only\">\n\t\t\t\t\t\t\t\tEmail\t\t\t\t\t\t\t<\/label>\n\t\t\t\t\t\t\t\t\t\t\t\t\t\t<input size=\"1\" type=\"email\" name=\"form_fields[email]\" id=\"form-field-email\" class=\"elementor-field elementor-size-sm  elementor-field-textual\" placeholder=\"Email\" required=\"required\">\n\t\t\t\t\t\t\t\t\t\t\t<\/div>\n\t\t\t\t\t\t\t\t<div class=\"elementor-field-type-number elementor-field-group elementor-column elementor-field-group-message elementor-col-100 elementor-field-required\">\n\t\t\t\t\t\t\t\t\t\t\t\t<label for=\"form-field-message\" class=\"elementor-field-label elementor-screen-only\">\n\t\t\t\t\t\t\t\tTelefono\t\t\t\t\t\t\t<\/label>\n\t\t\t\t\t\t\t\t\t<input type=\"number\" name=\"form_fields[message]\" id=\"form-field-message\" class=\"elementor-field elementor-size-sm  elementor-field-textual\" placeholder=\"Telefono\" required=\"required\" min=\"\" max=\"\" >\n\t\t\t\t\t\t<\/div>\n\t\t\t\t\t\t\t\t<div class=\"elementor-field-type-acceptance elementor-field-group elementor-column elementor-field-group-field_e6c25fe elementor-col-100 elementor-field-required\">\n\t\t\t\t\t\t\t\t\t\t\t\t<label for=\"form-field-field_e6c25fe\" class=\"elementor-field-label elementor-screen-only\">\n\t\t\t\t\t\t\t\tprivacidad\t\t\t\t\t\t\t<\/label>\n\t\t\t\t\t\t\t\t<div class=\"elementor-field-subgroup\">\n\t\t\t<span class=\"elementor-field-option\">\n\t\t\t\t<input type=\"checkbox\" name=\"form_fields[field_e6c25fe]\" id=\"form-field-field_e6c25fe\" class=\"elementor-field elementor-size-sm  elementor-acceptance-field\" required=\"required\">\n\t\t\t\t<label for=\"form-field-field_e6c25fe\">He le\u00eddo y acepto la <a>pol\u00edtica de privacidad<\/a><\/label>\t\t\t<\/span>\n\t\t<\/div>\n\t\t\t\t\t\t<\/div>\n\t\t\t\t\t\t\t\t<div class=\"elementor-field-type-acceptance elementor-field-group elementor-column elementor-field-group-field_922368d elementor-col-100\">\n\t\t\t\t\t\t\t\t\t\t\t\t<label for=\"form-field-field_922368d\" class=\"elementor-field-label elementor-screen-only\">\n\t\t\t\t\t\t\t\tinformacion\t\t\t\t\t\t\t<\/label>\n\t\t\t\t\t\t\t\t<div class=\"elementor-field-subgroup\">\n\t\t\t<span class=\"elementor-field-option\">\n\t\t\t\t<input type=\"checkbox\" name=\"form_fields[field_922368d]\" id=\"form-field-field_922368d\" class=\"elementor-field elementor-size-sm  elementor-acceptance-field\">\n\t\t\t\t<label for=\"form-field-field_922368d\">Acepto recibir informaci\u00f3n comercial<\/label>\t\t\t<\/span>\n\t\t<\/div>\n\t\t\t\t\t\t<\/div>\n\t\t\t\t\t\t\t\t<div class=\"elementor-field-type-recaptcha_v3 elementor-field-group elementor-column elementor-field-group-field_28f191e elementor-col-100 recaptcha_v3-bottomright\">\n\t\t\t\t\t<div class=\"elementor-field\" id=\"form-field-field_28f191e\"><div class=\"elementor-g-recaptcha\" data-sitekey=\"6LdzIsseAAAAAKaU8MLCXXlMKvK7Z4QWFz9Pjfja\" data-type=\"v3\" data-action=\"Form\" data-badge=\"bottomright\" data-size=\"invisible\"><\/div><\/div>\t\t\t\t<\/div>\n\t\t\t\t\t\t\t\t<div class=\"elementor-field-group elementor-column elementor-field-type-submit elementor-col-100 e-form__buttons\">\n\t\t\t\t\t<button class=\"elementor-button elementor-size-sm\" type=\"submit\">\n\t\t\t\t\t\t<span class=\"elementor-button-content-wrapper\">\n\t\t\t\t\t\t\t\t\t\t\t\t\t\t\t\t\t\t\t\t\t\t<span class=\"elementor-button-text\">PEDIR CITA<\/span>\n\t\t\t\t\t\t\t\t\t\t\t\t\t<\/span>\n\t\t\t\t\t<\/button>\n\t\t\t\t<\/div>\n\t\t\t<\/div>\n\t\t<\/form>\n\t\t\t\t\t\t<\/div>\n\t\t\t\t<\/div>\n\t\t\t\t\t<\/div>\n\t\t<\/div>\n\t\t\t\t<div class=\"elementor-column elementor-col-33 elementor-inner-column elementor-element elementor-element-1a1e31a\" data-id=\"1a1e31a\" data-element_type=\"column\" data-e-type=\"column\">\n\t\t\t<div class=\"elementor-widget-wrap elementor-element-populated\">\n\t\t\t\t\t\t<div class=\"elementor-element elementor-element-3585498 elementor-widget__width-initial elementor-widget elementor-widget-image\" data-id=\"3585498\" data-element_type=\"widget\" data-e-type=\"widget\" data-widget_type=\"image.default\">\n\t\t\t\t<div class=\"elementor-widget-container\">\n\t\t\t\t\t\t\t\t\t\t\t\t\t\t\t\t<a href=\"#01\">\n\t\t\t\t\t\t\t<img decoding=\"async\" width=\"42\" height=\"42\" src=\"https:\/\/www.vision-clinic.es\/wp-content\/uploads\/2021\/12\/Group-77-1-1.svg\" class=\"attachment-full size-full wp-image-9820\" alt=\"\" style=\"width:100%;height:100%;max-width:42px\" \/>\t\t\t\t\t\t\t\t<\/a>\n\t\t\t\t\t\t\t\t\t\t\t\t\t\t\t<\/div>\n\t\t\t\t<\/div>\n\t\t\t\t<div class=\"elementor-element elementor-element-eea19f2 elementor-widget__width-initial elementor-widget elementor-widget-image\" data-id=\"eea19f2\" data-element_type=\"widget\" data-e-type=\"widget\" data-widget_type=\"image.default\">\n\t\t\t\t<div class=\"elementor-widget-container\">\n\t\t\t\t\t\t\t\t\t\t\t\t\t\t\t\t<a href=\"#02\">\n\t\t\t\t\t\t\t<img decoding=\"async\" width=\"42\" height=\"42\" src=\"https:\/\/www.vision-clinic.es\/wp-content\/uploads\/2021\/12\/Group-84-2.svg\" class=\"attachment-full size-full wp-image-9849\" alt=\"\" style=\"width:100%;height:100%;max-width:42px\" \/>\t\t\t\t\t\t\t\t<\/a>\n\t\t\t\t\t\t\t\t\t\t\t\t\t\t\t<\/div>\n\t\t\t\t<\/div>\n\t\t\t\t<div class=\"elementor-element elementor-element-f978043 elementor-widget__width-initial elementor-widget elementor-widget-image\" data-id=\"f978043\" data-element_type=\"widget\" data-e-type=\"widget\" data-widget_type=\"image.default\">\n\t\t\t\t<div class=\"elementor-widget-container\">\n\t\t\t\t\t\t\t\t\t\t\t\t\t\t\t\t<a href=\"#03\">\n\t\t\t\t\t\t\t<img loading=\"lazy\" decoding=\"async\" width=\"42\" height=\"42\" src=\"https:\/\/www.vision-clinic.es\/wp-content\/uploads\/2021\/12\/Group-861.svg\" class=\"attachment-full size-full wp-image-9915\" alt=\"\" style=\"width:100%;height:100%;max-width:42px\" \/>\t\t\t\t\t\t\t\t<\/a>\n\t\t\t\t\t\t\t\t\t\t\t\t\t\t\t<\/div>\n\t\t\t\t<\/div>\n\t\t\t\t<div class=\"elementor-element elementor-element-28bf3bc elementor-widget__width-initial elementor-widget elementor-widget-image\" data-id=\"28bf3bc\" data-element_type=\"widget\" data-e-type=\"widget\" data-widget_type=\"image.default\">\n\t\t\t\t<div class=\"elementor-widget-container\">\n\t\t\t\t\t\t\t\t\t\t\t\t\t\t\t\t<a href=\"#04\">\n\t\t\t\t\t\t\t<img loading=\"lazy\" decoding=\"async\" width=\"42\" height=\"42\" src=\"https:\/\/www.vision-clinic.es\/wp-content\/uploads\/2021\/12\/Group-861.svg\" class=\"attachment-full size-full wp-image-9915\" alt=\"\" style=\"width:100%;height:100%;max-width:42px\" \/>\t\t\t\t\t\t\t\t<\/a>\n\t\t\t\t\t\t\t\t\t\t\t\t\t\t\t<\/div>\n\t\t\t\t<\/div>\n\t\t\t\t<div class=\"elementor-element elementor-element-2201674 elementor-widget__width-initial elementor-widget elementor-widget-image\" data-id=\"2201674\" data-element_type=\"widget\" data-e-type=\"widget\" data-widget_type=\"image.default\">\n\t\t\t\t<div class=\"elementor-widget-container\">\n\t\t\t\t\t\t\t\t\t\t\t\t\t\t\t\t<a href=\"#06\">\n\t\t\t\t\t\t\t<img loading=\"lazy\" decoding=\"async\" width=\"42\" height=\"42\" src=\"https:\/\/www.vision-clinic.es\/wp-content\/uploads\/2021\/12\/Group-87.svg\" class=\"attachment-full size-full wp-image-9805\" alt=\"\" style=\"width:100%;height:100%;max-width:42px\" \/>\t\t\t\t\t\t\t\t<\/a>\n\t\t\t\t\t\t\t\t\t\t\t\t\t\t\t<\/div>\n\t\t\t\t<\/div>\n\t\t\t\t<div class=\"elementor-element elementor-element-d328b54 elementor-widget__width-initial elementor-widget elementor-widget-image\" data-id=\"d328b54\" data-element_type=\"widget\" data-e-type=\"widget\" data-widget_type=\"image.default\">\n\t\t\t\t<div class=\"elementor-widget-container\">\n\t\t\t\t\t\t\t\t\t\t\t\t\t\t\t\t<a href=\"#07\">\n\t\t\t\t\t\t\t<img loading=\"lazy\" decoding=\"async\" width=\"42\" height=\"42\" src=\"https:\/\/www.vision-clinic.es\/wp-content\/uploads\/2021\/12\/Group-88.svg\" class=\"attachment-full size-full wp-image-9806\" alt=\"\" style=\"width:100%;height:100%;max-width:42px\" \/>\t\t\t\t\t\t\t\t<\/a>\n\t\t\t\t\t\t\t\t\t\t\t\t\t\t\t<\/div>\n\t\t\t\t<\/div>\n\t\t\t\t\t<\/div>\n\t\t<\/div>\n\t\t\t\t<div class=\"elementor-column elementor-col-33 elementor-inner-column elementor-element elementor-element-cbed901\" data-id=\"cbed901\" data-element_type=\"column\" data-e-type=\"column\">\n\t\t\t<div class=\"elementor-widget-wrap\">\n\t\t\t\t\t\t\t<\/div>\n\t\t<\/div>\n\t\t\t\t\t<\/div>\n\t\t<\/section>\n\t\t\t\t\t<\/div>\n\t\t<\/div>\n\t\t\t\t\t<\/div>\n\t\t<\/section>\n\t\t\t\t<section class=\"elementor-section elementor-top-section elementor-element elementor-element-d4ee570 elementor-section-stretched elementor-section-boxed elementor-section-height-default elementor-section-height-default\" data-id=\"d4ee570\" data-element_type=\"section\" data-e-type=\"section\" data-settings=\"{&quot;stretch_section&quot;:&quot;section-stretched&quot;,&quot;background_background&quot;:&quot;classic&quot;}\">\n\t\t\t\t\t\t<div class=\"elementor-container elementor-column-gap-default\">\n\t\t\t\t\t<div class=\"elementor-column elementor-col-100 elementor-top-column elementor-element elementor-element-e983d77\" data-id=\"e983d77\" data-element_type=\"column\" data-e-type=\"column\">\n\t\t\t<div class=\"elementor-widget-wrap elementor-element-populated\">\n\t\t\t\t\t\t<section class=\"elementor-section elementor-inner-section elementor-element elementor-element-0d239c6 elementor-section-boxed elementor-section-height-default elementor-section-height-default\" data-id=\"0d239c6\" data-element_type=\"section\" data-e-type=\"section\">\n\t\t\t\t\t\t<div class=\"elementor-container elementor-column-gap-default\">\n\t\t\t\t\t<div class=\"elementor-column elementor-col-50 elementor-inner-column elementor-element elementor-element-af2d349\" data-id=\"af2d349\" data-element_type=\"column\" data-e-type=\"column\">\n\t\t\t<div class=\"elementor-widget-wrap elementor-element-populated\">\n\t\t\t\t\t\t<div class=\"elementor-element elementor-element-c43c26c elementor-widget elementor-widget-image\" data-id=\"c43c26c\" data-element_type=\"widget\" data-e-type=\"widget\" data-widget_type=\"image.default\">\n\t\t\t\t<div class=\"elementor-widget-container\">\n\t\t\t\t\t\t\t\t\t\t\t\t\t\t\t<img loading=\"lazy\" decoding=\"async\" width=\"200\" height=\"202\" src=\"https:\/\/www.vision-clinic.es\/wp-content\/uploads\/2022\/02\/Bernardo-Sanchez-Dalmau-02-e1647425568494.png\" class=\"attachment-full size-full wp-image-9943\" alt=\"Bernardo S\u00e1nchez Dalmau\" style=\"width:100%;height:101%;max-width:200px\" \/>\t\t\t\t\t\t\t\t\t\t\t\t\t\t\t<\/div>\n\t\t\t\t<\/div>\n\t\t\t\t\t<\/div>\n\t\t<\/div>\n\t\t\t\t<div class=\"elementor-column elementor-col-50 elementor-inner-column elementor-element elementor-element-cf5a894\" data-id=\"cf5a894\" data-element_type=\"column\" data-e-type=\"column\">\n\t\t\t<div class=\"elementor-widget-wrap elementor-element-populated\">\n\t\t\t\t\t\t<div class=\"elementor-element elementor-element-cd6f0b8 elementor-widget elementor-widget-text-editor\" data-id=\"cd6f0b8\" data-element_type=\"widget\" data-e-type=\"widget\" data-widget_type=\"text-editor.default\">\n\t\t\t\t<div class=\"elementor-widget-container\">\n\t\t\t\t\t\t\t\t\t<p><big><strong>A visi\u00f5ncl\u00ednic oferim als nostres pacients una atenci\u00f3 integral de les alteracions neurooftalmol\u00f2giques. Disposem de l&#8217;\u00faltima tecnologia per al diagn\u00f2stic, i professionals experts capa\u00e7os de descobrir quines s\u00f3n les causes i oferir el millor tractament per a cada cas. <\/strong><\/big><\/p>\t\t\t\t\t\t\t\t<\/div>\n\t\t\t\t<\/div>\n\t\t\t\t<div class=\"elementor-element elementor-element-7eb5d6f elementor-widget elementor-widget-text-editor\" data-id=\"7eb5d6f\" data-element_type=\"widget\" data-e-type=\"widget\" data-widget_type=\"text-editor.default\">\n\t\t\t\t<div class=\"elementor-widget-container\">\n\t\t\t\t\t\t\t\t\t<p><span style=\"color: #e04403;\">Dr. Bernardo S\u00e1nchez Dalmau<\/span><\/p><p>Oftalm\u00f2leg especialista en Neurooftalmologia<\/p>\t\t\t\t\t\t\t\t<\/div>\n\t\t\t\t<\/div>\n\t\t\t\t\t<\/div>\n\t\t<\/div>\n\t\t\t\t\t<\/div>\n\t\t<\/section>\n\t\t\t\t\t<\/div>\n\t\t<\/div>\n\t\t\t\t\t<\/div>\n\t\t<\/section>\n\t\t\t\t<section class=\"elementor-section elementor-top-section elementor-element elementor-element-11b7a48 elementor-section-stretched elementor-section-boxed elementor-section-height-default elementor-section-height-default\" data-id=\"11b7a48\" data-element_type=\"section\" data-e-type=\"section\" data-settings=\"{&quot;stretch_section&quot;:&quot;section-stretched&quot;,&quot;background_background&quot;:&quot;classic&quot;}\">\n\t\t\t\t\t\t<div class=\"elementor-container elementor-column-gap-default\">\n\t\t\t\t\t<div class=\"elementor-column elementor-col-100 elementor-top-column elementor-element elementor-element-c4d8a1f\" data-id=\"c4d8a1f\" data-element_type=\"column\" data-e-type=\"column\">\n\t\t\t<div class=\"elementor-widget-wrap elementor-element-populated\">\n\t\t\t\t\t\t<div class=\"elementor-element elementor-element-38dc87d elementor-widget elementor-widget-heading\" data-id=\"38dc87d\" data-element_type=\"widget\" data-e-type=\"widget\" data-widget_type=\"heading.default\">\n\t\t\t\t<div class=\"elementor-widget-container\">\n\t\t\t\t\t<h1 class=\"elementor-heading-title elementor-size-default\">PRIMERA VISITA I <b>EXPLORACI\u00d3 OCULAR<\/b> <\/h1>\t\t\t\t<\/div>\n\t\t\t\t<\/div>\n\t\t\t\t<div class=\"elementor-element elementor-element-efdfa4c elementor-widget elementor-widget-text-editor\" data-id=\"efdfa4c\" data-element_type=\"widget\" data-e-type=\"widget\" data-widget_type=\"text-editor.default\">\n\t\t\t\t<div class=\"elementor-widget-container\">\n\t\t\t\t\t\t\t\t\t<p><strong>Diagnosticar l&#8217;alteraci\u00f3 neurooftalmol\u00f2gica<\/strong> a temps i con\u00e8ixer quina \u00e9s la causa que la provoca \u00e9s fonamental per poder oferir un tractament efica\u00e7. Per aquest motiu \u00e9s important fer un <strong>examen ocular i un altre de neurol\u00f2gic complets<\/strong> quan apareguin els primers s\u00edmptomes.<\/p>\n\t\t\t\t\t\t\t\t<\/div>\n\t\t\t\t<\/div>\n\t\t\t\t<div class=\"elementor-element elementor-element-cad1ea5 elementor-align-center elementor-widget elementor-widget-button\" data-id=\"cad1ea5\" data-element_type=\"widget\" data-e-type=\"widget\" data-widget_type=\"button.default\">\n\t\t\t\t<div class=\"elementor-widget-container\">\n\t\t\t\t\t\t\t\t\t<div class=\"elementor-button-wrapper\">\n\t\t\t\t\t<a class=\"elementor-button elementor-button-link elementor-size-sm\" href=\"#elementor-action%3Aaction%3Dpopup%3Aopen%26settings%3DeyJpZCI6MTAwMjQsInRvZ2dsZSI6ZmFsc2V9\">\n\t\t\t\t\t\t<span class=\"elementor-button-content-wrapper\">\n\t\t\t\t\t\t\t\t\t<span class=\"elementor-button-text\">DEMANA CITA<\/span>\n\t\t\t\t\t<\/span>\n\t\t\t\t\t<\/a>\n\t\t\t\t<\/div>\n\t\t\t\t\t\t\t\t<\/div>\n\t\t\t\t<\/div>\n\t\t\t\t\t<\/div>\n\t\t<\/div>\n\t\t\t\t\t<\/div>\n\t\t<\/section>\n\t\t\t\t<section class=\"elementor-section elementor-top-section elementor-element elementor-element-d473998 elementor-section-full_width elementor-section-content-middle elementor-section-stretched elementor-section-height-default elementor-section-height-default\" data-id=\"d473998\" data-element_type=\"section\" data-e-type=\"section\" id=\"01\" data-settings=\"{&quot;stretch_section&quot;:&quot;section-stretched&quot;}\">\n\t\t\t\t\t\t<div class=\"elementor-container elementor-column-gap-default\">\n\t\t\t\t\t<div class=\"elementor-column elementor-col-100 elementor-top-column elementor-element elementor-element-0b73557\" data-id=\"0b73557\" data-element_type=\"column\" data-e-type=\"column\" data-settings=\"{&quot;background_background&quot;:&quot;classic&quot;}\">\n\t\t\t<div class=\"elementor-widget-wrap elementor-element-populated\">\n\t\t\t\t\t\t<section class=\"elementor-section elementor-inner-section elementor-element elementor-element-fc6c824 elementor-section-boxed elementor-section-height-default elementor-section-height-default\" data-id=\"fc6c824\" data-element_type=\"section\" data-e-type=\"section\">\n\t\t\t\t\t\t<div class=\"elementor-container elementor-column-gap-default\">\n\t\t\t\t\t<div class=\"elementor-column elementor-col-100 elementor-inner-column elementor-element elementor-element-c7a8a26\" data-id=\"c7a8a26\" data-element_type=\"column\" data-e-type=\"column\">\n\t\t\t<div class=\"elementor-widget-wrap elementor-element-populated\">\n\t\t\t\t\t\t<div class=\"elementor-element elementor-element-809efb7 elementor-absolute img-punt elementor-widget__width-initial elementor-widget elementor-widget-image\" data-id=\"809efb7\" data-element_type=\"widget\" data-e-type=\"widget\" data-settings=\"{&quot;_position&quot;:&quot;absolute&quot;}\" data-widget_type=\"image.default\">\n\t\t\t\t<div class=\"elementor-widget-container\">\n\t\t\t\t\t\t\t\t\t\t\t\t\t\t\t<img loading=\"lazy\" decoding=\"async\" width=\"57\" height=\"57\" src=\"https:\/\/www.vision-clinic.es\/wp-content\/uploads\/2021\/11\/Group-115.png\" class=\"attachment-full size-full wp-image-9757\" alt=\"\" style=\"width:100%;height:100%;max-width:57px\" \/>\t\t\t\t\t\t\t\t\t\t\t\t\t\t\t<\/div>\n\t\t\t\t<\/div>\n\t\t\t\t<div class=\"elementor-element elementor-element-0ea6069 center-align elementor-widget__width-auto elementor-widget-mobile__width-initial elementor-widget elementor-widget-heading\" data-id=\"0ea6069\" data-element_type=\"widget\" data-e-type=\"widget\" data-widget_type=\"heading.default\">\n\t\t\t\t<div class=\"elementor-widget-container\">\n\t\t\t\t\t<h2 class=\"elementor-heading-title elementor-size-default\">PER QU\u00c8 <b>TRACTAR-SE LES \nPATOLOGIES NEUROOFTALMOL\u00d2GIQUES<\/b> A VISI\u00d5NCL\u00cdNIC?<\/h2>\t\t\t\t<\/div>\n\t\t\t\t<\/div>\n\t\t\t\t\t<\/div>\n\t\t<\/div>\n\t\t\t\t\t<\/div>\n\t\t<\/section>\n\t\t\t\t<section class=\"elementor-section elementor-inner-section elementor-element elementor-element-88803e0 elementor-section-boxed elementor-section-height-default elementor-section-height-default\" data-id=\"88803e0\" data-element_type=\"section\" data-e-type=\"section\">\n\t\t\t\t\t\t<div class=\"elementor-container elementor-column-gap-default\">\n\t\t\t\t\t<div class=\"elementor-column elementor-col-50 elementor-inner-column elementor-element elementor-element-3caaef7\" data-id=\"3caaef7\" data-element_type=\"column\" data-e-type=\"column\">\n\t\t\t<div class=\"elementor-widget-wrap elementor-element-populated\">\n\t\t\t\t\t\t<div class=\"elementor-element elementor-element-a43f1e2 elementor-widget__width-initial elementor-widget elementor-widget-image\" data-id=\"a43f1e2\" data-element_type=\"widget\" data-e-type=\"widget\" data-widget_type=\"image.default\">\n\t\t\t\t<div class=\"elementor-widget-container\">\n\t\t\t\t\t\t\t\t\t\t\t\t\t\t\t<img loading=\"lazy\" decoding=\"async\" width=\"148\" height=\"126\" src=\"https:\/\/www.vision-clinic.es\/wp-content\/uploads\/2023\/11\/excelencia-medica.png\" class=\"attachment-large size-large wp-image-11293\" alt=\"Excelencia m\u00e9dica en oftalmolog\u00eda\" style=\"width:100%;height:85.14%;max-width:148px\" \/>\t\t\t\t\t\t\t\t\t\t\t\t\t\t\t<\/div>\n\t\t\t\t<\/div>\n\t\t\t\t\t<\/div>\n\t\t<\/div>\n\t\t\t\t<div class=\"elementor-column elementor-col-50 elementor-inner-column elementor-element elementor-element-f1b1d2d\" data-id=\"f1b1d2d\" data-element_type=\"column\" data-e-type=\"column\">\n\t\t\t<div class=\"elementor-widget-wrap elementor-element-populated\">\n\t\t\t\t\t\t<div class=\"elementor-element elementor-element-00c764a elementor-widget elementor-widget-heading\" data-id=\"00c764a\" data-element_type=\"widget\" data-e-type=\"widget\" data-widget_type=\"heading.default\">\n\t\t\t\t<div class=\"elementor-widget-container\">\n\t\t\t\t\t<h3 class=\"elementor-heading-title elementor-size-default\">EXPERI\u00c8NCIA CONTRASTADA<\/h3>\t\t\t\t<\/div>\n\t\t\t\t<\/div>\n\t\t\t\t<div class=\"elementor-element elementor-element-08173ff elementor-widget elementor-widget-text-editor\" data-id=\"08173ff\" data-element_type=\"widget\" data-e-type=\"widget\" data-widget_type=\"text-editor.default\">\n\t\t\t\t<div class=\"elementor-widget-container\">\n\t\t\t\t\t\t\t\t\t<p><span style=\"color: #000000;\">A <b>visi\u00f5ncl\u00ednic<\/b>\u00a0som <strong>referents en el diagn\u00f2stic i tractament de les alteracions neurooftalmol\u00f2giques<\/strong>. El Dr. <\/span><a style=\"background-color: #ffffff;\" href=\"https:\/\/www.barnaclinic.com\/es\/cuadro-medico\/259\/bernardo\"><b><u>Bernardo S\u00e1nchez Dalmau<\/u><\/b><\/a><span style=\"color: #000000;\"> \u00e9s el nostre m\u00e0xim especialista en la mat\u00e8ria. Ell ser\u00e0 qui diagnostiqui, tracti i faci el seguiment de totes les patologies relacionades amb el nervi \u00f2ptic, la via visual, l&#8217;escor\u00e7a cerebral, el sistema nervi\u00f3s central, els m\u00fasculs oculars, les alteracions pupil\u00b7lars i les alteracions en el control del tancament i l&#8217;obertura de les parpelles. <\/span><\/p>\t\t\t\t\t\t\t\t<\/div>\n\t\t\t\t<\/div>\n\t\t\t\t\t<\/div>\n\t\t<\/div>\n\t\t\t\t\t<\/div>\n\t\t<\/section>\n\t\t\t\t<section class=\"elementor-section elementor-inner-section elementor-element elementor-element-dd20a6e elementor-section-boxed elementor-section-height-default elementor-section-height-default\" data-id=\"dd20a6e\" data-element_type=\"section\" data-e-type=\"section\">\n\t\t\t\t\t\t<div class=\"elementor-container elementor-column-gap-default\">\n\t\t\t\t\t<div class=\"elementor-column elementor-col-50 elementor-inner-column elementor-element elementor-element-6c361f8\" data-id=\"6c361f8\" data-element_type=\"column\" data-e-type=\"column\">\n\t\t\t<div class=\"elementor-widget-wrap elementor-element-populated\">\n\t\t\t\t\t\t<div class=\"elementor-element elementor-element-fec80a9 elementor-widget__width-initial elementor-widget elementor-widget-image\" data-id=\"fec80a9\" data-element_type=\"widget\" data-e-type=\"widget\" data-widget_type=\"image.default\">\n\t\t\t\t<div class=\"elementor-widget-container\">\n\t\t\t\t\t\t\t\t\t\t\t\t\t\t\t<img loading=\"lazy\" decoding=\"async\" width=\"148\" height=\"126\" src=\"https:\/\/www.vision-clinic.es\/wp-content\/uploads\/2023\/11\/tecnologia.png\" class=\"attachment-large size-large wp-image-11306\" alt=\"\" style=\"width:100%;height:85.14%;max-width:148px\" \/>\t\t\t\t\t\t\t\t\t\t\t\t\t\t\t<\/div>\n\t\t\t\t<\/div>\n\t\t\t\t\t<\/div>\n\t\t<\/div>\n\t\t\t\t<div class=\"elementor-column elementor-col-50 elementor-inner-column elementor-element elementor-element-623675e\" data-id=\"623675e\" data-element_type=\"column\" data-e-type=\"column\">\n\t\t\t<div class=\"elementor-widget-wrap elementor-element-populated\">\n\t\t\t\t\t\t<div class=\"elementor-element elementor-element-11b67b1 elementor-widget elementor-widget-heading\" data-id=\"11b67b1\" data-element_type=\"widget\" data-e-type=\"widget\" data-widget_type=\"heading.default\">\n\t\t\t\t<div class=\"elementor-widget-container\">\n\t\t\t\t\t<h3 class=\"elementor-heading-title elementor-size-default\">L\u2019\u00daLTIMA I MILLOR TECNOLOGIA<\/h3>\t\t\t\t<\/div>\n\t\t\t\t<\/div>\n\t\t\t\t<div class=\"elementor-element elementor-element-6af8d43 elementor-widget elementor-widget-text-editor\" data-id=\"6af8d43\" data-element_type=\"widget\" data-e-type=\"widget\" data-widget_type=\"text-editor.default\">\n\t\t\t\t<div class=\"elementor-widget-container\">\n\t\t\t\t\t\t\t\t\t<p>La <strong>nova \u00e0rea quir\u00fargica de visi\u00f5ncl\u00ednic<\/strong>\u00a0est\u00e0 dotada amb els aven\u00e7os m\u00e9s recents tant per al <strong>diagn\u00f2stic de trastorns neurooftalmol\u00f2gics<\/strong> com per al seu tractament. Si la patologia requereix cirurgia, a visi\u00f5ncl\u00ednic t&#8217;oferirem procediments que es realitzen amb t\u00e8cniques m\u00ednimament invasives.<\/p>\t\t\t\t\t\t\t\t<\/div>\n\t\t\t\t<\/div>\n\t\t\t\t\t<\/div>\n\t\t<\/div>\n\t\t\t\t\t<\/div>\n\t\t<\/section>\n\t\t\t\t<section class=\"elementor-section elementor-inner-section elementor-element elementor-element-fa5efaf elementor-section-boxed elementor-section-height-default elementor-section-height-default\" data-id=\"fa5efaf\" data-element_type=\"section\" data-e-type=\"section\">\n\t\t\t\t\t\t<div class=\"elementor-container elementor-column-gap-default\">\n\t\t\t\t\t<div class=\"elementor-column elementor-col-50 elementor-inner-column elementor-element elementor-element-77c368e\" data-id=\"77c368e\" data-element_type=\"column\" data-e-type=\"column\">\n\t\t\t<div class=\"elementor-widget-wrap elementor-element-populated\">\n\t\t\t\t\t\t<div class=\"elementor-element elementor-element-08ed9d0 elementor-widget__width-initial elementor-widget elementor-widget-image\" data-id=\"08ed9d0\" data-element_type=\"widget\" data-e-type=\"widget\" data-widget_type=\"image.default\">\n\t\t\t\t<div class=\"elementor-widget-container\">\n\t\t\t\t\t\t\t\t\t\t\t\t\t\t\t<img decoding=\"async\" src=\"https:\/\/www.vision-clinic.es\/wp-content\/uploads\/2023\/11\/multidisciplinar.png\" title=\"multidisciplinar\" alt=\"multidisciplinar\" loading=\"lazy\" \/>\t\t\t\t\t\t\t\t\t\t\t\t\t\t\t<\/div>\n\t\t\t\t<\/div>\n\t\t\t\t\t<\/div>\n\t\t<\/div>\n\t\t\t\t<div class=\"elementor-column elementor-col-50 elementor-inner-column elementor-element elementor-element-9a0029c\" data-id=\"9a0029c\" data-element_type=\"column\" data-e-type=\"column\">\n\t\t\t<div class=\"elementor-widget-wrap elementor-element-populated\">\n\t\t\t\t\t\t<div class=\"elementor-element elementor-element-e24db6e elementor-widget elementor-widget-heading\" data-id=\"e24db6e\" data-element_type=\"widget\" data-e-type=\"widget\" data-widget_type=\"heading.default\">\n\t\t\t\t<div class=\"elementor-widget-container\">\n\t\t\t\t\t<h3 class=\"elementor-heading-title elementor-size-default\">EQUIP MULTIDISCIPLINAR<\/h3>\t\t\t\t<\/div>\n\t\t\t\t<\/div>\n\t\t\t\t<div class=\"elementor-element elementor-element-440db07 elementor-widget elementor-widget-text-editor\" data-id=\"440db07\" data-element_type=\"widget\" data-e-type=\"widget\" data-widget_type=\"text-editor.default\">\n\t\t\t\t<div class=\"elementor-widget-container\">\n\t\t\t\t\t\t\t\t\t<p>La nostra <strong>Unitat de Neurooftalmologia<\/strong> es basa en la col\u00b7laboraci\u00f3 directa entre el nostre equip, format per <a href=\"https:\/\/www.clinicbarcelona.org\/instituto\/instituto-clinic-de-oftalmologia\" target=\"_blank\" rel=\"noopener\"><u>oftalm\u00f2legs de l&#8217;Hospital Cl\u00ednic de Barcelona<\/u><\/a>, i l&#8217;equip de <a href=\"https:\/\/www.barnaclinic.com\/es\/especialidades\/26\/neurologia\" target=\"_blank\" rel=\"noopener\"><u>Neurologia<\/u><\/a> del mateix hospital, referent en <b>diagn\u00f2stic i tractament de trastorns del sistema nervi\u00f3s<\/b>. Tamb\u00e9 treballem amb un equip d&#8217;optometristes per poder oferir-te una oferta integral per a la teva salut visual.<\/p>\t\t\t\t\t\t\t\t<\/div>\n\t\t\t\t<\/div>\n\t\t\t\t\t<\/div>\n\t\t<\/div>\n\t\t\t\t\t<\/div>\n\t\t<\/section>\n\t\t\t\t<section class=\"elementor-section elementor-inner-section elementor-element elementor-element-76b391a elementor-section-boxed elementor-section-height-default elementor-section-height-default\" data-id=\"76b391a\" data-element_type=\"section\" data-e-type=\"section\">\n\t\t\t\t\t\t<div class=\"elementor-container elementor-column-gap-default\">\n\t\t\t\t\t<div class=\"elementor-column elementor-col-50 elementor-inner-column elementor-element elementor-element-bdc3bb1\" data-id=\"bdc3bb1\" data-element_type=\"column\" data-e-type=\"column\">\n\t\t\t<div class=\"elementor-widget-wrap elementor-element-populated\">\n\t\t\t\t\t\t<div class=\"elementor-element elementor-element-21d5f5d elementor-widget__width-initial elementor-widget elementor-widget-image\" data-id=\"21d5f5d\" data-element_type=\"widget\" data-e-type=\"widget\" data-widget_type=\"image.default\">\n\t\t\t\t<div class=\"elementor-widget-container\">\n\t\t\t\t\t\t\t\t\t\t\t\t\t\t\t<img loading=\"lazy\" decoding=\"async\" width=\"148\" height=\"126\" src=\"https:\/\/www.vision-clinic.es\/wp-content\/uploads\/2023\/11\/prestigio-internacional.png\" class=\"attachment-full size-full wp-image-11297\" alt=\"Prestigio internacional en oftalmolog\u00eda\" style=\"width:100%;height:85.14%;max-width:148px\" \/>\t\t\t\t\t\t\t\t\t\t\t\t\t\t\t<\/div>\n\t\t\t\t<\/div>\n\t\t\t\t\t<\/div>\n\t\t<\/div>\n\t\t\t\t<div class=\"elementor-column elementor-col-50 elementor-inner-column elementor-element elementor-element-019b353\" data-id=\"019b353\" data-element_type=\"column\" data-e-type=\"column\">\n\t\t\t<div class=\"elementor-widget-wrap elementor-element-populated\">\n\t\t\t\t\t\t<div class=\"elementor-element elementor-element-bbc98b3 elementor-widget elementor-widget-heading\" data-id=\"bbc98b3\" data-element_type=\"widget\" data-e-type=\"widget\" data-widget_type=\"heading.default\">\n\t\t\t\t<div class=\"elementor-widget-container\">\n\t\t\t\t\t<h3 class=\"elementor-heading-title elementor-size-default\">REFERENTS EN RECERCA<\/h3>\t\t\t\t<\/div>\n\t\t\t\t<\/div>\n\t\t\t\t<div class=\"elementor-element elementor-element-f8c9fe8 elementor-widget elementor-widget-text-editor\" data-id=\"f8c9fe8\" data-element_type=\"widget\" data-e-type=\"widget\" data-widget_type=\"text-editor.default\">\n\t\t\t\t<div class=\"elementor-widget-container\">\n\t\t\t\t\t\t\t\t\t<p><span style=\"color: #000000;\">Pert\u00e0nyer a un hospital universitari com el\u00a0<\/span><a href=\"https:\/\/www.clinicbarcelona.org\/\" target=\"_blank\" rel=\"noopener\"><u>Cl\u00ednic Barcelona<\/u><\/a><span style=\"color: #000000;\"> comporta una cont\u00ednua actualitzaci\u00f3 i una activitat constant en investigaci\u00f3 de tot el <b>personal de visi\u00f5ncl\u00ednic<\/b>. Els nostres <strong>professionals experts en neurooftalmologia<\/strong> han publicat estudis a les principals revistes cient\u00edfiques de l&#8217;especialitat. A m\u00e9s, l&#8217;aposta per un model de recerca translacional ens fa capa\u00e7os de transformar el coneixement cient\u00edfic en resultats tangibles per al pacient.<\/span><\/p>\t\t\t\t\t\t\t\t<\/div>\n\t\t\t\t<\/div>\n\t\t\t\t\t<\/div>\n\t\t<\/div>\n\t\t\t\t\t<\/div>\n\t\t<\/section>\n\t\t\t\t<section class=\"elementor-section elementor-inner-section elementor-element elementor-element-1125eea elementor-section-boxed elementor-section-height-default elementor-section-height-default\" data-id=\"1125eea\" data-element_type=\"section\" data-e-type=\"section\">\n\t\t\t\t\t\t<div class=\"elementor-container elementor-column-gap-default\">\n\t\t\t\t\t<div class=\"elementor-column elementor-col-50 elementor-inner-column elementor-element elementor-element-99850ae\" data-id=\"99850ae\" data-element_type=\"column\" data-e-type=\"column\">\n\t\t\t<div class=\"elementor-widget-wrap elementor-element-populated\">\n\t\t\t\t\t\t<div class=\"elementor-element elementor-element-2738195 elementor-widget__width-initial elementor-widget elementor-widget-image\" data-id=\"2738195\" data-element_type=\"widget\" data-e-type=\"widget\" data-widget_type=\"image.default\">\n\t\t\t\t<div class=\"elementor-widget-container\">\n\t\t\t\t\t\t\t\t\t\t\t\t\t\t\t<img loading=\"lazy\" decoding=\"async\" width=\"148\" height=\"126\" src=\"https:\/\/www.vision-clinic.es\/wp-content\/uploads\/2023\/11\/idi.png\" class=\"attachment-large size-large wp-image-11300\" alt=\"\" style=\"width:100%;height:85.14%;max-width:148px\" \/>\t\t\t\t\t\t\t\t\t\t\t\t\t\t\t<\/div>\n\t\t\t\t<\/div>\n\t\t\t\t\t<\/div>\n\t\t<\/div>\n\t\t\t\t<div class=\"elementor-column elementor-col-50 elementor-inner-column elementor-element elementor-element-e156a2b\" data-id=\"e156a2b\" data-element_type=\"column\" data-e-type=\"column\">\n\t\t\t<div class=\"elementor-widget-wrap elementor-element-populated\">\n\t\t\t\t\t\t<div class=\"elementor-element elementor-element-fcf0e07 elementor-widget elementor-widget-heading\" data-id=\"fcf0e07\" data-element_type=\"widget\" data-e-type=\"widget\" data-widget_type=\"heading.default\">\n\t\t\t\t<div class=\"elementor-widget-container\">\n\t\t\t\t\t<h3 class=\"elementor-heading-title elementor-size-default\">TRACTAMENTS BASATS EN L'EVID\u00c8NCIA CIENT\u00cdFICA<\/h3>\t\t\t\t<\/div>\n\t\t\t\t<\/div>\n\t\t\t\t<div class=\"elementor-element elementor-element-b1620f5 elementor-widget elementor-widget-text-editor\" data-id=\"b1620f5\" data-element_type=\"widget\" data-e-type=\"widget\" data-widget_type=\"text-editor.default\">\n\t\t\t\t<div class=\"elementor-widget-container\">\n\t\t\t\t\t\t\t\t\t<p>Tots els <strong>tractaments que oferim a visi\u00f5ncl\u00ednic estan basats en l&#8217;evid\u00e8ncia cient\u00edfica publicada<\/strong>. Els nostres resultats de <strong>recerca en el camp de la neurooftalmologia<\/strong> ens permeten dissenyar noves ter\u00e0pies i assaigs cl\u00ednics per millorar la gesti\u00f3 d&#8217;aquestes malalties i provar nous f\u00e0rmacs neuroprotectors. En aquest sentit, una de les l\u00ednies de recerca del Dr. <a style=\"background-color: #ffffff;\" href=\"https:\/\/www.barnaclinic.com\/es\/cuadro-medico\/259\/bernardo\"><span style=\"font-weight: bold;\"><u>Bernardo S\u00e1nchez Dalmau<\/u><\/span><\/a> estudia la incid\u00e8ncia de la neuritis \u00f2ptica per millorar-ne l&#8217;abordatge, especialment en casos vinculats a malalties inflamat\u00f2ries del cervell com l&#8217;<span style=\"background-color: rgba(192, 41, 41, 0); font-family: var( --e-global-typography-ffd5103-font-family ), Sans-serif; font-size: var( --e-global-typography-ffd5103-font-size ); font-weight: var( --e-global-typography-ffd5103-font-weight ); letter-spacing: var( --e-global-typography-ffd5103-letter-spacing );\">Esclerosi M\u00faltiple, la Neuromielitis \u00d2ptica o la malaltia anti-MOG<\/span>.<\/p>\t\t\t\t\t\t\t\t<\/div>\n\t\t\t\t<\/div>\n\t\t\t\t\t<\/div>\n\t\t<\/div>\n\t\t\t\t\t<\/div>\n\t\t<\/section>\n\t\t\t\t\t<\/div>\n\t\t<\/div>\n\t\t\t\t\t<\/div>\n\t\t<\/section>\n\t\t\t\t<section class=\"elementor-section elementor-top-section elementor-element elementor-element-ebe491e elementor-section-stretched elementor-section-content-middle elementor-hidden-tablet elementor-hidden-mobile elementor-section-boxed elementor-section-height-default elementor-section-height-default\" data-id=\"ebe491e\" data-element_type=\"section\" data-e-type=\"section\" id=\"02\" data-settings=\"{&quot;stretch_section&quot;:&quot;section-stretched&quot;,&quot;background_background&quot;:&quot;slideshow&quot;,&quot;background_slideshow_gallery&quot;:[{&quot;id&quot;:4228,&quot;url&quot;:&quot;https:\\\/\\\/www.vision-clinic.es\\\/wp-content\\\/uploads\\\/2021\\\/12\\\/image-12-1.png&quot;}],&quot;background_slideshow_loop&quot;:&quot;yes&quot;,&quot;background_slideshow_slide_duration&quot;:5000,&quot;background_slideshow_slide_transition&quot;:&quot;fade&quot;,&quot;background_slideshow_transition_duration&quot;:500}\">\n\t\t\t\t\t\t<div class=\"elementor-container elementor-column-gap-default\">\n\t\t\t\t\t<div class=\"elementor-column elementor-col-50 elementor-top-column elementor-element elementor-element-eeb40b4\" data-id=\"eeb40b4\" data-element_type=\"column\" data-e-type=\"column\">\n\t\t\t<div class=\"elementor-widget-wrap elementor-element-populated\">\n\t\t\t\t\t\t<div class=\"elementor-element elementor-element-f3dfcfe elementor-widget elementor-widget-image\" data-id=\"f3dfcfe\" data-element_type=\"widget\" data-e-type=\"widget\" data-widget_type=\"image.default\">\n\t\t\t\t<div class=\"elementor-widget-container\">\n\t\t\t\t\t\t\t\t\t\t\t\t\t\t\t<img decoding=\"async\" src=\"https:\/\/www.vision-clinic.es\/wp-content\/uploads\/2022\/02\/blank.png\" title=\"blank\" alt=\"blank\" loading=\"lazy\" \/>\t\t\t\t\t\t\t\t\t\t\t\t\t\t\t<\/div>\n\t\t\t\t<\/div>\n\t\t\t\t<div class=\"elementor-element elementor-element-67b5faf elementor-absolute img-punt elementor-widget__width-initial elementor-widget elementor-widget-image\" data-id=\"67b5faf\" data-element_type=\"widget\" data-e-type=\"widget\" data-settings=\"{&quot;_position&quot;:&quot;absolute&quot;}\" data-widget_type=\"image.default\">\n\t\t\t\t<div class=\"elementor-widget-container\">\n\t\t\t\t\t\t\t\t\t\t\t\t\t\t\t<img loading=\"lazy\" decoding=\"async\" width=\"57\" height=\"57\" src=\"https:\/\/www.vision-clinic.es\/wp-content\/uploads\/2021\/11\/Group-123.png\" class=\"attachment-full size-full wp-image-9770\" alt=\"\" style=\"width:100%;height:100%;max-width:57px\" \/>\t\t\t\t\t\t\t\t\t\t\t\t\t\t\t<\/div>\n\t\t\t\t<\/div>\n\t\t\t\t\t<\/div>\n\t\t<\/div>\n\t\t\t\t<div class=\"elementor-column elementor-col-50 elementor-top-column elementor-element elementor-element-aec32a7\" data-id=\"aec32a7\" data-element_type=\"column\" data-e-type=\"column\" data-settings=\"{&quot;background_background&quot;:&quot;classic&quot;}\">\n\t\t\t<div class=\"elementor-widget-wrap elementor-element-populated\">\n\t\t\t\t\t<div class=\"elementor-background-overlay\"><\/div>\n\t\t\t\t\t\t<div class=\"elementor-element elementor-element-ac33f0c elementor-widget elementor-widget-heading\" data-id=\"ac33f0c\" data-element_type=\"widget\" data-e-type=\"widget\" data-widget_type=\"heading.default\">\n\t\t\t\t<div class=\"elementor-widget-container\">\n\t\t\t\t\t<h2 class=\"elementor-heading-title elementor-size-default\">DIAGN\u00d2STIC DE LES <b>ALTERACIONS NEUROOFTALMOL\u00d2GIQUES<\/b><\/h2>\t\t\t\t<\/div>\n\t\t\t\t<\/div>\n\t\t\t\t<div class=\"elementor-element elementor-element-a2f7cf4 elementor-widget elementor-widget-text-editor\" data-id=\"a2f7cf4\" data-element_type=\"widget\" data-e-type=\"widget\" data-widget_type=\"text-editor.default\">\n\t\t\t\t<div class=\"elementor-widget-container\">\n\t\t\t\t\t\t\t\t\t<p>Per al <strong>diagn\u00f2stic de qualsevol patologia neurooftalmol\u00f2gica<\/strong> cal un <strong>estudi neurol\u00f2gic i oftalmol\u00f2gic<\/strong> exhaustiu, ja que pot ser l&#8217;expressi\u00f3 d&#8217;altres malalties generals importants (problemes cardiovasculars, diabetis, lupus, esclerosi m\u00faltiple\u2026). Amb l&#8217;ajuda de t\u00e8cniques de diagn\u00f2stic per imatge com la Tomografia de Coher\u00e8ncia \u00d2ptica, el TAC o la RNM cranial i altres proves electrofisiol\u00f2giques, podem detectar-les a temps i de forma precisa, evitant aix\u00ed possibles seq\u00fceles. Els tractaments solen ser molt m\u00e9s efectius com m\u00e9s inicial sigui la malaltia. Tamb\u00e9 pot ser necessari fer un estudi pupil\u00b7lar, un fons d&#8217;ull (retinografia) o una campimetria computeritzada.   <\/p>\n\t\t\t\t\t\t\t\t<\/div>\n\t\t\t\t<\/div>\n\t\t\t\t\t<\/div>\n\t\t<\/div>\n\t\t\t\t\t<\/div>\n\t\t<\/section>\n\t\t\t\t<section class=\"elementor-section elementor-top-section elementor-element elementor-element-104f451 elementor-section-stretched elementor-section-boxed elementor-section-height-default elementor-section-height-default\" data-id=\"104f451\" data-element_type=\"section\" data-e-type=\"section\" id=\"03\" data-settings=\"{&quot;stretch_section&quot;:&quot;section-stretched&quot;}\">\n\t\t\t\t\t\t<div class=\"elementor-container elementor-column-gap-default\">\n\t\t\t\t\t<div class=\"elementor-column elementor-col-100 elementor-top-column elementor-element elementor-element-3f3c10b\" data-id=\"3f3c10b\" data-element_type=\"column\" data-e-type=\"column\">\n\t\t\t<div class=\"elementor-widget-wrap elementor-element-populated\">\n\t\t\t\t\t\t<section class=\"elementor-section elementor-inner-section elementor-element elementor-element-2ea3c20 elementor-section-boxed elementor-section-height-default elementor-section-height-default\" data-id=\"2ea3c20\" data-element_type=\"section\" data-e-type=\"section\">\n\t\t\t\t\t\t<div class=\"elementor-container elementor-column-gap-default\">\n\t\t\t\t\t<div class=\"elementor-column elementor-col-100 elementor-inner-column elementor-element elementor-element-dd06ab9\" data-id=\"dd06ab9\" data-element_type=\"column\" data-e-type=\"column\">\n\t\t\t<div class=\"elementor-widget-wrap elementor-element-populated\">\n\t\t\t\t\t\t<div class=\"elementor-element elementor-element-623e6b2 elementor-absolute img-punt elementor-widget__width-initial elementor-widget elementor-widget-image\" data-id=\"623e6b2\" data-element_type=\"widget\" data-e-type=\"widget\" data-settings=\"{&quot;_position&quot;:&quot;absolute&quot;}\" data-widget_type=\"image.default\">\n\t\t\t\t<div class=\"elementor-widget-container\">\n\t\t\t\t\t\t\t\t\t\t\t\t\t\t\t<img loading=\"lazy\" decoding=\"async\" width=\"57\" height=\"57\" src=\"https:\/\/www.vision-clinic.es\/wp-content\/uploads\/2021\/12\/Group-1521.svg\" class=\"attachment-full size-full wp-image-9913\" alt=\"\" style=\"width:100%;height:100%;max-width:57px\" \/>\t\t\t\t\t\t\t\t\t\t\t\t\t\t\t<\/div>\n\t\t\t\t<\/div>\n\t\t\t\t<div class=\"elementor-element elementor-element-155e175 center-align elementor-widget__width-initial elementor-widget-mobile__width-initial elementor-widget elementor-widget-heading\" data-id=\"155e175\" data-element_type=\"widget\" data-e-type=\"widget\" data-widget_type=\"heading.default\">\n\t\t\t\t<div class=\"elementor-widget-container\">\n\t\t\t\t\t<h2 class=\"elementor-heading-title elementor-size-default\">TRASTORNS NEUROOFTALMOL\u00d2GICS DE LA FUNCI\u00d3 VISUAL O <b>NEUROPATIES \u00d2PTIQUES<\/b><\/h2>\t\t\t\t<\/div>\n\t\t\t\t<\/div>\n\t\t\t\t\t<\/div>\n\t\t<\/div>\n\t\t\t\t\t<\/div>\n\t\t<\/section>\n\t\t\t\t<div class=\"elementor-element elementor-element-95a0215 elementor-widget elementor-widget-text-editor\" data-id=\"95a0215\" data-element_type=\"widget\" data-e-type=\"widget\" data-widget_type=\"text-editor.default\">\n\t\t\t\t<div class=\"elementor-widget-container\">\n\t\t\t\t\t\t\t\t\t<p>Les <strong>neuropaties \u00f2ptiques<\/strong> s\u00f3n totes les <strong>malalties que afecten el nervi \u00f2ptic<\/strong> (el nervi que transmet la informaci\u00f3 des de la retina a l&#8217;escor\u00e7a visual del cervell) i solen manifestar-se amb p\u00e8rdues brusques de visi\u00f3 en un ull o en tots dos. Dins de les <strong>neuropaties \u00f2ptiques<\/strong>, destaquen diverses patologies. <\/p>\n\t\t\t\t\t\t\t\t<\/div>\n\t\t\t\t<\/div>\n\t\t\t\t<section class=\"elementor-section elementor-inner-section elementor-element elementor-element-29a9c6b elementor-section-boxed elementor-section-height-default elementor-section-height-default\" data-id=\"29a9c6b\" data-element_type=\"section\" data-e-type=\"section\">\n\t\t\t\t\t\t<div class=\"elementor-container elementor-column-gap-default\">\n\t\t\t\t\t<div class=\"elementor-column elementor-col-50 elementor-inner-column elementor-element elementor-element-0bb8186\" data-id=\"0bb8186\" data-element_type=\"column\" data-e-type=\"column\">\n\t\t\t<div class=\"elementor-widget-wrap elementor-element-populated\">\n\t\t\t\t\t\t<div class=\"elementor-element elementor-element-2c7a2c1 elementor-widget elementor-widget-image\" data-id=\"2c7a2c1\" data-element_type=\"widget\" data-e-type=\"widget\" data-widget_type=\"image.default\">\n\t\t\t\t<div class=\"elementor-widget-container\">\n\t\t\t\t\t\t\t\t\t\t\t\t\t\t\t<img loading=\"lazy\" decoding=\"async\" width=\"129\" height=\"129\" src=\"https:\/\/www.vision-clinic.es\/wp-content\/uploads\/2022\/02\/neuritis-optica.png\" class=\"attachment-large size-large wp-image-9944\" alt=\"Neuritis \u00f3ptica\" style=\"width:100%;height:100%;max-width:129px\" \/>\t\t\t\t\t\t\t\t\t\t\t\t\t\t\t<\/div>\n\t\t\t\t<\/div>\n\t\t\t\t\t<\/div>\n\t\t<\/div>\n\t\t\t\t<div class=\"elementor-column elementor-col-50 elementor-inner-column elementor-element elementor-element-3b47703\" data-id=\"3b47703\" data-element_type=\"column\" data-e-type=\"column\">\n\t\t\t<div class=\"elementor-widget-wrap elementor-element-populated\">\n\t\t\t\t\t\t<div class=\"elementor-element elementor-element-48dd20b elementor-widget elementor-widget-heading\" data-id=\"48dd20b\" data-element_type=\"widget\" data-e-type=\"widget\" data-widget_type=\"heading.default\">\n\t\t\t\t<div class=\"elementor-widget-container\">\n\t\t\t\t\t<h2 class=\"elementor-heading-title elementor-size-default\">NEURITIS <b>\u00d2PTICA<\/b><\/h2>\t\t\t\t<\/div>\n\t\t\t\t<\/div>\n\t\t\t\t<div class=\"elementor-element elementor-element-b8223b9 elementor-widget elementor-widget-text-editor\" data-id=\"b8223b9\" data-element_type=\"widget\" data-e-type=\"widget\" data-widget_type=\"text-editor.default\">\n\t\t\t\t<div class=\"elementor-widget-container\">\n\t\t\t\t\t\t\t\t\t<p>La <strong>neuritis \u00f2ptica<\/strong> es caracteritza per una p\u00e8rdua de visi\u00f3 brusca, habitualment unilateral, produ\u00efda per una <strong>inflamaci\u00f3 del nervi \u00f2ptic<\/strong> que es pot presentar de forma a\u00efllada o en el context d&#8217;una <strong>esclerosi m\u00faltiple<\/strong>. En la majoria de casos, la visi\u00f3 es recupera al cap d\u2019unes setmanes, si b\u00e9 l&#8217;\u00fas de corticoter\u00e0pia a altes dosis, sigui endovenosa o el seu equivalent oral, n\u2019accelera la recuperaci\u00f3. <\/p>\n\t\t\t\t\t\t\t\t<\/div>\n\t\t\t\t<\/div>\n\t\t\t\t\t<\/div>\n\t\t<\/div>\n\t\t\t\t\t<\/div>\n\t\t<\/section>\n\t\t\t\t<section class=\"elementor-section elementor-inner-section elementor-element elementor-element-e514d6d elementor-section-boxed elementor-section-height-default elementor-section-height-default\" data-id=\"e514d6d\" data-element_type=\"section\" data-e-type=\"section\">\n\t\t\t\t\t\t<div class=\"elementor-container elementor-column-gap-default\">\n\t\t\t\t\t<div class=\"elementor-column elementor-col-50 elementor-inner-column elementor-element elementor-element-80bb80a\" data-id=\"80bb80a\" data-element_type=\"column\" data-e-type=\"column\">\n\t\t\t<div class=\"elementor-widget-wrap elementor-element-populated\">\n\t\t\t\t\t\t<div class=\"elementor-element elementor-element-36f5e0a elementor-widget elementor-widget-image\" data-id=\"36f5e0a\" data-element_type=\"widget\" data-e-type=\"widget\" data-widget_type=\"image.default\">\n\t\t\t\t<div class=\"elementor-widget-container\">\n\t\t\t\t\t\t\t\t\t\t\t\t\t\t\t<img loading=\"lazy\" decoding=\"async\" width=\"129\" height=\"129\" src=\"https:\/\/www.vision-clinic.es\/wp-content\/uploads\/2022\/02\/NEUROPATIA-OPTICA-ISQUEMICA.png\" class=\"attachment-large size-large wp-image-9945\" alt=\"NEUROPAT\u00cdA \u00d3PTICA ISQU\u00c9MICA\" style=\"width:100%;height:100%;max-width:129px\" \/>\t\t\t\t\t\t\t\t\t\t\t\t\t\t\t<\/div>\n\t\t\t\t<\/div>\n\t\t\t\t\t<\/div>\n\t\t<\/div>\n\t\t\t\t<div class=\"elementor-column elementor-col-50 elementor-inner-column elementor-element elementor-element-7715298\" data-id=\"7715298\" data-element_type=\"column\" data-e-type=\"column\">\n\t\t\t<div class=\"elementor-widget-wrap elementor-element-populated\">\n\t\t\t\t\t\t<div class=\"elementor-element elementor-element-4ffda81 elementor-widget elementor-widget-heading\" data-id=\"4ffda81\" data-element_type=\"widget\" data-e-type=\"widget\" data-widget_type=\"heading.default\">\n\t\t\t\t<div class=\"elementor-widget-container\">\n\t\t\t\t\t<h2 class=\"elementor-heading-title elementor-size-default\"><b>NEUROPATIA<\/b> \u00d2PTICA ISQU\u00c8MICA<\/h2>\t\t\t\t<\/div>\n\t\t\t\t<\/div>\n\t\t\t\t<div class=\"elementor-element elementor-element-dc65c5c elementor-widget elementor-widget-text-editor\" data-id=\"dc65c5c\" data-element_type=\"widget\" data-e-type=\"widget\" data-widget_type=\"text-editor.default\">\n\t\t\t\t<div class=\"elementor-widget-container\">\n\t\t\t\t\t\t\t\t\t<p>La <strong>neuropatia \u00f2ptica isqu\u00e8mica<\/strong> es manifesta amb una p\u00e8rdua brusca de visi\u00f3 unilateral a causa d&#8217;un infart al cap del nervi. Sol passar en persones m\u00e9s grans de 50 anys, amb diabetis o problemes d&#8217;hipertensi\u00f3 amb antecedents de patologia vascular. No \u00e9s infreq\u00fcent que el mateix quadre es presenti al cap d&#8217;un temps a l&#8217;ull contralateral.  <\/p>\n<\/p>\n<p>L&#8217;<strong>infart del disc o cap del nervi \u00f2ptic<\/strong> tamb\u00e9 pot passar en el context d&#8217;una arteritis de la temporal, malaltia que sol afectar persones m\u00e9s grans de 70 anys. Davant la seva sospita, \u00e9s urgent l&#8217;inici del tractament amb corticoides a altes dosis. La bi\u00f2psia de l\u2019art\u00e8ria temporal en confirmar\u00e0 el diagn\u00f2stic. En el <strong>diagn\u00f2stic diferencial de les neuropaties \u00f2ptiques<\/strong> tamb\u00e9 s&#8217;han de considerar les <strong>neuropaties \u00f2ptiques t\u00f2xico-nutricional<\/strong><b>s<\/b> i l&#8217;<strong>atr\u00f2fia \u00f2ptica heredit\u00e0ria de Leber<\/strong>.   <\/p>\n\t\t\t\t\t\t\t\t<\/div>\n\t\t\t\t<\/div>\n\t\t\t\t\t<\/div>\n\t\t<\/div>\n\t\t\t\t\t<\/div>\n\t\t<\/section>\n\t\t\t\t<section class=\"elementor-section elementor-inner-section elementor-element elementor-element-c23073e elementor-section-boxed elementor-section-height-default elementor-section-height-default\" data-id=\"c23073e\" data-element_type=\"section\" data-e-type=\"section\">\n\t\t\t\t\t\t<div class=\"elementor-container elementor-column-gap-default\">\n\t\t\t\t\t<div class=\"elementor-column elementor-col-50 elementor-inner-column elementor-element elementor-element-7c8d16a\" data-id=\"7c8d16a\" data-element_type=\"column\" data-e-type=\"column\">\n\t\t\t<div class=\"elementor-widget-wrap elementor-element-populated\">\n\t\t\t\t\t\t<div class=\"elementor-element elementor-element-fc1bc48 elementor-widget elementor-widget-image\" data-id=\"fc1bc48\" data-element_type=\"widget\" data-e-type=\"widget\" data-widget_type=\"image.default\">\n\t\t\t\t<div class=\"elementor-widget-container\">\n\t\t\t\t\t\t\t\t\t\t\t\t\t\t\t<img loading=\"lazy\" decoding=\"async\" width=\"129\" height=\"129\" src=\"https:\/\/www.vision-clinic.es\/wp-content\/uploads\/2022\/02\/AMAUROSIS-FUGAZ_.png\" class=\"attachment-large size-large wp-image-9946\" alt=\"AMAUROSIS FUGAZ\" style=\"width:100%;height:100%;max-width:129px\" \/>\t\t\t\t\t\t\t\t\t\t\t\t\t\t\t<\/div>\n\t\t\t\t<\/div>\n\t\t\t\t\t<\/div>\n\t\t<\/div>\n\t\t\t\t<div class=\"elementor-column elementor-col-50 elementor-inner-column elementor-element elementor-element-6458fdc\" data-id=\"6458fdc\" data-element_type=\"column\" data-e-type=\"column\">\n\t\t\t<div class=\"elementor-widget-wrap elementor-element-populated\">\n\t\t\t\t\t\t<div class=\"elementor-element elementor-element-fe92e6c elementor-widget elementor-widget-heading\" data-id=\"fe92e6c\" data-element_type=\"widget\" data-e-type=\"widget\" data-widget_type=\"heading.default\">\n\t\t\t\t<div class=\"elementor-widget-container\">\n\t\t\t\t\t<h2 class=\"elementor-heading-title elementor-size-default\"><b>AMAUROSI FUGA\u00c7<\/b><\/h2>\t\t\t\t<\/div>\n\t\t\t\t<\/div>\n\t\t\t\t<div class=\"elementor-element elementor-element-1ef9a10 elementor-widget elementor-widget-text-editor\" data-id=\"1ef9a10\" data-element_type=\"widget\" data-e-type=\"widget\" data-widget_type=\"text-editor.default\">\n\t\t\t\t<div class=\"elementor-widget-container\">\n\t\t\t\t\t\t\t\t\t<p>L&#8217;<strong>amaurosi fuga\u00e7<\/strong> \u00e9s la p\u00e8rdua temporal de la visi\u00f3 en un ull davant d&#8217;un <strong>bloqueig momentani de la circulaci\u00f3 sangu\u00ednia a la retina<\/strong>, que pot durar segons o minuts. Aquests episodis de ceguesa transit\u00f2ria monocular i de curta durada no constitueixen una malaltia en si mateixa, sin\u00f3 que s\u00f3n un signe d&#8217;altres trastorns. La causa pot ser des d&#8217;una <strong>inflamaci\u00f3 del nervi \u00f2ptic (neuritis \u00f2ptica)<\/strong> a una <strong>vasculitis<\/strong> (malaltia dels vasos sanguinis que provoca una inflamaci\u00f3 de les art\u00e8ries mitjanes i petites, produint danys de vegades irreversibles), lupus sist\u00e8mic eritemat\u00f3s, esclerosi m\u00faltiple o lesions al cap.  <\/p>\n\t\t\t\t\t\t\t\t<\/div>\n\t\t\t\t<\/div>\n\t\t\t\t\t<\/div>\n\t\t<\/div>\n\t\t\t\t\t<\/div>\n\t\t<\/section>\n\t\t\t\t<section class=\"elementor-section elementor-inner-section elementor-element elementor-element-f3ff10d elementor-section-boxed elementor-section-height-default elementor-section-height-default\" data-id=\"f3ff10d\" data-element_type=\"section\" data-e-type=\"section\">\n\t\t\t\t\t\t<div class=\"elementor-container elementor-column-gap-default\">\n\t\t\t\t\t<div class=\"elementor-column elementor-col-50 elementor-inner-column elementor-element elementor-element-6e108e5\" data-id=\"6e108e5\" data-element_type=\"column\" data-e-type=\"column\">\n\t\t\t<div class=\"elementor-widget-wrap elementor-element-populated\">\n\t\t\t\t\t\t<div class=\"elementor-element elementor-element-b20b885 elementor-widget elementor-widget-image\" data-id=\"b20b885\" data-element_type=\"widget\" data-e-type=\"widget\" data-widget_type=\"image.default\">\n\t\t\t\t<div class=\"elementor-widget-container\">\n\t\t\t\t\t\t\t\t\t\t\t\t\t\t\t<img loading=\"lazy\" decoding=\"async\" width=\"129\" height=\"129\" src=\"https:\/\/www.vision-clinic.es\/wp-content\/uploads\/2022\/02\/auras-migranosas.png\" class=\"attachment-large size-large wp-image-9947\" alt=\"auras visuales migra\u00f1osas\" style=\"width:100%;height:100%;max-width:129px\" \/>\t\t\t\t\t\t\t\t\t\t\t\t\t\t\t<\/div>\n\t\t\t\t<\/div>\n\t\t\t\t\t<\/div>\n\t\t<\/div>\n\t\t\t\t<div class=\"elementor-column elementor-col-50 elementor-inner-column elementor-element elementor-element-43c39d3\" data-id=\"43c39d3\" data-element_type=\"column\" data-e-type=\"column\">\n\t\t\t<div class=\"elementor-widget-wrap elementor-element-populated\">\n\t\t\t\t\t\t<div class=\"elementor-element elementor-element-ee76963 elementor-widget elementor-widget-heading\" data-id=\"ee76963\" data-element_type=\"widget\" data-e-type=\"widget\" data-widget_type=\"heading.default\">\n\t\t\t\t<div class=\"elementor-widget-container\">\n\t\t\t\t\t<h2 class=\"elementor-heading-title elementor-size-default\"><b>AURES VISUALS<\/b> MIGRANYOSES<\/h2>\t\t\t\t<\/div>\n\t\t\t\t<\/div>\n\t\t\t\t<div class=\"elementor-element elementor-element-5e70f9e elementor-widget elementor-widget-text-editor\" data-id=\"5e70f9e\" data-element_type=\"widget\" data-e-type=\"widget\" data-widget_type=\"text-editor.default\">\n\t\t\t\t<div class=\"elementor-widget-container\">\n\t\t\t\t\t\t\t\t\t<p><span style=\"background-color: rgba(192, 41, 41, 0);\">Una aura visual \u00e9s un tipus de <b>migranya<\/b> que implica alteracions oculars temporals com <b>centelleigs de llum, visi\u00f3 borrosa o punts cecs<\/b>, entre d&#8217;altres. Fins i tot s&#8217;han descrit episodis de ceguesa completa, s\u00edmptomes secundaris a l&#8217;alteraci\u00f3 de l&#8217;escor\u00e7a occipital. S\u00f3n excepcionals els casos de <b>migranya retinal,<\/b> on el trastorn visual es produeix per manca d&#8217;irrigaci\u00f3 sangu\u00ednia del nervi \u00f2ptic o de la retina.   <\/span><\/p>\n\t\t\t\t\t\t\t\t<\/div>\n\t\t\t\t<\/div>\n\t\t\t\t\t<\/div>\n\t\t<\/div>\n\t\t\t\t\t<\/div>\n\t\t<\/section>\n\t\t\t\t<section class=\"elementor-section elementor-inner-section elementor-element elementor-element-db15980 elementor-section-boxed elementor-section-height-default elementor-section-height-default\" data-id=\"db15980\" data-element_type=\"section\" data-e-type=\"section\">\n\t\t\t\t\t\t<div class=\"elementor-container elementor-column-gap-default\">\n\t\t\t\t\t<div class=\"elementor-column elementor-col-50 elementor-inner-column elementor-element elementor-element-47a31e9\" data-id=\"47a31e9\" data-element_type=\"column\" data-e-type=\"column\">\n\t\t\t<div class=\"elementor-widget-wrap elementor-element-populated\">\n\t\t\t\t\t\t<div class=\"elementor-element elementor-element-8d9e002 elementor-widget elementor-widget-image\" data-id=\"8d9e002\" data-element_type=\"widget\" data-e-type=\"widget\" data-widget_type=\"image.default\">\n\t\t\t\t<div class=\"elementor-widget-container\">\n\t\t\t\t\t\t\t\t\t\t\t\t\t\t\t<img loading=\"lazy\" decoding=\"async\" width=\"129\" height=\"129\" src=\"https:\/\/www.vision-clinic.es\/wp-content\/uploads\/2022\/02\/defectos-campo-visual.png\" class=\"attachment-large size-large wp-image-9948\" alt=\"defectos campo visual\" style=\"width:100%;height:100%;max-width:129px\" \/>\t\t\t\t\t\t\t\t\t\t\t\t\t\t\t<\/div>\n\t\t\t\t<\/div>\n\t\t\t\t\t<\/div>\n\t\t<\/div>\n\t\t\t\t<div class=\"elementor-column elementor-col-50 elementor-inner-column elementor-element elementor-element-0192e59\" data-id=\"0192e59\" data-element_type=\"column\" data-e-type=\"column\">\n\t\t\t<div class=\"elementor-widget-wrap elementor-element-populated\">\n\t\t\t\t\t\t<div class=\"elementor-element elementor-element-18bb452 elementor-widget elementor-widget-heading\" data-id=\"18bb452\" data-element_type=\"widget\" data-e-type=\"widget\" data-widget_type=\"heading.default\">\n\t\t\t\t<div class=\"elementor-widget-container\">\n\t\t\t\t\t<h2 class=\"elementor-heading-title elementor-size-default\"><b>DEFECTES <\/b>DEL CAMP VISUAL<\/h2>\t\t\t\t<\/div>\n\t\t\t\t<\/div>\n\t\t\t\t<div class=\"elementor-element elementor-element-83fdb73 elementor-widget elementor-widget-text-editor\" data-id=\"83fdb73\" data-element_type=\"widget\" data-e-type=\"widget\" data-widget_type=\"text-editor.default\">\n\t\t\t\t<div class=\"elementor-widget-container\">\n\t\t\t\t\t\t\t\t\t<p>Les alteracions a la via visual aferent (des de la retina fins a l&#8217;escor\u00e7a occipital) poden causar defectes en el camp visual uni o bilateral.&nbsp;<span style=\"background-color: rgba(192, 41, 41, 0); font-family: var( --e-global-typography-ffd5103-font-family ), Sans-serif; font-size: var( --e-global-typography-ffd5103-font-size ); font-weight: var( --e-global-typography-ffd5103-font-weight ); letter-spacing: var( --e-global-typography-ffd5103-letter-spacing );\">Si afecta un <\/span><span style=\"background-color: rgba(192, 41, 41, 0); font-family: var( --e-global-typography-ffd5103-font-family ), Sans-serif; font-size: var( --e-global-typography-ffd5103-font-size ); letter-spacing: var( --e-global-typography-ffd5103-letter-spacing );\"><b>nervi \u00f2ptic<\/b><\/span><span style=\"background-color: rgba(192, 41, 41, 0); font-family: var( --e-global-typography-ffd5103-font-family ), Sans-serif; font-size: var( --e-global-typography-ffd5103-font-size ); font-weight: var( --e-global-typography-ffd5103-font-weight ); letter-spacing: var( --e-global-typography-ffd5103-letter-spacing );\"> nom\u00e9s comportar\u00e0 alteracions en aquest ull, per\u00f2 <\/span><span style=\"background-color: rgba(192, 41, 41, 0); font-family: var( --e-global-typography-ffd5103-font-family ), Sans-serif; font-size: var( --e-global-typography-ffd5103-font-size ); letter-spacing: var( --e-global-typography-ffd5103-letter-spacing );\"><b>alteracions al quiasma<\/b><\/span><span style=\"background-color: rgba(192, 41, 41, 0); font-family: var( --e-global-typography-ffd5103-font-family ), Sans-serif; font-size: var( --e-global-typography-ffd5103-font-size ); font-weight: var( --e-global-typography-ffd5103-font-weight ); letter-spacing: var( --e-global-typography-ffd5103-letter-spacing );\"> (com tumors hipofisaris), radiacions \u00f2ptiques o en \u00e0rea occipital (lesions vasculars, tumors, inflamat\u00f2ries) poden esdevenir defectes de camp visual que afecten els dos ulls. La identificaci\u00f3 d&#8217;aquests defectes campim\u00e8trics, aix\u00ed com el seguiment, permet fer el control i l&#8217;avaluaci\u00f3 de la  <\/span><span style=\"background-color: rgba(192, 41, 41, 0); font-family: var( --e-global-typography-ffd5103-font-family ), Sans-serif; font-size: var( --e-global-typography-ffd5103-font-size ); letter-spacing: var( --e-global-typography-ffd5103-letter-spacing );\"><b>patologia causal<\/b><\/span><span style=\"background-color: rgba(192, 41, 41, 0); font-family: var( --e-global-typography-ffd5103-font-family ), Sans-serif; font-size: var( --e-global-typography-ffd5103-font-size ); font-weight: var( --e-global-typography-ffd5103-font-weight ); letter-spacing: var( --e-global-typography-ffd5103-letter-spacing );\">.&nbsp;<\/span><\/p>\n\t\t\t\t\t\t\t\t<\/div>\n\t\t\t\t<\/div>\n\t\t\t\t\t<\/div>\n\t\t<\/div>\n\t\t\t\t\t<\/div>\n\t\t<\/section>\n\t\t\t\t\t<\/div>\n\t\t<\/div>\n\t\t\t\t\t<\/div>\n\t\t<\/section>\n\t\t\t\t<section class=\"elementor-section elementor-top-section elementor-element elementor-element-68d8efb elementor-section-stretched elementor-section-boxed elementor-section-height-default elementor-section-height-default\" data-id=\"68d8efb\" data-element_type=\"section\" data-e-type=\"section\" id=\"04\" data-settings=\"{&quot;stretch_section&quot;:&quot;section-stretched&quot;}\">\n\t\t\t\t\t\t<div class=\"elementor-container elementor-column-gap-default\">\n\t\t\t\t\t<div class=\"elementor-column elementor-col-100 elementor-top-column elementor-element elementor-element-8b215e9\" data-id=\"8b215e9\" data-element_type=\"column\" data-e-type=\"column\">\n\t\t\t<div class=\"elementor-widget-wrap elementor-element-populated\">\n\t\t\t\t\t\t<section class=\"elementor-section elementor-inner-section elementor-element elementor-element-6d98c78 elementor-section-boxed elementor-section-height-default elementor-section-height-default\" data-id=\"6d98c78\" data-element_type=\"section\" data-e-type=\"section\">\n\t\t\t\t\t\t<div class=\"elementor-container elementor-column-gap-default\">\n\t\t\t\t\t<div class=\"elementor-column elementor-col-100 elementor-inner-column elementor-element elementor-element-97979c0\" data-id=\"97979c0\" data-element_type=\"column\" data-e-type=\"column\">\n\t\t\t<div class=\"elementor-widget-wrap elementor-element-populated\">\n\t\t\t\t\t\t<div class=\"elementor-element elementor-element-e506f1f elementor-absolute img-punt elementor-widget__width-initial elementor-widget elementor-widget-image\" data-id=\"e506f1f\" data-element_type=\"widget\" data-e-type=\"widget\" data-settings=\"{&quot;_position&quot;:&quot;absolute&quot;}\" data-widget_type=\"image.default\">\n\t\t\t\t<div class=\"elementor-widget-container\">\n\t\t\t\t\t\t\t\t\t\t\t\t\t\t\t<img loading=\"lazy\" decoding=\"async\" width=\"57\" height=\"57\" src=\"https:\/\/www.vision-clinic.es\/wp-content\/uploads\/2021\/12\/Group-1521.svg\" class=\"attachment-full size-full wp-image-9913\" alt=\"\" style=\"width:100%;height:100%;max-width:57px\" \/>\t\t\t\t\t\t\t\t\t\t\t\t\t\t\t<\/div>\n\t\t\t\t<\/div>\n\t\t\t\t<div class=\"elementor-element elementor-element-496cc11 center-align elementor-widget__width-initial elementor-widget-mobile__width-initial elementor-widget elementor-widget-heading\" data-id=\"496cc11\" data-element_type=\"widget\" data-e-type=\"widget\" data-widget_type=\"heading.default\">\n\t\t\t\t<div class=\"elementor-widget-container\">\n\t\t\t\t\t<h2 class=\"elementor-heading-title elementor-size-default\">TRASTORNS NEUROOFTALMOL\u00d2GICS <b>DE LA FUNCI\u00d3 MOTORA<\/b><\/h2>\t\t\t\t<\/div>\n\t\t\t\t<\/div>\n\t\t\t\t\t<\/div>\n\t\t<\/div>\n\t\t\t\t\t<\/div>\n\t\t<\/section>\n\t\t\t\t<div class=\"elementor-element elementor-element-63e1ba8 elementor-widget elementor-widget-text-editor\" data-id=\"63e1ba8\" data-element_type=\"widget\" data-e-type=\"widget\" data-widget_type=\"text-editor.default\">\n\t\t\t\t<div class=\"elementor-widget-container\">\n\t\t\t\t\t\t\t\t\t<p>Les <strong>patologies que afecten els m\u00fasculs oculars<\/strong> es manifesten generalment amb visi\u00f3 doble (diplopia), espasmes o alteracions pupil\u00b7lars. A visi\u00f5ncl\u00ednic+ l&#8217;estudi de les causes es duu a terme des de la nostra <strong>Unitat de Neurooftalmologia<\/strong> i <b>Estrabismes<\/b>. <\/p>\n\t\t\t\t\t\t\t\t<\/div>\n\t\t\t\t<\/div>\n\t\t\t\t<section class=\"elementor-section elementor-inner-section elementor-element elementor-element-868f6fc elementor-section-boxed elementor-section-height-default elementor-section-height-default\" data-id=\"868f6fc\" data-element_type=\"section\" data-e-type=\"section\">\n\t\t\t\t\t\t<div class=\"elementor-container elementor-column-gap-default\">\n\t\t\t\t\t<div class=\"elementor-column elementor-col-50 elementor-inner-column elementor-element elementor-element-e508a21\" data-id=\"e508a21\" data-element_type=\"column\" data-e-type=\"column\">\n\t\t\t<div class=\"elementor-widget-wrap elementor-element-populated\">\n\t\t\t\t\t\t<div class=\"elementor-element elementor-element-c22f412 elementor-widget elementor-widget-image\" data-id=\"c22f412\" data-element_type=\"widget\" data-e-type=\"widget\" data-widget_type=\"image.default\">\n\t\t\t\t<div class=\"elementor-widget-container\">\n\t\t\t\t\t\t\t\t\t\t\t\t\t\t\t<img loading=\"lazy\" decoding=\"async\" width=\"129\" height=\"129\" src=\"https:\/\/www.vision-clinic.es\/wp-content\/uploads\/2022\/02\/diplopia.png\" class=\"attachment-large size-large wp-image-9949\" alt=\"\" style=\"width:100%;height:100%;max-width:129px\" \/>\t\t\t\t\t\t\t\t\t\t\t\t\t\t\t<\/div>\n\t\t\t\t<\/div>\n\t\t\t\t\t<\/div>\n\t\t<\/div>\n\t\t\t\t<div class=\"elementor-column elementor-col-50 elementor-inner-column elementor-element elementor-element-cb9b580\" data-id=\"cb9b580\" data-element_type=\"column\" data-e-type=\"column\">\n\t\t\t<div class=\"elementor-widget-wrap elementor-element-populated\">\n\t\t\t\t\t\t<div class=\"elementor-element elementor-element-b1a4242 elementor-widget elementor-widget-heading\" data-id=\"b1a4242\" data-element_type=\"widget\" data-e-type=\"widget\" data-widget_type=\"heading.default\">\n\t\t\t\t<div class=\"elementor-widget-container\">\n\t\t\t\t\t<h2 class=\"elementor-heading-title elementor-size-default\"><b>DIPLOPIA<\/b><\/h2>\t\t\t\t<\/div>\n\t\t\t\t<\/div>\n\t\t\t\t<div class=\"elementor-element elementor-element-df5a6eb elementor-widget elementor-widget-text-editor\" data-id=\"df5a6eb\" data-element_type=\"widget\" data-e-type=\"widget\" data-widget_type=\"text-editor.default\">\n\t\t\t\t<div class=\"elementor-widget-container\">\n\t\t\t\t\t\t\t\t\t<p>La <strong>diplopia o visi\u00f3 doble<\/strong> passa quan percebem dues imatges d&#8217;un mateix objecte. Hi ha diferents <strong>tipus de diplopia<\/strong>. La que en tancar un ull persisteix (monocular) o la que en tancar un ull desapareix (binocular). Horitzontal, vertical o diagonal, segons com se superposin les imatges. I puntual o continuada.    <\/p>\n<\/p>\n<p>Una<strong>valoraci\u00f3 neurooftalmol\u00f2gica completa<\/strong>determinar\u00e0 la causa per poder abordar el tractament amb garanties. Aquest estudi ha d&#8217;incloure una valoraci\u00f3 de la motilitat ocular (capacitat per fer moviments oculars de manera coordinada), mesuraments de la vista i an\u00e0lisis complement\u00e0ries com una anal\u00edtica general completa o una resson\u00e0ncia cerebral, si hi ha indicis de lesi\u00f3 neurol\u00f2gica. Gr\u00e0cies a l&#8217;exploraci\u00f3 sabrem si l&#8217;afectaci\u00f3 correspon a la par\u00e0lisi d&#8217;un nervi oculomotor determinat (les causes del qual poden ser aneurismes, diabetis, tumors o un traumatisme cranioencef\u00e0lic) o b\u00e9 es tracta d&#8217;un problema limitat a la musculatura.  <\/p>\n\t\t\t\t\t\t\t\t<\/div>\n\t\t\t\t<\/div>\n\t\t\t\t\t<\/div>\n\t\t<\/div>\n\t\t\t\t\t<\/div>\n\t\t<\/section>\n\t\t\t\t<section class=\"elementor-section elementor-inner-section elementor-element elementor-element-a553d8c elementor-section-boxed elementor-section-height-default elementor-section-height-default\" data-id=\"a553d8c\" data-element_type=\"section\" data-e-type=\"section\">\n\t\t\t\t\t\t<div class=\"elementor-container elementor-column-gap-default\">\n\t\t\t\t\t<div class=\"elementor-column elementor-col-50 elementor-inner-column elementor-element elementor-element-c0cefc5\" data-id=\"c0cefc5\" data-element_type=\"column\" data-e-type=\"column\">\n\t\t\t<div class=\"elementor-widget-wrap elementor-element-populated\">\n\t\t\t\t\t\t<div class=\"elementor-element elementor-element-3374cb9 elementor-widget elementor-widget-image\" data-id=\"3374cb9\" data-element_type=\"widget\" data-e-type=\"widget\" data-widget_type=\"image.default\">\n\t\t\t\t<div class=\"elementor-widget-container\">\n\t\t\t\t\t\t\t\t\t\t\t\t\t\t\t<img loading=\"lazy\" decoding=\"async\" width=\"129\" height=\"129\" src=\"https:\/\/www.vision-clinic.es\/wp-content\/uploads\/2022\/02\/NISTAGMUS_.png\" class=\"attachment-large size-large wp-image-9950\" alt=\"NISTAGMUS\" style=\"width:100%;height:100%;max-width:129px\" \/>\t\t\t\t\t\t\t\t\t\t\t\t\t\t\t<\/div>\n\t\t\t\t<\/div>\n\t\t\t\t\t<\/div>\n\t\t<\/div>\n\t\t\t\t<div class=\"elementor-column elementor-col-50 elementor-inner-column elementor-element elementor-element-62a1888\" data-id=\"62a1888\" data-element_type=\"column\" data-e-type=\"column\">\n\t\t\t<div class=\"elementor-widget-wrap elementor-element-populated\">\n\t\t\t\t\t\t<div class=\"elementor-element elementor-element-5d02209 elementor-widget elementor-widget-heading\" data-id=\"5d02209\" data-element_type=\"widget\" data-e-type=\"widget\" data-widget_type=\"heading.default\">\n\t\t\t\t<div class=\"elementor-widget-container\">\n\t\t\t\t\t<h2 class=\"elementor-heading-title elementor-size-default\"><b>NISTAGMUS<\/b><\/h2>\t\t\t\t<\/div>\n\t\t\t\t<\/div>\n\t\t\t\t<div class=\"elementor-element elementor-element-bd5e179 elementor-widget elementor-widget-text-editor\" data-id=\"bd5e179\" data-element_type=\"widget\" data-e-type=\"widget\" data-widget_type=\"text-editor.default\">\n\t\t\t\t<div class=\"elementor-widget-container\">\n\t\t\t\t\t\t\t\t\t<p>El <strong>nistagme o nistagmus<\/strong> \u00e9s una patologia poc comuna que es presenta com un moviment continu, r\u00e0pid, involuntari i repetitiu dels ulls. L&#8217;exploraci\u00f3 d&#8217;aquesta alteraci\u00f3, mitjan\u00e7ant <strong>examen personalitzat per un oftalm\u00f2leg<\/strong>, ens indicar\u00e0 si el seu origen \u00e9s degut a causes cong\u00e8nites, neurol\u00f2giques (relacionades amb patologies del sistema nervi\u00f3s, esclerosi m\u00faltiple o tumors cerebrals) o idiop\u00e0tiques (es tractaria del nistagmus infantil, que apareix durant els primers 6 mesos de vida a causa d&#8217;un defecte del sistema neurol\u00f2gic encarregat d&#8217;estabilitzar la mirada). <\/p>\n<\/p>\n<p>El tractament variar\u00e0 segons el<strong>tipus de nistagmus<\/strong>. Si \u00e9s provocat per una altra patologia associada, \u00e9s clau comen\u00e7ar un tractament espec\u00edfic com m\u00e9s aviat millor. Les injeccions de toxina botul\u00ednica se solen fer servir amb l&#8217;objectiu de provocar cert grau de par\u00e0lisi en m\u00fasculs associats a l&#8217;ull i aconseguir disminuir el moviment. A m\u00e9s, per evitar que la patologia desemboqui en torticolis, podem emprar unes ulleres especials (amb prismes) o cirurgia dels m\u00fasculs.   <\/p>\n\t\t\t\t\t\t\t\t<\/div>\n\t\t\t\t<\/div>\n\t\t\t\t\t<\/div>\n\t\t<\/div>\n\t\t\t\t\t<\/div>\n\t\t<\/section>\n\t\t\t\t<section class=\"elementor-section elementor-inner-section elementor-element elementor-element-08d858e elementor-section-boxed elementor-section-height-default elementor-section-height-default\" data-id=\"08d858e\" data-element_type=\"section\" data-e-type=\"section\">\n\t\t\t\t\t\t<div class=\"elementor-container elementor-column-gap-default\">\n\t\t\t\t\t<div class=\"elementor-column elementor-col-50 elementor-inner-column elementor-element elementor-element-be983dc\" data-id=\"be983dc\" data-element_type=\"column\" data-e-type=\"column\">\n\t\t\t<div class=\"elementor-widget-wrap elementor-element-populated\">\n\t\t\t\t\t\t<div class=\"elementor-element elementor-element-45ca8a2 elementor-widget elementor-widget-image\" data-id=\"45ca8a2\" data-element_type=\"widget\" data-e-type=\"widget\" data-widget_type=\"image.default\">\n\t\t\t\t<div class=\"elementor-widget-container\">\n\t\t\t\t\t\t\t\t\t\t\t\t\t\t\t<img loading=\"lazy\" decoding=\"async\" width=\"129\" height=\"129\" src=\"https:\/\/www.vision-clinic.es\/wp-content\/uploads\/2022\/02\/blefaroespasmos.png\" class=\"attachment-large size-large wp-image-9951\" alt=\"blefaroespasmos\" style=\"width:100%;height:100%;max-width:129px\" \/>\t\t\t\t\t\t\t\t\t\t\t\t\t\t\t<\/div>\n\t\t\t\t<\/div>\n\t\t\t\t\t<\/div>\n\t\t<\/div>\n\t\t\t\t<div class=\"elementor-column elementor-col-50 elementor-inner-column elementor-element elementor-element-a4b5256\" data-id=\"a4b5256\" data-element_type=\"column\" data-e-type=\"column\">\n\t\t\t<div class=\"elementor-widget-wrap elementor-element-populated\">\n\t\t\t\t\t\t<div class=\"elementor-element elementor-element-0c187b4 elementor-widget elementor-widget-heading\" data-id=\"0c187b4\" data-element_type=\"widget\" data-e-type=\"widget\" data-widget_type=\"heading.default\">\n\t\t\t\t<div class=\"elementor-widget-container\">\n\t\t\t\t\t<h2 class=\"elementor-heading-title elementor-size-default\"><b>BLEFAROESPASMES<\/b> <\/h2>\t\t\t\t<\/div>\n\t\t\t\t<\/div>\n\t\t\t\t<div class=\"elementor-element elementor-element-aa7a11b elementor-widget elementor-widget-text-editor\" data-id=\"aa7a11b\" data-element_type=\"widget\" data-e-type=\"widget\" data-widget_type=\"text-editor.default\">\n\t\t\t\t<div class=\"elementor-widget-container\">\n\t\t\t\t\t\t\t\t\t<p>Els <strong>blefaroespasmes<\/strong> es manifesten amb espasmes palpebrals causats per contraccions espasm\u00f2diques, involunt\u00e0ries i repetitives dels m\u00fasculs de les parpelles. En els casos m\u00e9s severs, poden arribar a ser invalidants per a la visi\u00f3 fins a produir alteracions visuals, visi\u00f3 borrosa o sensibilitat a la llum. Per aquesta ra\u00f3, s&#8217;han de tractar amb la m\u00e0xima rapidesa possible.  <\/p>\n\t\t\t\t\t\t\t\t<\/div>\n\t\t\t\t<\/div>\n\t\t\t\t\t<\/div>\n\t\t<\/div>\n\t\t\t\t\t<\/div>\n\t\t<\/section>\n\t\t\t\t<section class=\"elementor-section elementor-inner-section elementor-element elementor-element-4c2eedc elementor-section-boxed elementor-section-height-default elementor-section-height-default\" data-id=\"4c2eedc\" data-element_type=\"section\" data-e-type=\"section\">\n\t\t\t\t\t\t<div class=\"elementor-container elementor-column-gap-default\">\n\t\t\t\t\t<div class=\"elementor-column elementor-col-50 elementor-inner-column elementor-element elementor-element-aa9e9fb\" data-id=\"aa9e9fb\" data-element_type=\"column\" data-e-type=\"column\">\n\t\t\t<div class=\"elementor-widget-wrap elementor-element-populated\">\n\t\t\t\t\t\t<div class=\"elementor-element elementor-element-436270b elementor-widget elementor-widget-image\" data-id=\"436270b\" data-element_type=\"widget\" data-e-type=\"widget\" data-widget_type=\"image.default\">\n\t\t\t\t<div class=\"elementor-widget-container\">\n\t\t\t\t\t\t\t\t\t\t\t\t\t\t\t<img loading=\"lazy\" decoding=\"async\" width=\"129\" height=\"129\" src=\"https:\/\/www.vision-clinic.es\/wp-content\/uploads\/2022\/02\/ptosis.png\" class=\"attachment-large size-large wp-image-9952\" alt=\"\" style=\"width:100%;height:100%;max-width:129px\" \/>\t\t\t\t\t\t\t\t\t\t\t\t\t\t\t<\/div>\n\t\t\t\t<\/div>\n\t\t\t\t\t<\/div>\n\t\t<\/div>\n\t\t\t\t<div class=\"elementor-column elementor-col-50 elementor-inner-column elementor-element elementor-element-363475e\" data-id=\"363475e\" data-element_type=\"column\" data-e-type=\"column\">\n\t\t\t<div class=\"elementor-widget-wrap elementor-element-populated\">\n\t\t\t\t\t\t<div class=\"elementor-element elementor-element-1819416 elementor-widget elementor-widget-heading\" data-id=\"1819416\" data-element_type=\"widget\" data-e-type=\"widget\" data-widget_type=\"heading.default\">\n\t\t\t\t<div class=\"elementor-widget-container\">\n\t\t\t\t\t<h2 class=\"elementor-heading-title elementor-size-default\"><b>PTOSI<\/b> (CAIGUDA DE LA PARPELLA)<\/h2>\t\t\t\t<\/div>\n\t\t\t\t<\/div>\n\t\t\t\t<div class=\"elementor-element elementor-element-d83a152 elementor-widget elementor-widget-text-editor\" data-id=\"d83a152\" data-element_type=\"widget\" data-e-type=\"widget\" data-widget_type=\"text-editor.default\">\n\t\t\t\t<div class=\"elementor-widget-container\">\n\t\t\t\t\t\t\t\t\t<p>La <strong>ptosi palpebral<\/strong>\u00e9s la <strong>caiguda de la parpella superior<\/strong>. Sorgeix, habitualment, per una disfunci\u00f3 del m\u00fascul elevador, per causes degeneratives o cong\u00e8nites. La feblesa d&#8217;aquest m\u00fascul tamb\u00e9 pot ocasionar impossibilitat de tancar l&#8217;ull. Si la <strong>ptosi<\/strong> \u00e9s bilateral cal sospitar una malaltia o distr\u00f2fia muscular, una alteraci\u00f3 tiroidal o una miast\u00e8nia gravis. Cal tenir en compte que la <strong>caiguda progressiva de les parpelles<\/strong> \u00e9s caracter\u00edstica en la gent gran i s&#8217;ha de distingir de la resta de patologies.     <\/p>\n\t\t\t\t\t\t\t\t<\/div>\n\t\t\t\t<\/div>\n\t\t\t\t\t<\/div>\n\t\t<\/div>\n\t\t\t\t\t<\/div>\n\t\t<\/section>\n\t\t\t\t<section class=\"elementor-section elementor-inner-section elementor-element elementor-element-a94c653 elementor-section-boxed elementor-section-height-default elementor-section-height-default\" data-id=\"a94c653\" data-element_type=\"section\" data-e-type=\"section\">\n\t\t\t\t\t\t<div class=\"elementor-container elementor-column-gap-default\">\n\t\t\t\t\t<div class=\"elementor-column elementor-col-50 elementor-inner-column elementor-element elementor-element-bd77189\" data-id=\"bd77189\" data-element_type=\"column\" data-e-type=\"column\">\n\t\t\t<div class=\"elementor-widget-wrap elementor-element-populated\">\n\t\t\t\t\t\t<div class=\"elementor-element elementor-element-002579f elementor-widget elementor-widget-image\" data-id=\"002579f\" data-element_type=\"widget\" data-e-type=\"widget\" data-widget_type=\"image.default\">\n\t\t\t\t<div class=\"elementor-widget-container\">\n\t\t\t\t\t\t\t\t\t\t\t\t\t\t\t<img loading=\"lazy\" decoding=\"async\" width=\"129\" height=\"129\" src=\"https:\/\/www.vision-clinic.es\/wp-content\/uploads\/2022\/02\/alteraciones-pupila.png\" class=\"attachment-large size-large wp-image-9953\" alt=\"alteraciones de la pupila\" style=\"width:100%;height:100%;max-width:129px\" \/>\t\t\t\t\t\t\t\t\t\t\t\t\t\t\t<\/div>\n\t\t\t\t<\/div>\n\t\t\t\t\t<\/div>\n\t\t<\/div>\n\t\t\t\t<div class=\"elementor-column elementor-col-50 elementor-inner-column elementor-element elementor-element-f6ac7f6\" data-id=\"f6ac7f6\" data-element_type=\"column\" data-e-type=\"column\">\n\t\t\t<div class=\"elementor-widget-wrap elementor-element-populated\">\n\t\t\t\t\t\t<div class=\"elementor-element elementor-element-0fdcf08 elementor-widget elementor-widget-heading\" data-id=\"0fdcf08\" data-element_type=\"widget\" data-e-type=\"widget\" data-widget_type=\"heading.default\">\n\t\t\t\t<div class=\"elementor-widget-container\">\n\t\t\t\t\t<h2 class=\"elementor-heading-title elementor-size-default\"><b>ALTERACIONS DE LA PUPIL\u00b7LA<\/b><\/h2>\t\t\t\t<\/div>\n\t\t\t\t<\/div>\n\t\t\t\t<div class=\"elementor-element elementor-element-bf06d5c elementor-widget elementor-widget-text-editor\" data-id=\"bf06d5c\" data-element_type=\"widget\" data-e-type=\"widget\" data-widget_type=\"text-editor.default\">\n\t\t\t\t<div class=\"elementor-widget-container\">\n\t\t\t\t\t\t\t\t\t<p>Les <strong>alteracions de la pupil\u00b7la<\/strong> se solen manifestar quan la mida de les pupil\u00b7les disminueix sim\u00e8tricament en la seva exposici\u00f3 a la llum (defectes pupil\u00b7lars aferents) o quan es produeix una <strong>asimetria pupil\u00b7lar o anisoc\u00f2ria<\/strong> (defectes pupil\u00b7lars eferents). En una <strong>visita neurooftalmol\u00f2gica<\/strong> \u00e9s part essencial l&#8217;exploraci\u00f3 pupil\u00b7lar per determinar la mida, la simetria, la forma de les pupil\u00b7les, la resposta a la llum\u2026 A partir d&#8217;aquesta informaci\u00f3 podrem diagnosticar si es tracta d&#8217;alteracions secund\u00e0ries a f\u00e0rmacs, par\u00e0lisi del III parell cranial, s\u00edndrome d&#8217;Horner, pupil\u00b7la d&#8217;Adie o un altre tipus de patologia.  <\/p>\n\t\t\t\t\t\t\t\t<\/div>\n\t\t\t\t<\/div>\n\t\t\t\t\t<\/div>\n\t\t<\/div>\n\t\t\t\t\t<\/div>\n\t\t<\/section>\n\t\t\t\t\t<\/div>\n\t\t<\/div>\n\t\t\t\t\t<\/div>\n\t\t<\/section>\n\t\t\t\t<section class=\"elementor-section elementor-top-section elementor-element elementor-element-7272e74 elementor-section-stretched elementor-section-content-middle elementor-section-boxed elementor-section-height-default elementor-section-height-default\" data-id=\"7272e74\" data-element_type=\"section\" data-e-type=\"section\" data-settings=\"{&quot;stretch_section&quot;:&quot;section-stretched&quot;}\">\n\t\t\t\t\t\t\t<div class=\"elementor-background-overlay\"><\/div>\n\t\t\t\t\t\t\t<div class=\"elementor-container elementor-column-gap-default\">\n\t\t\t\t\t<div class=\"elementor-column elementor-col-50 elementor-top-column elementor-element elementor-element-0b5b47a\" data-id=\"0b5b47a\" data-element_type=\"column\" data-e-type=\"column\">\n\t\t\t<div class=\"elementor-widget-wrap elementor-element-populated\">\n\t\t\t\t\t\t<div class=\"elementor-element elementor-element-66d13f9 elementor-widget elementor-widget-global elementor-global-14525 elementor-global-3254 elementor-widget-text-editor\" data-id=\"66d13f9\" data-element_type=\"widget\" data-e-type=\"widget\" data-widget_type=\"text-editor.default\">\n\t\t\t\t<div class=\"elementor-widget-container\">\n\t\t\t\t\t\t\t\t\t<p>VOLS ESTAR AL DIA DE LES \u00daLTIMS TRACTAMENTS, NOVETATS I OFERTES DE VISI\u00d5NCL\u00cdNIC?<\/p>\t\t\t\t\t\t\t\t<\/div>\n\t\t\t\t<\/div>\n\t\t\t\t\t<\/div>\n\t\t<\/div>\n\t\t\t\t<div class=\"elementor-column elementor-col-50 elementor-top-column elementor-element elementor-element-38fed20\" data-id=\"38fed20\" data-element_type=\"column\" data-e-type=\"column\">\n\t\t\t<div class=\"elementor-widget-wrap elementor-element-populated\">\n\t\t\t\t\t\t<div class=\"elementor-element elementor-element-143275f elementor-align-center elementor-widget elementor-widget-global elementor-global-3257 elementor-widget-button\" data-id=\"143275f\" data-element_type=\"widget\" data-e-type=\"widget\" data-widget_type=\"button.default\">\n\t\t\t\t<div class=\"elementor-widget-container\">\n\t\t\t\t\t\t\t\t\t<div class=\"elementor-button-wrapper\">\n\t\t\t\t\t<a class=\"elementor-button elementor-button-link elementor-size-sm\" href=\"http:\/\/eepurl.com\/hS6yxL\">\n\t\t\t\t\t\t<span class=\"elementor-button-content-wrapper\">\n\t\t\t\t\t\t\t\t\t<span class=\"elementor-button-text\">REG\u00cdSTRATE A NUESTRA NEWSLETTER<\/span>\n\t\t\t\t\t<\/span>\n\t\t\t\t\t<\/a>\n\t\t\t\t<\/div>\n\t\t\t\t\t\t\t\t<\/div>\n\t\t\t\t<\/div>\n\t\t\t\t\t<\/div>\n\t\t<\/div>\n\t\t\t\t\t<\/div>\n\t\t<\/section>\n\t\t\t\t<section class=\"elementor-section elementor-top-section elementor-element elementor-element-370ecd0 elementor-section-full_width elementor-section-stretched elementor-section-height-default elementor-section-height-default\" data-id=\"370ecd0\" data-element_type=\"section\" data-e-type=\"section\" id=\"06\" data-settings=\"{&quot;stretch_section&quot;:&quot;section-stretched&quot;}\">\n\t\t\t\t\t\t<div class=\"elementor-container elementor-column-gap-default\">\n\t\t\t\t\t<div class=\"elementor-column elementor-col-100 elementor-top-column elementor-element elementor-element-2dd25fa\" data-id=\"2dd25fa\" data-element_type=\"column\" data-e-type=\"column\">\n\t\t\t<div class=\"elementor-widget-wrap elementor-element-populated\">\n\t\t\t\t\t\t<section class=\"elementor-section elementor-inner-section elementor-element elementor-element-92642b1 elementor-section-boxed elementor-section-height-default elementor-section-height-default\" data-id=\"92642b1\" data-element_type=\"section\" data-e-type=\"section\">\n\t\t\t\t\t\t<div class=\"elementor-container elementor-column-gap-default\">\n\t\t\t\t\t<div class=\"elementor-column elementor-col-100 elementor-inner-column elementor-element elementor-element-45f00df\" data-id=\"45f00df\" data-element_type=\"column\" data-e-type=\"column\">\n\t\t\t<div class=\"elementor-widget-wrap elementor-element-populated\">\n\t\t\t\t\t\t<div class=\"elementor-element elementor-element-a996eea elementor-absolute img-punt elementor-widget__width-initial elementor-widget elementor-widget-image\" data-id=\"a996eea\" data-element_type=\"widget\" data-e-type=\"widget\" data-settings=\"{&quot;_position&quot;:&quot;absolute&quot;}\" data-widget_type=\"image.default\">\n\t\t\t\t<div class=\"elementor-widget-container\">\n\t\t\t\t\t\t\t\t\t\t\t\t\t\t\t<img loading=\"lazy\" decoding=\"async\" width=\"57\" height=\"57\" src=\"https:\/\/www.vision-clinic.es\/wp-content\/uploads\/2021\/11\/Group-125.png\" class=\"attachment-full size-full wp-image-9773\" alt=\"\" style=\"width:100%;height:100%;max-width:57px\" \/>\t\t\t\t\t\t\t\t\t\t\t\t\t\t\t<\/div>\n\t\t\t\t<\/div>\n\t\t\t\t<div class=\"elementor-element elementor-element-d55f9d3 center-align elementor-widget__width-initial elementor-widget-mobile__width-initial elementor-widget elementor-widget-heading\" data-id=\"d55f9d3\" data-element_type=\"widget\" data-e-type=\"widget\" data-widget_type=\"heading.default\">\n\t\t\t\t<div class=\"elementor-widget-container\">\n\t\t\t\t\t<h2 class=\"elementor-heading-title elementor-size-default\">VISI\u00d5N<b>BLOG<\/b><\/h2>\t\t\t\t<\/div>\n\t\t\t\t<\/div>\n\t\t\t\t<div class=\"elementor-element elementor-element-111e644 elementor-posts__hover-none elementor-grid-3 elementor-grid-tablet-2 elementor-grid-mobile-1 elementor-posts--thumbnail-top elementor-widget elementor-widget-posts\" data-id=\"111e644\" data-element_type=\"widget\" data-e-type=\"widget\" data-settings=\"{&quot;cards_masonry&quot;:&quot;yes&quot;,&quot;cards_columns&quot;:&quot;3&quot;,&quot;cards_columns_tablet&quot;:&quot;2&quot;,&quot;cards_columns_mobile&quot;:&quot;1&quot;,&quot;cards_row_gap&quot;:{&quot;unit&quot;:&quot;px&quot;,&quot;size&quot;:35,&quot;sizes&quot;:[]},&quot;cards_row_gap_tablet&quot;:{&quot;unit&quot;:&quot;px&quot;,&quot;size&quot;:&quot;&quot;,&quot;sizes&quot;:[]},&quot;cards_row_gap_mobile&quot;:{&quot;unit&quot;:&quot;px&quot;,&quot;size&quot;:&quot;&quot;,&quot;sizes&quot;:[]}}\" data-widget_type=\"posts.cards\">\n\t\t\t\t<div class=\"elementor-widget-container\">\n\t\t\t\t\t\t\t<div class=\"elementor-posts-container elementor-posts elementor-posts--skin-cards elementor-grid\" role=\"list\">\n\t\t\t\t<article class=\"elementor-post elementor-grid-item post-14645 post type-post status-publish format-standard has-post-thumbnail hentry category-cornia tag-cirurgia-de-cornia-avancada tag-distrofia-de-fuchs-tractament tag-queratoplastia-endotelial-dmek tag-tipus-de-trasplantament-de-cornia tag-trasplantament-de-cornia-recuperacio autores-dr-josep-torras tipo_de_blog-visionblog entry\" role=\"listitem\">\n\t\t\t<div class=\"elementor-post__card\">\n\t\t\t\t<a class=\"elementor-post__thumbnail__link\" href=\"https:\/\/www.vision-clinic.es\/ca\/trasplantament-de-cornia-endotelial-no-tots-els-trasplantaments-son-iguals\/\" tabindex=\"-1\" ><div class=\"elementor-post__thumbnail\"><img loading=\"lazy\" decoding=\"async\" width=\"1920\" height=\"1529\" src=\"https:\/\/www.vision-clinic.es\/wp-content\/uploads\/2026\/04\/Captura-de-pantalla-2026-04-14-a-les-13.44.03.jpg\" class=\"attachment-full size-full wp-image-14638\" alt=\"\" srcset=\"https:\/\/www.vision-clinic.es\/wp-content\/uploads\/2026\/04\/Captura-de-pantalla-2026-04-14-a-les-13.44.03.jpg 1920w, https:\/\/www.vision-clinic.es\/wp-content\/uploads\/2026\/04\/Captura-de-pantalla-2026-04-14-a-les-13.44.03-300x239.jpg 300w, https:\/\/www.vision-clinic.es\/wp-content\/uploads\/2026\/04\/Captura-de-pantalla-2026-04-14-a-les-13.44.03-1024x815.jpg 1024w, https:\/\/www.vision-clinic.es\/wp-content\/uploads\/2026\/04\/Captura-de-pantalla-2026-04-14-a-les-13.44.03-768x612.jpg 768w, https:\/\/www.vision-clinic.es\/wp-content\/uploads\/2026\/04\/Captura-de-pantalla-2026-04-14-a-les-13.44.03-1536x1223.jpg 1536w, https:\/\/www.vision-clinic.es\/wp-content\/uploads\/2026\/04\/Captura-de-pantalla-2026-04-14-a-les-13.44.03-1568x1249.jpg 1568w\" sizes=\"(max-width: 1920px) 100vw, 1920px\" style=\"width:100%;height:79.64%;max-width:1920px;\" \/><\/div><\/a>\n\t\t\t\t<div class=\"elementor-post__badge\">C\u00f2rnia<\/div>\n\t\t\t\t<div class=\"elementor-post__text\">\n\t\t\t\t<h2 class=\"elementor-post__title\">\n\t\t\t<a href=\"https:\/\/www.vision-clinic.es\/ca\/trasplantament-de-cornia-endotelial-no-tots-els-trasplantaments-son-iguals\/\" >\n\t\t\t\tTrasplantament de c\u00f2rnia endotelial: \u00bfo pensaves que tots eren iguals?\t\t\t<\/a>\n\t\t<\/h2>\n\t\t\t\t<div class=\"elementor-post__excerpt\">\n\t\t\t<p>Encara hi ha qui creu que tots els trasplantaments de c\u00f2rnia s\u00f3n iguals. No ho s\u00f3n. La queratopl\u00e0stia endotelial permet substituir nom\u00e9s la capa danyada, millorant la recuperaci\u00f3, especialment en patologies com la distr\u00f2fia de Fuchs. Com destaca el Dr. Josep Torras, escollir la t\u00e8cnica adequada \u00e9s clau per al resultat i la qualitat de vida del pacient.   <\/p>\n\t\t<\/div>\n\t\t\n\t\t<a class=\"elementor-post__read-more\" href=\"https:\/\/www.vision-clinic.es\/ca\/trasplantament-de-cornia-endotelial-no-tots-els-trasplantaments-son-iguals\/\" aria-label=\"Read more about Trasplantament de c\u00f2rnia endotelial: \u00bfo pensaves que tots eren iguals?\" tabindex=\"-1\" >\n\t\t\tLLEGIR M\u00c9S \u00bb\t\t<\/a>\n\n\t\t\t\t<\/div>\n\t\t\t\t\t<\/div>\n\t\t<\/article>\n\t\t\t\t<article class=\"elementor-post elementor-grid-item post-14613 post type-post status-publish format-standard has-post-thumbnail hentry category-retina-ca tag-alfredo-adan-ca tag-cirurgia-ocular tag-oftalmologia-ca tag-retina-ca autores-dr-alfredo-adan tipo_de_blog-visionblog entry\" role=\"listitem\">\n\t\t\t<div class=\"elementor-post__card\">\n\t\t\t\t<a class=\"elementor-post__thumbnail__link\" href=\"https:\/\/www.vision-clinic.es\/ca\/cirurgia-ocular-per-que-es-clau-escollir-be-lespecialista\/\" tabindex=\"-1\" ><div class=\"elementor-post__thumbnail\"><img loading=\"lazy\" decoding=\"async\" width=\"1920\" height=\"1530\" src=\"https:\/\/www.vision-clinic.es\/wp-content\/uploads\/2026\/04\/Captura-de-pantalla-2026-04-06-a-les-16.42.13.jpg\" class=\"attachment-full size-full wp-image-14607\" alt=\"\" srcset=\"https:\/\/www.vision-clinic.es\/wp-content\/uploads\/2026\/04\/Captura-de-pantalla-2026-04-06-a-les-16.42.13.jpg 1920w, https:\/\/www.vision-clinic.es\/wp-content\/uploads\/2026\/04\/Captura-de-pantalla-2026-04-06-a-les-16.42.13-300x239.jpg 300w, https:\/\/www.vision-clinic.es\/wp-content\/uploads\/2026\/04\/Captura-de-pantalla-2026-04-06-a-les-16.42.13-1024x816.jpg 1024w, https:\/\/www.vision-clinic.es\/wp-content\/uploads\/2026\/04\/Captura-de-pantalla-2026-04-06-a-les-16.42.13-768x612.jpg 768w, https:\/\/www.vision-clinic.es\/wp-content\/uploads\/2026\/04\/Captura-de-pantalla-2026-04-06-a-les-16.42.13-1536x1224.jpg 1536w, https:\/\/www.vision-clinic.es\/wp-content\/uploads\/2026\/04\/Captura-de-pantalla-2026-04-06-a-les-16.42.13-1568x1250.jpg 1568w\" sizes=\"(max-width: 1920px) 100vw, 1920px\" style=\"width:100%;height:79.69%;max-width:1920px;\" \/><\/div><\/a>\n\t\t\t\t<div class=\"elementor-post__badge\">Retina<\/div>\n\t\t\t\t<div class=\"elementor-post__text\">\n\t\t\t\t<h2 class=\"elementor-post__title\">\n\t\t\t<a href=\"https:\/\/www.vision-clinic.es\/ca\/cirurgia-ocular-per-que-es-clau-escollir-be-lespecialista\/\" >\n\t\t\t\tCirurgia ocular: per qu\u00e8 \u00e9s clau escollir b\u00e9 l\u2019especialista\t\t\t<\/a>\n\t\t<\/h2>\n\t\t\t\t<div class=\"elementor-post__excerpt\">\n\t\t\t<p>La cirurgia oftalmol\u00f2gica ha avan\u00e7at tant que avui pot semblar r\u00e0pida i senzilla. Per\u00f2 darrere de cada intervenci\u00f3 hi ha decisions clau que poden marcar el resultat\u2026 i la teva visi\u00f3 per sempre. \u201cPensar que qualsevol cirurgia oftalmol\u00f2gica \u00e9s senzilla i la pot fer qualsevol \u00e9s un error\u201d, adverteix Alfredo Ad\u00e1n.  <\/p>\n\t\t<\/div>\n\t\t\n\t\t<a class=\"elementor-post__read-more\" href=\"https:\/\/www.vision-clinic.es\/ca\/cirurgia-ocular-per-que-es-clau-escollir-be-lespecialista\/\" aria-label=\"Read more about Cirurgia ocular: per qu\u00e8 \u00e9s clau escollir b\u00e9 l\u2019especialista\" tabindex=\"-1\" >\n\t\t\tLLEGIR M\u00c9S \u00bb\t\t<\/a>\n\n\t\t\t\t<\/div>\n\t\t\t\t\t<\/div>\n\t\t<\/article>\n\t\t\t\t<article class=\"elementor-post elementor-grid-item post-14590 post type-post status-publish format-standard has-post-thumbnail hentry category-investigacio tag-dmae tag-macula-ca tag-presio-arterial-o-presio-ocular tag-retina-ca tag-tractament-de-la-retina autores-dra-anna-sala tipo_de_blog-visionblog entry\" role=\"listitem\">\n\t\t\t<div class=\"elementor-post__card\">\n\t\t\t\t<a class=\"elementor-post__thumbnail__link\" href=\"https:\/\/www.vision-clinic.es\/ca\/a-qui-confiaries-la-teva-visio-a-qui-aplica-levidencia-o-a-qui-la-lidera\/\" tabindex=\"-1\" ><div class=\"elementor-post__thumbnail\"><img loading=\"lazy\" decoding=\"async\" width=\"1440\" height=\"960\" src=\"https:\/\/www.vision-clinic.es\/wp-content\/uploads\/2026\/03\/serv-sala.jpg\" class=\"attachment-full size-full wp-image-14451\" alt=\"\" srcset=\"https:\/\/www.vision-clinic.es\/wp-content\/uploads\/2026\/03\/serv-sala.jpg 1440w, https:\/\/www.vision-clinic.es\/wp-content\/uploads\/2026\/03\/serv-sala-300x200.jpg 300w, https:\/\/www.vision-clinic.es\/wp-content\/uploads\/2026\/03\/serv-sala-1024x683.jpg 1024w, https:\/\/www.vision-clinic.es\/wp-content\/uploads\/2026\/03\/serv-sala-768x512.jpg 768w\" sizes=\"(max-width: 1440px) 100vw, 1440px\" style=\"width:100%;height:66.67%;max-width:1440px;\" \/><\/div><\/a>\n\t\t\t\t<div class=\"elementor-post__badge\">Investigaci\u00f3<\/div>\n\t\t\t\t<div class=\"elementor-post__text\">\n\t\t\t\t<h2 class=\"elementor-post__title\">\n\t\t\t<a href=\"https:\/\/www.vision-clinic.es\/ca\/a-qui-confiaries-la-teva-visio-a-qui-aplica-levidencia-o-a-qui-la-lidera\/\" >\n\t\t\t\tA qui confiaries la teva visi\u00f3: a qui aplica l\u2019evid\u00e8ncia\u2026 o a qui la lidera?\t\t\t<\/a>\n\t\t<\/h2>\n\t\t\t\t<div class=\"elementor-post__excerpt\">\n\t\t\t<p>Confiar la teva visi\u00f3 a qui lidera l\u2019evid\u00e8ncia cient\u00edfica aporta una tranquil\u00b7litat dif\u00edcil d\u2019explicar. La Dra. Anna Sala-Puigdollers, especialista en retina de Visionclinic, ha participat en el 29\u00e8 Congr\u00e9s de la Societat Espanyola de Retina i Vitri (SERV), una de les trobades cient\u00edfiques m\u00e9s rellevants en oftalmologia a Espanya.<\/p>\n\t\t<\/div>\n\t\t\n\t\t<a class=\"elementor-post__read-more\" href=\"https:\/\/www.vision-clinic.es\/ca\/a-qui-confiaries-la-teva-visio-a-qui-aplica-levidencia-o-a-qui-la-lidera\/\" aria-label=\"Read more about A qui confiaries la teva visi\u00f3: a qui aplica l\u2019evid\u00e8ncia\u2026 o a qui la lidera?\" tabindex=\"-1\" >\n\t\t\tLLEGIR M\u00c9S \u00bb\t\t<\/a>\n\n\t\t\t\t<\/div>\n\t\t\t\t\t<\/div>\n\t\t<\/article>\n\t\t\t\t<\/div>\n\t\t\n\t\t\t\t\t\t<\/div>\n\t\t\t\t<\/div>\n\t\t\t\t\t<\/div>\n\t\t<\/div>\n\t\t\t\t\t<\/div>\n\t\t<\/section>\n\t\t\t\t\t<\/div>\n\t\t<\/div>\n\t\t\t\t\t<\/div>\n\t\t<\/section>\n\t\t\t\t<section class=\"elementor-section elementor-top-section elementor-element elementor-element-6d0725a elementor-section-stretched elementor-section-boxed elementor-section-height-default elementor-section-height-default\" data-id=\"6d0725a\" data-element_type=\"section\" data-e-type=\"section\" id=\"07\" data-settings=\"{&quot;stretch_section&quot;:&quot;section-stretched&quot;}\">\n\t\t\t\t\t\t<div class=\"elementor-container elementor-column-gap-default\">\n\t\t\t\t\t<div class=\"elementor-column elementor-col-100 elementor-top-column elementor-element elementor-element-0d26031\" data-id=\"0d26031\" data-element_type=\"column\" data-e-type=\"column\">\n\t\t\t<div class=\"elementor-widget-wrap elementor-element-populated\">\n\t\t\t\t\t\t<div class=\"elementor-element elementor-element-cb1e515 elementor-widget-divider--view-line elementor-widget elementor-widget-divider\" data-id=\"cb1e515\" data-element_type=\"widget\" data-e-type=\"widget\" data-widget_type=\"divider.default\">\n\t\t\t\t<div class=\"elementor-widget-container\">\n\t\t\t\t\t\t\t<div class=\"elementor-divider\">\n\t\t\t<span class=\"elementor-divider-separator\">\n\t\t\t\t\t\t<\/span>\n\t\t<\/div>\n\t\t\t\t\t\t<\/div>\n\t\t\t\t<\/div>\n\t\t\t\t<section class=\"elementor-section elementor-inner-section elementor-element elementor-element-54378b2 elementor-section-boxed elementor-section-height-default elementor-section-height-default\" data-id=\"54378b2\" data-element_type=\"section\" data-e-type=\"section\">\n\t\t\t\t\t\t<div class=\"elementor-container elementor-column-gap-default\">\n\t\t\t\t\t<div class=\"elementor-column elementor-col-100 elementor-inner-column elementor-element elementor-element-785ee5c\" data-id=\"785ee5c\" data-element_type=\"column\" data-e-type=\"column\">\n\t\t\t<div class=\"elementor-widget-wrap elementor-element-populated\">\n\t\t\t\t\t\t<div class=\"elementor-element elementor-element-259b1e1 elementor-absolute img-punt elementor-widget__width-initial elementor-widget elementor-widget-image\" data-id=\"259b1e1\" data-element_type=\"widget\" data-e-type=\"widget\" data-settings=\"{&quot;_position&quot;:&quot;absolute&quot;}\" data-widget_type=\"image.default\">\n\t\t\t\t<div class=\"elementor-widget-container\">\n\t\t\t\t\t\t\t\t\t\t\t\t\t\t\t<img loading=\"lazy\" decoding=\"async\" width=\"57\" height=\"57\" src=\"https:\/\/www.vision-clinic.es\/wp-content\/uploads\/2021\/11\/Group-121.png\" class=\"attachment-full size-full wp-image-9766\" alt=\"\" style=\"width:100%;height:100%;max-width:57px\" \/>\t\t\t\t\t\t\t\t\t\t\t\t\t\t\t<\/div>\n\t\t\t\t<\/div>\n\t\t\t\t<div class=\"elementor-element elementor-element-800dedb center-align elementor-widget__width-initial elementor-widget-mobile__width-initial elementor-widget elementor-widget-heading\" data-id=\"800dedb\" data-element_type=\"widget\" data-e-type=\"widget\" data-widget_type=\"heading.default\">\n\t\t\t\t<div class=\"elementor-widget-container\">\n\t\t\t\t\t<h2 class=\"elementor-heading-title elementor-size-default\">EXPERTS EN <b>NEUROOFTALMOLOGIA<\/b><\/h2>\t\t\t\t<\/div>\n\t\t\t\t<\/div>\n\t\t\t\t\t<\/div>\n\t\t<\/div>\n\t\t\t\t\t<\/div>\n\t\t<\/section>\n\t\t\t\t<section class=\"elementor-section elementor-inner-section elementor-element elementor-element-9404926 elementor-section-boxed elementor-section-height-default elementor-section-height-default\" data-id=\"9404926\" data-element_type=\"section\" data-e-type=\"section\">\n\t\t\t\t\t\t<div class=\"elementor-container elementor-column-gap-default\">\n\t\t\t\t\t<div class=\"elementor-column elementor-col-33 elementor-inner-column elementor-element elementor-element-39cf925\" data-id=\"39cf925\" data-element_type=\"column\" data-e-type=\"column\">\n\t\t\t<div class=\"elementor-widget-wrap elementor-element-populated\">\n\t\t\t\t\t\t<div class=\"elementor-element elementor-element-ceaf04c elementor-position-left elementor-vertical-align-middle elementor-widget elementor-widget-image-box\" data-id=\"ceaf04c\" data-element_type=\"widget\" data-e-type=\"widget\" data-widget_type=\"image-box.default\">\n\t\t\t\t<div class=\"elementor-widget-container\">\n\t\t\t\t\t<div class=\"elementor-image-box-wrapper\"><figure class=\"elementor-image-box-img\"><a href=\"https:\/\/www.barnaclinic.com\/es\/cuadro-medico\/259\/bernardo\" tabindex=\"-1\"><img loading=\"lazy\" decoding=\"async\" width=\"200\" height=\"202\" src=\"https:\/\/www.vision-clinic.es\/wp-content\/uploads\/2022\/02\/Bernardo-Sanchez-Dalmau-02-e1647425568494.png\" class=\"attachment-full size-full wp-image-9943\" alt=\"Bernardo S\u00e1nchez Dalmau\" style=\"width:100%;height:101%;max-width:200px\" \/><\/a><\/figure><div class=\"elementor-image-box-content\"><h3 class=\"elementor-image-box-title\"><a href=\"https:\/\/www.barnaclinic.com\/es\/cuadro-medico\/259\/bernardo\">Dr. Bernardo S\u00e1nchez Dalmau<\/a><\/h3><\/div><\/div>\t\t\t\t<\/div>\n\t\t\t\t<\/div>\n\t\t\t\t\t<\/div>\n\t\t<\/div>\n\t\t\t\t<div class=\"elementor-column elementor-col-33 elementor-inner-column elementor-element elementor-element-3cd93f9\" data-id=\"3cd93f9\" data-element_type=\"column\" data-e-type=\"column\">\n\t\t\t<div class=\"elementor-widget-wrap\">\n\t\t\t\t\t\t\t<\/div>\n\t\t<\/div>\n\t\t\t\t<div class=\"elementor-column elementor-col-33 elementor-inner-column elementor-element elementor-element-c271fc6\" data-id=\"c271fc6\" data-element_type=\"column\" data-e-type=\"column\">\n\t\t\t<div class=\"elementor-widget-wrap\">\n\t\t\t\t\t\t\t<\/div>\n\t\t<\/div>\n\t\t\t\t\t<\/div>\n\t\t<\/section>\n\t\t\t\t\t<\/div>\n\t\t<\/div>\n\t\t\t\t\t<\/div>\n\t\t<\/section>\n\t\t\t\t<\/div>\n\t\t","protected":false},"excerpt":{"rendered":"<p>EL VAL\u00d5R DE VEURE-HI B\u00c9 NEUROOFTALMOLOGIA Hi ha diferents problemes neuronals i cerebrals que es manifesten de manera visual. La disfunci\u00f3 d&#8217;alguns nervis cranials pot afectar l&#8217;ull, la pupil\u00b7la, el nervi \u00f2ptic o els m\u00fasculs extraoculars. D&#8217;aquesta interconnexi\u00f3 entre el cervell i la vista sorgeix la Neurooftalmologia, una subespecialitat m\u00e8dica que s&#8217;encarrega de l&#8217;estudi de&hellip; <a class=\"more-link\" href=\"https:\/\/www.vision-clinic.es\/ca\/a-qui-confiaries-la-teva-visio-a-qui-aplica-levidencia-o-a-qui-la-lidera\/\">Continueu llegint <span class=\"screen-reader-text\">A qui confiaries la teva visi\u00f3: a qui aplica l\u2019evid\u00e8ncia\u2026 o a qui la lidera?<\/span><\/a><\/p>\n","protected":false},"author":1,"featured_media":0,"parent":0,"menu_order":0,"comment_status":"closed","ping_status":"closed","template":"","meta":{"_acf_changed":false,"footnotes":""},"class_list":["post-10170","page","type-page","status-publish","hentry","entry"],"acf":[],"yoast_head":"<!-- This site is optimized with the Yoast SEO plugin v27.4 - https:\/\/yoast.com\/product\/yoast-seo-wordpress\/ -->\n<title>Neurooftalmologia - visi\u00f5ncl\u00ednic<\/title>\n<meta name=\"description\" content=\"La neurooftalmologia s&#039;encarrega de l&#039;estudi de les alteracions de la visi\u00f3 secund\u00e0ries a patologies del sistema nervi\u00f3s.\" \/>\n<meta name=\"robots\" content=\"index, follow, max-snippet:-1, max-image-preview:large, max-video-preview:-1\" \/>\n<link rel=\"canonical\" href=\"https:\/\/www.vision-clinic.es\/ca\/neurooftalmologia\/\" \/>\n<meta property=\"og:locale\" content=\"ca_ES\" \/>\n<meta property=\"og:type\" content=\"article\" \/>\n<meta property=\"og:title\" content=\"Neurooftalmologia - visi\u00f5ncl\u00ednic\" \/>\n<meta property=\"og:description\" content=\"La neurooftalmologia s&#039;encarrega de l&#039;estudi de les alteracions de la visi\u00f3 secund\u00e0ries a patologies del sistema nervi\u00f3s.\" \/>\n<meta property=\"og:url\" content=\"https:\/\/www.vision-clinic.es\/ca\/neurooftalmologia\/\" \/>\n<meta property=\"og:site_name\" content=\"visi\u00f5ncl\u00ednic\" \/>\n<meta property=\"article:modified_time\" content=\"2024-06-07T15:16:07+00:00\" \/>\n<meta property=\"og:image\" content=\"https:\/\/www.vision-clinic.es\/wp-content\/uploads\/2021\/12\/Rectangle-57-ok-1.png\" \/>\n<meta name=\"twitter:card\" content=\"summary_large_image\" \/>\n<meta name=\"twitter:label1\" content=\"Temps estimat de lectura\" \/>\n\t<meta name=\"twitter:data1\" content=\"18 minuts\" \/>\n<script type=\"application\/ld+json\" class=\"yoast-schema-graph\">{\"@context\":\"https:\\\/\\\/schema.org\",\"@graph\":[{\"@type\":\"WebPage\",\"@id\":\"https:\\\/\\\/www.vision-clinic.es\\\/ca\\\/neurooftalmologia\\\/\",\"url\":\"https:\\\/\\\/www.vision-clinic.es\\\/ca\\\/neurooftalmologia\\\/\",\"name\":\"Neurooftalmologia - visi\u00f5ncl\u00ednic\",\"isPartOf\":{\"@id\":\"https:\\\/\\\/www.vision-clinic.es\\\/#website\"},\"primaryImageOfPage\":{\"@id\":\"https:\\\/\\\/www.vision-clinic.es\\\/ca\\\/neurooftalmologia\\\/#primaryimage\"},\"image\":{\"@id\":\"https:\\\/\\\/www.vision-clinic.es\\\/ca\\\/neurooftalmologia\\\/#primaryimage\"},\"thumbnailUrl\":\"https:\\\/\\\/www.vision-clinic.es\\\/wp-content\\\/uploads\\\/2021\\\/12\\\/Rectangle-57-ok-1.png\",\"datePublished\":\"2022-03-03T14:55:58+00:00\",\"dateModified\":\"2024-06-07T15:16:07+00:00\",\"description\":\"La neurooftalmologia s'encarrega de l'estudi de les alteracions de la visi\u00f3 secund\u00e0ries a patologies del sistema nervi\u00f3s.\",\"breadcrumb\":{\"@id\":\"https:\\\/\\\/www.vision-clinic.es\\\/ca\\\/neurooftalmologia\\\/#breadcrumb\"},\"inLanguage\":\"ca\",\"potentialAction\":[{\"@type\":\"ReadAction\",\"target\":[\"https:\\\/\\\/www.vision-clinic.es\\\/ca\\\/neurooftalmologia\\\/\"]}]},{\"@type\":\"ImageObject\",\"inLanguage\":\"ca\",\"@id\":\"https:\\\/\\\/www.vision-clinic.es\\\/ca\\\/neurooftalmologia\\\/#primaryimage\",\"url\":\"https:\\\/\\\/www.vision-clinic.es\\\/wp-content\\\/uploads\\\/2021\\\/12\\\/Rectangle-57-ok-1.png\",\"contentUrl\":\"https:\\\/\\\/www.vision-clinic.es\\\/wp-content\\\/uploads\\\/2021\\\/12\\\/Rectangle-57-ok-1.png\"},{\"@type\":\"BreadcrumbList\",\"@id\":\"https:\\\/\\\/www.vision-clinic.es\\\/ca\\\/neurooftalmologia\\\/#breadcrumb\",\"itemListElement\":[{\"@type\":\"ListItem\",\"position\":1,\"name\":\"Portada\",\"item\":\"https:\\\/\\\/www.vision-clinic.es\\\/\"},{\"@type\":\"ListItem\",\"position\":2,\"name\":\"Neurooftalmologia\"}]},{\"@type\":\"WebSite\",\"@id\":\"https:\\\/\\\/www.vision-clinic.es\\\/#website\",\"url\":\"https:\\\/\\\/www.vision-clinic.es\\\/\",\"name\":\"visi\u00f5ncl\u00ednic\",\"description\":\"Cl\u00ednica oftalmol\u00f3gica de barnacl\u00ednic+ y Cl\u00ednicas Mi |\u00a0El val\u00f5r de ver bi\u00e9n\",\"publisher\":{\"@id\":\"https:\\\/\\\/www.vision-clinic.es\\\/#organization\"},\"potentialAction\":[{\"@type\":\"SearchAction\",\"target\":{\"@type\":\"EntryPoint\",\"urlTemplate\":\"https:\\\/\\\/www.vision-clinic.es\\\/?s={search_term_string}\"},\"query-input\":{\"@type\":\"PropertyValueSpecification\",\"valueRequired\":true,\"valueName\":\"search_term_string\"}}],\"inLanguage\":\"ca\"},{\"@type\":\"Organization\",\"@id\":\"https:\\\/\\\/www.vision-clinic.es\\\/#organization\",\"name\":\"visi\u00f5ncl\u00ednic\",\"url\":\"https:\\\/\\\/www.vision-clinic.es\\\/\",\"logo\":{\"@type\":\"ImageObject\",\"inLanguage\":\"ca\",\"@id\":\"https:\\\/\\\/www.vision-clinic.es\\\/#\\\/schema\\\/logo\\\/image\\\/\",\"url\":\"https:\\\/\\\/www.vision-clinic.es\\\/wp-content\\\/uploads\\\/2021\\\/10\\\/logo-web-visionclinic-cob.png\",\"contentUrl\":\"https:\\\/\\\/www.vision-clinic.es\\\/wp-content\\\/uploads\\\/2021\\\/10\\\/logo-web-visionclinic-cob.png\",\"width\":395,\"height\":100,\"caption\":\"visi\u00f5ncl\u00ednic\"},\"image\":{\"@id\":\"https:\\\/\\\/www.vision-clinic.es\\\/#\\\/schema\\\/logo\\\/image\\\/\"}}]}<\/script>\n<!-- \/ Yoast SEO plugin. -->","yoast_head_json":{"title":"Neurooftalmologia - visi\u00f5ncl\u00ednic","description":"La neurooftalmologia s'encarrega de l'estudi de les alteracions de la visi\u00f3 secund\u00e0ries a patologies del sistema nervi\u00f3s.","robots":{"index":"index","follow":"follow","max-snippet":"max-snippet:-1","max-image-preview":"max-image-preview:large","max-video-preview":"max-video-preview:-1"},"canonical":"https:\/\/www.vision-clinic.es\/ca\/neurooftalmologia\/","og_locale":"ca_ES","og_type":"article","og_title":"Neurooftalmologia - visi\u00f5ncl\u00ednic","og_description":"La neurooftalmologia s'encarrega de l'estudi de les alteracions de la visi\u00f3 secund\u00e0ries a patologies del sistema nervi\u00f3s.","og_url":"https:\/\/www.vision-clinic.es\/ca\/neurooftalmologia\/","og_site_name":"visi\u00f5ncl\u00ednic","article_modified_time":"2024-06-07T15:16:07+00:00","og_image":[{"url":"https:\/\/www.vision-clinic.es\/wp-content\/uploads\/2021\/12\/Rectangle-57-ok-1.png","type":"","width":"","height":""}],"twitter_card":"summary_large_image","twitter_misc":{"Temps estimat de lectura":"18 minuts"},"schema":{"@context":"https:\/\/schema.org","@graph":[{"@type":"WebPage","@id":"https:\/\/www.vision-clinic.es\/ca\/neurooftalmologia\/","url":"https:\/\/www.vision-clinic.es\/ca\/neurooftalmologia\/","name":"Neurooftalmologia - visi\u00f5ncl\u00ednic","isPartOf":{"@id":"https:\/\/www.vision-clinic.es\/#website"},"primaryImageOfPage":{"@id":"https:\/\/www.vision-clinic.es\/ca\/neurooftalmologia\/#primaryimage"},"image":{"@id":"https:\/\/www.vision-clinic.es\/ca\/neurooftalmologia\/#primaryimage"},"thumbnailUrl":"https:\/\/www.vision-clinic.es\/wp-content\/uploads\/2021\/12\/Rectangle-57-ok-1.png","datePublished":"2022-03-03T14:55:58+00:00","dateModified":"2024-06-07T15:16:07+00:00","description":"La neurooftalmologia s'encarrega de l'estudi de les alteracions de la visi\u00f3 secund\u00e0ries a patologies del sistema nervi\u00f3s.","breadcrumb":{"@id":"https:\/\/www.vision-clinic.es\/ca\/neurooftalmologia\/#breadcrumb"},"inLanguage":"ca","potentialAction":[{"@type":"ReadAction","target":["https:\/\/www.vision-clinic.es\/ca\/neurooftalmologia\/"]}]},{"@type":"ImageObject","inLanguage":"ca","@id":"https:\/\/www.vision-clinic.es\/ca\/neurooftalmologia\/#primaryimage","url":"https:\/\/www.vision-clinic.es\/wp-content\/uploads\/2021\/12\/Rectangle-57-ok-1.png","contentUrl":"https:\/\/www.vision-clinic.es\/wp-content\/uploads\/2021\/12\/Rectangle-57-ok-1.png"},{"@type":"BreadcrumbList","@id":"https:\/\/www.vision-clinic.es\/ca\/neurooftalmologia\/#breadcrumb","itemListElement":[{"@type":"ListItem","position":1,"name":"Portada","item":"https:\/\/www.vision-clinic.es\/"},{"@type":"ListItem","position":2,"name":"Neurooftalmologia"}]},{"@type":"WebSite","@id":"https:\/\/www.vision-clinic.es\/#website","url":"https:\/\/www.vision-clinic.es\/","name":"visi\u00f5ncl\u00ednic","description":"Cl\u00ednica oftalmol\u00f3gica de barnacl\u00ednic+ y Cl\u00ednicas Mi |\u00a0El val\u00f5r de ver bi\u00e9n","publisher":{"@id":"https:\/\/www.vision-clinic.es\/#organization"},"potentialAction":[{"@type":"SearchAction","target":{"@type":"EntryPoint","urlTemplate":"https:\/\/www.vision-clinic.es\/?s={search_term_string}"},"query-input":{"@type":"PropertyValueSpecification","valueRequired":true,"valueName":"search_term_string"}}],"inLanguage":"ca"},{"@type":"Organization","@id":"https:\/\/www.vision-clinic.es\/#organization","name":"visi\u00f5ncl\u00ednic","url":"https:\/\/www.vision-clinic.es\/","logo":{"@type":"ImageObject","inLanguage":"ca","@id":"https:\/\/www.vision-clinic.es\/#\/schema\/logo\/image\/","url":"https:\/\/www.vision-clinic.es\/wp-content\/uploads\/2021\/10\/logo-web-visionclinic-cob.png","contentUrl":"https:\/\/www.vision-clinic.es\/wp-content\/uploads\/2021\/10\/logo-web-visionclinic-cob.png","width":395,"height":100,"caption":"visi\u00f5ncl\u00ednic"},"image":{"@id":"https:\/\/www.vision-clinic.es\/#\/schema\/logo\/image\/"}}]}},"_links":{"self":[{"href":"https:\/\/www.vision-clinic.es\/ca\/wp-json\/wp\/v2\/pages\/10170","targetHints":{"allow":["GET"]}}],"collection":[{"href":"https:\/\/www.vision-clinic.es\/ca\/wp-json\/wp\/v2\/pages"}],"about":[{"href":"https:\/\/www.vision-clinic.es\/ca\/wp-json\/wp\/v2\/types\/page"}],"author":[{"embeddable":true,"href":"https:\/\/www.vision-clinic.es\/ca\/wp-json\/wp\/v2\/users\/1"}],"replies":[{"embeddable":true,"href":"https:\/\/www.vision-clinic.es\/ca\/wp-json\/wp\/v2\/comments?post=10170"}],"version-history":[{"count":11,"href":"https:\/\/www.vision-clinic.es\/ca\/wp-json\/wp\/v2\/pages\/10170\/revisions"}],"predecessor-version":[{"id":13320,"href":"https:\/\/www.vision-clinic.es\/ca\/wp-json\/wp\/v2\/pages\/10170\/revisions\/13320"}],"wp:attachment":[{"href":"https:\/\/www.vision-clinic.es\/ca\/wp-json\/wp\/v2\/media?parent=10170"}],"curies":[{"name":"wp","href":"https:\/\/api.w.org\/{rel}","templated":true}]}}